{"id":1806,"date":"2024-01-15T12:17:03","date_gmt":"2024-01-15T12:17:03","guid":{"rendered":"https:\/\/agroturismesubies.es\/entorno-agroturisme-subies-en-mallorca-2\/"},"modified":"2024-08-01T08:59:43","modified_gmt":"2024-08-01T08:59:43","slug":"la-finca","status":"publish","type":"page","link":"https:\/\/agroturismesubies.es\/en\/la-finca\/","title":{"rendered":"La Finca"},"content":{"rendered":"\t\t<div data-elementor-type=\"wp-page\" data-elementor-id=\"1806\" class=\"elementor elementor-1806\" data-elementor-post-type=\"page\">\n\t\t\t\t<div class=\"elementor-element elementor-element-d23741d e-flex e-con-boxed e-con e-parent\" data-id=\"d23741d\" data-element_type=\"container\" data-e-type=\"container\" data-settings=\"{&quot;background_background&quot;:&quot;slideshow&quot;,&quot;background_slideshow_gallery&quot;:[{&quot;id&quot;:1271,&quot;url&quot;:&quot;https:\\\/\\\/agroturismesubies.es\\\/wp-content\\\/uploads\\\/fachada-mediana-frontal-flores-rojas-agroturisme-subies.webp&quot;},{&quot;id&quot;:1254,&quot;url&quot;:&quot;https:\\\/\\\/agroturismesubies.es\\\/wp-content\\\/uploads\\\/casa-vista-frontal-entorno-agroturisme-subies.webp&quot;}],&quot;background_slideshow_lazyload&quot;:&quot;yes&quot;,&quot;background_slideshow_ken_burns&quot;:&quot;yes&quot;,&quot;background_slideshow_slide_duration&quot;:3000,&quot;background_slideshow_loop&quot;:&quot;yes&quot;,&quot;background_slideshow_slide_transition&quot;:&quot;fade&quot;,&quot;background_slideshow_transition_duration&quot;:500,&quot;background_slideshow_ken_burns_zoom_direction&quot;:&quot;in&quot;}\">\n\t\t\t\t\t<div class=\"e-con-inner\">\n\t\t\t\t<div class=\"elementor-element elementor-element-42db782 elementor-widget elementor-widget-heading\" data-id=\"42db782\" data-element_type=\"widget\" data-e-type=\"widget\" data-widget_type=\"heading.default\">\n\t\t\t\t<div class=\"elementor-widget-container\">\n\t\t\t\t\t<h2 class=\"elementor-heading-title elementor-size-default\">La Finca<\/h2>\t\t\t\t<\/div>\n\t\t\t\t<\/div>\n\t\t\t\t<div class=\"elementor-element elementor-element-74d09c3 elementor-widget elementor-widget-heading\" data-id=\"74d09c3\" data-element_type=\"widget\" data-e-type=\"widget\" data-widget_type=\"heading.default\">\n\t\t\t\t<div class=\"elementor-widget-container\">\n\t\t\t\t\t<h1 class=\"elementor-heading-title elementor-size-default\">POSSESSI\u00d3 VACACIONAL IN MALLORCA<\/h1>\t\t\t\t<\/div>\n\t\t\t\t<\/div>\n\t\t\t\t\t<\/div>\n\t\t\t\t<\/div>\n\t\t<div class=\"elementor-element elementor-element-4247ba0 e-flex e-con-boxed e-con e-parent\" data-id=\"4247ba0\" data-element_type=\"container\" data-e-type=\"container\">\n\t\t\t\t\t<div class=\"e-con-inner\">\n\t\t\t\t<div class=\"elementor-element elementor-element-dc7b9cc elementor-widget elementor-widget-heading\" data-id=\"dc7b9cc\" data-element_type=\"widget\" data-e-type=\"widget\" data-widget_type=\"heading.default\">\n\t\t\t\t<div class=\"elementor-widget-container\">\n\t\t\t\t\t<h3 class=\"elementor-heading-title elementor-size-default\"><b>Agroturisme <\/b>Subies<\/h3>\t\t\t\t<\/div>\n\t\t\t\t<\/div>\n\t\t\t\t<div class=\"elementor-element elementor-element-013d9c8 elementor-widget elementor-widget-heading\" data-id=\"013d9c8\" data-element_type=\"widget\" data-e-type=\"widget\" data-widget_type=\"heading.default\">\n\t\t\t\t<div class=\"elementor-widget-container\">\n\t\t\t\t\t<h3 class=\"elementor-heading-title elementor-size-default\">HOLIDAY COUNTRY HOUSE IN MALLORCA<\/h3>\t\t\t\t<\/div>\n\t\t\t\t<\/div>\n\t\t\t\t<div class=\"elementor-element elementor-element-e2fe31e elementor-widget-divider--view-line elementor-widget elementor-widget-divider\" data-id=\"e2fe31e\" data-element_type=\"widget\" data-e-type=\"widget\" data-widget_type=\"divider.default\">\n\t\t\t\t<div class=\"elementor-widget-container\">\n\t\t\t\t\t\t\t<div class=\"elementor-divider\">\n\t\t\t<span class=\"elementor-divider-separator\">\n\t\t\t\t\t\t<\/span>\n\t\t<\/div>\n\t\t\t\t\t\t<\/div>\n\t\t\t\t<\/div>\n\t\t\t\t<div class=\"elementor-element elementor-element-b3d3303 elementor-widget__width-inherit elementor-widget elementor-widget-text-editor\" data-id=\"b3d3303\" data-element_type=\"widget\" data-e-type=\"widget\" data-widget_type=\"text-editor.default\">\n\t\t\t\t<div class=\"elementor-widget-container\">\n\t\t\t\t\t\t\t\t\t<p>A <a href=\"https:\/\/es.wikipedia.org\/wiki\/Posesi%C3%B3n_(arquitectura)\" target=\"_blank\" rel=\"noopener\">possession<\/a> (or possessi\u00f3 in catal\u00e1n) is the type of dispersed rural habitat typical of the Balearic island of Mallorca. These traditional estates consist of living areas and other outbuildings used for the agricultural exploitation of an extensive surrounding territory. They can be compared to the Catalan mas\u00eda, the Basque caser\u00edo or the Andalusian cortijo. Since the 16th century, they have been known by this name, replacing the old generic names of Arab origin of the estates.<\/p><p>Agroturisme Subies is a possessi\u00f3 that dates back to 1777 and belongs to the Rotger family. Today, the descendants of the family have converted this historic estate into a charming holiday finca in Mallorca. The careful attention to their guests and the satisfaction of offering a cosy and pleasant atmosphere is their main objective and passion.<\/p><p>The estate, set in spectacular natural surroundings, allows visitors to immerse themselves in authentic Mallorcan rural life. By preserving its original architecture, Agroturisme Subies offers a unique experience that combines tradition with modern comforts. Each room is steeped in history, and guests can enjoy the beauty of its gardens and panoramic views of the surrounding countryside.<\/p><p>In addition, Agroturisme Subies is ideal for those looking for a peaceful and rejuvenating getaway. The spacious rooms, filled with natural light thanks to their large windows, provide the perfect retreat to relax and disconnect from the hustle and bustle of the city.<\/p>\t\t\t\t\t\t\t\t<\/div>\n\t\t\t\t<\/div>\n\t\t\t\t<div class=\"elementor-element elementor-element-645fa5f elementor-widget elementor-widget-gallery\" data-id=\"645fa5f\" data-element_type=\"widget\" data-e-type=\"widget\" data-settings=\"{&quot;columns_tablet&quot;:3,&quot;columns_mobile&quot;:3,&quot;lazyload&quot;:&quot;yes&quot;,&quot;gallery_layout&quot;:&quot;grid&quot;,&quot;columns&quot;:4,&quot;gap&quot;:{&quot;unit&quot;:&quot;px&quot;,&quot;size&quot;:10,&quot;sizes&quot;:[]},&quot;gap_tablet&quot;:{&quot;unit&quot;:&quot;px&quot;,&quot;size&quot;:10,&quot;sizes&quot;:[]},&quot;gap_mobile&quot;:{&quot;unit&quot;:&quot;px&quot;,&quot;size&quot;:10,&quot;sizes&quot;:[]},&quot;link_to&quot;:&quot;file&quot;,&quot;aspect_ratio&quot;:&quot;3:2&quot;,&quot;overlay_background&quot;:&quot;yes&quot;,&quot;content_hover_animation&quot;:&quot;fade-in&quot;}\" data-widget_type=\"gallery.default\">\n\t\t\t\t<div class=\"elementor-widget-container\">\n\t\t\t\t\t\t\t\t<div class=\"elementor-gallery__titles-container e--pointer-underline e--animation-fade\" aria-label=\"Filtro de galer\u00eda\">\n\t\t\t\t\n\t\t\t\t\t\t\t\t\t<a class=\"elementor-item elementor-gallery-title\" role=\"button\" tabindex=\"0\" data-gallery-index=\"0\">\n\t\t\t\t\t\tExteriors\t\t\t\t\t<\/a>\n\t\t\t\t\t\t\t\t\t\t<a class=\"elementor-item elementor-gallery-title\" role=\"button\" tabindex=\"0\" data-gallery-index=\"1\">\n\t\t\t\t\t\tThe Finca\t\t\t\t\t<\/a>\n\t\t\t\t\t\t\t\t\t\t<a class=\"elementor-item elementor-gallery-title\" role=\"button\" tabindex=\"0\" data-gallery-index=\"2\">\n\t\t\t\t\t\tRooms\t\t\t\t\t<\/a>\n\t\t\t\t\t\t\t\t<\/div>\n\t\t\t\t\t<div class=\"elementor-gallery__container\">\n\t\t\t\t\t\t\t<a class=\"e-gallery-item elementor-gallery-item elementor-animated-content\" data-e-gallery-tags=\"0\" href=\"https:\/\/agroturismesubies.es\/en\/wp-content\/uploads\/sites\/3\/fachada-agroturisme-subies-banner.webp\" data-elementor-open-lightbox=\"yes\" data-elementor-lightbox-slideshow=\"645fa5f\" data-e-action-hash=\"#elementor-action%3Aaction%3Dlightbox%26settings%3DeyJpZCI6MTYzMywidXJsIjoiaHR0cHM6XC9cL2Fncm90dXJpc21lc3ViaWVzLmVzXC9lblwvd3AtY29udGVudFwvdXBsb2Fkc1wvc2l0ZXNcLzNcL2ZhY2hhZGEtYWdyb3R1cmlzbWUtc3ViaWVzLWJhbm5lci53ZWJwIiwic2xpZGVzaG93IjoiNjQ1ZmE1ZiJ9\">\n\t\t\t\t\t<div class=\"e-gallery-image elementor-gallery-item__image\" data-thumbnail=\"https:\/\/agroturismesubies.es\/en\/wp-content\/uploads\/sites\/3\/fachada-agroturisme-subies-banner-768x513.webp\" data-width=\"768\" data-height=\"513\" aria-label=\"fachada agroturisme subies banner\" role=\"img\" ><\/div>\n\t\t\t\t\t\t\t\t\t\t\t<div class=\"elementor-gallery-item__overlay\"><\/div>\n\t\t\t\t\t\t\t\t\t\t\t\t\t\t<\/a>\n\t\t\t\t\t\t\t<a class=\"e-gallery-item elementor-gallery-item elementor-animated-content\" data-e-gallery-tags=\"0\" href=\"https:\/\/agroturismesubies.es\/en\/wp-content\/uploads\/sites\/3\/small-AgroturismeSubies_vista.webp\" data-elementor-open-lightbox=\"yes\" data-elementor-lightbox-slideshow=\"645fa5f\" data-e-action-hash=\"#elementor-action%3Aaction%3Dlightbox%26settings%3DeyJpZCI6MTUxNCwidXJsIjoiaHR0cHM6XC9cL2Fncm90dXJpc21lc3ViaWVzLmVzXC9lblwvd3AtY29udGVudFwvdXBsb2Fkc1wvc2l0ZXNcLzNcL3NtYWxsLUFncm90dXJpc21lU3ViaWVzX3Zpc3RhLndlYnAiLCJzbGlkZXNob3ciOiI2NDVmYTVmIn0%3D\">\n\t\t\t\t\t<div class=\"e-gallery-image elementor-gallery-item__image\" data-thumbnail=\"https:\/\/agroturismesubies.es\/en\/wp-content\/uploads\/sites\/3\/small-AgroturismeSubies_vista-768x576.webp\" data-width=\"768\" data-height=\"576\" aria-label=\"small AgroturismeSubies vista\" role=\"img\" ><\/div>\n\t\t\t\t\t\t\t\t\t\t\t<div class=\"elementor-gallery-item__overlay\"><\/div>\n\t\t\t\t\t\t\t\t\t\t\t\t\t\t<\/a>\n\t\t\t\t\t\t\t<a class=\"e-gallery-item elementor-gallery-item elementor-animated-content\" data-e-gallery-tags=\"0\" href=\"https:\/\/agroturismesubies.es\/en\/wp-content\/uploads\/sites\/3\/vista-general-casa-atardecer-agroturisme-subies-mallorca-1.webp\" data-elementor-open-lightbox=\"yes\" data-elementor-lightbox-slideshow=\"645fa5f\" data-e-action-hash=\"#elementor-action%3Aaction%3Dlightbox%26settings%3DeyJpZCI6MTMyMiwidXJsIjoiaHR0cHM6XC9cL2Fncm90dXJpc21lc3ViaWVzLmVzXC9lblwvd3AtY29udGVudFwvdXBsb2Fkc1wvc2l0ZXNcLzNcL3Zpc3RhLWdlbmVyYWwtY2FzYS1hdGFyZGVjZXItYWdyb3R1cmlzbWUtc3ViaWVzLW1hbGxvcmNhLTEud2VicCIsInNsaWRlc2hvdyI6IjY0NWZhNWYifQ%3D%3D\">\n\t\t\t\t\t<div class=\"e-gallery-image elementor-gallery-item__image\" data-thumbnail=\"https:\/\/agroturismesubies.es\/en\/wp-content\/uploads\/sites\/3\/vista-general-casa-atardecer-agroturisme-subies-mallorca-1-768x513.webp\" data-width=\"768\" data-height=\"513\" aria-label=\"vista general casa atardecer Entorno, lugares y actividades\" role=\"img\" ><\/div>\n\t\t\t\t\t\t\t\t\t\t\t<div class=\"elementor-gallery-item__overlay\"><\/div>\n\t\t\t\t\t\t\t\t\t\t\t\t\t\t<\/a>\n\t\t\t\t\t\t\t<a class=\"e-gallery-item elementor-gallery-item elementor-animated-content\" data-e-gallery-tags=\"0\" href=\"https:\/\/agroturismesubies.es\/en\/wp-content\/uploads\/sites\/3\/vista-frontal-agroturisme-subies.webp\" data-elementor-open-lightbox=\"yes\" data-elementor-lightbox-slideshow=\"645fa5f\" data-e-action-hash=\"#elementor-action%3Aaction%3Dlightbox%26settings%3DeyJpZCI6MTI4NywidXJsIjoiaHR0cHM6XC9cL2Fncm90dXJpc21lc3ViaWVzLmVzXC9lblwvd3AtY29udGVudFwvdXBsb2Fkc1wvc2l0ZXNcLzNcL3Zpc3RhLWZyb250YWwtYWdyb3R1cmlzbWUtc3ViaWVzLndlYnAiLCJzbGlkZXNob3ciOiI2NDVmYTVmIn0%3D\">\n\t\t\t\t\t<div class=\"e-gallery-image elementor-gallery-item__image\" data-thumbnail=\"https:\/\/agroturismesubies.es\/en\/wp-content\/uploads\/sites\/3\/vista-frontal-agroturisme-subies-768x513.webp\" data-width=\"768\" data-height=\"513\" aria-label=\"\" role=\"img\" ><\/div>\n\t\t\t\t\t\t\t\t\t\t\t<div class=\"elementor-gallery-item__overlay\"><\/div>\n\t\t\t\t\t\t\t\t\t\t\t\t\t\t<\/a>\n\t\t\t\t\t\t\t<a class=\"e-gallery-item elementor-gallery-item elementor-animated-content\" data-e-gallery-tags=\"0\" href=\"https:\/\/agroturismesubies.es\/en\/wp-content\/uploads\/sites\/3\/vista-entrada-puertas-cristal-agroturisme-subies.webp\" data-elementor-open-lightbox=\"yes\" data-elementor-lightbox-slideshow=\"645fa5f\" data-e-action-hash=\"#elementor-action%3Aaction%3Dlightbox%26settings%3DeyJpZCI6MTI4NiwidXJsIjoiaHR0cHM6XC9cL2Fncm90dXJpc21lc3ViaWVzLmVzXC9lblwvd3AtY29udGVudFwvdXBsb2Fkc1wvc2l0ZXNcLzNcL3Zpc3RhLWVudHJhZGEtcHVlcnRhcy1jcmlzdGFsLWFncm90dXJpc21lLXN1Ymllcy53ZWJwIiwic2xpZGVzaG93IjoiNjQ1ZmE1ZiJ9\">\n\t\t\t\t\t<div class=\"e-gallery-image elementor-gallery-item__image\" data-thumbnail=\"https:\/\/agroturismesubies.es\/en\/wp-content\/uploads\/sites\/3\/vista-entrada-puertas-cristal-agroturisme-subies-768x1150.webp\" data-width=\"768\" data-height=\"1150\" aria-label=\"vista entrada puertas cristal agroturisme subies\" role=\"img\" ><\/div>\n\t\t\t\t\t\t\t\t\t\t\t<div class=\"elementor-gallery-item__overlay\"><\/div>\n\t\t\t\t\t\t\t\t\t\t\t\t\t\t<\/a>\n\t\t\t\t\t\t\t<a class=\"e-gallery-item elementor-gallery-item elementor-animated-content\" data-e-gallery-tags=\"0\" href=\"https:\/\/agroturismesubies.es\/en\/wp-content\/uploads\/sites\/3\/vista-de-lado-casa-agroturisme-subies.webp\" data-elementor-open-lightbox=\"yes\" data-elementor-lightbox-slideshow=\"645fa5f\" data-e-action-hash=\"#elementor-action%3Aaction%3Dlightbox%26settings%3DeyJpZCI6MTI4NCwidXJsIjoiaHR0cHM6XC9cL2Fncm90dXJpc21lc3ViaWVzLmVzXC9lblwvd3AtY29udGVudFwvdXBsb2Fkc1wvc2l0ZXNcLzNcL3Zpc3RhLWRlLWxhZG8tY2FzYS1hZ3JvdHVyaXNtZS1zdWJpZXMud2VicCIsInNsaWRlc2hvdyI6IjY0NWZhNWYifQ%3D%3D\">\n\t\t\t\t\t<div class=\"e-gallery-image elementor-gallery-item__image\" data-thumbnail=\"https:\/\/agroturismesubies.es\/en\/wp-content\/uploads\/sites\/3\/vista-de-lado-casa-agroturisme-subies-768x513.webp\" data-width=\"768\" data-height=\"513\" aria-label=\"vista de lado casa agroturisme subies\" role=\"img\" ><\/div>\n\t\t\t\t\t\t\t\t\t\t\t<div class=\"elementor-gallery-item__overlay\"><\/div>\n\t\t\t\t\t\t\t\t\t\t\t\t\t\t<\/a>\n\t\t\t\t\t\t\t<a class=\"e-gallery-item elementor-gallery-item elementor-animated-content\" data-e-gallery-tags=\"0\" href=\"https:\/\/agroturismesubies.es\/en\/wp-content\/uploads\/sites\/3\/patio-vista-fachada-agroturisme-subies.webp\" data-elementor-open-lightbox=\"yes\" data-elementor-lightbox-slideshow=\"645fa5f\" data-e-action-hash=\"#elementor-action%3Aaction%3Dlightbox%26settings%3DeyJpZCI6MTI4MiwidXJsIjoiaHR0cHM6XC9cL2Fncm90dXJpc21lc3ViaWVzLmVzXC9lblwvd3AtY29udGVudFwvdXBsb2Fkc1wvc2l0ZXNcLzNcL3BhdGlvLXZpc3RhLWZhY2hhZGEtYWdyb3R1cmlzbWUtc3ViaWVzLndlYnAiLCJzbGlkZXNob3ciOiI2NDVmYTVmIn0%3D\">\n\t\t\t\t\t<div class=\"e-gallery-image elementor-gallery-item__image\" data-thumbnail=\"https:\/\/agroturismesubies.es\/en\/wp-content\/uploads\/sites\/3\/patio-vista-fachada-agroturisme-subies-768x513.webp\" data-width=\"768\" data-height=\"513\" aria-label=\"\" role=\"img\" ><\/div>\n\t\t\t\t\t\t\t\t\t\t\t<div class=\"elementor-gallery-item__overlay\"><\/div>\n\t\t\t\t\t\t\t\t\t\t\t\t\t\t<\/a>\n\t\t\t\t\t\t\t<a class=\"e-gallery-item elementor-gallery-item elementor-animated-content\" data-e-gallery-tags=\"0\" href=\"https:\/\/agroturismesubies.es\/en\/wp-content\/uploads\/sites\/3\/pozo-patio-agroturisme-subies.webp\" data-elementor-open-lightbox=\"yes\" data-elementor-lightbox-slideshow=\"645fa5f\" data-e-action-hash=\"#elementor-action%3Aaction%3Dlightbox%26settings%3DeyJpZCI6MTI4MywidXJsIjoiaHR0cHM6XC9cL2Fncm90dXJpc21lc3ViaWVzLmVzXC9lblwvd3AtY29udGVudFwvdXBsb2Fkc1wvc2l0ZXNcLzNcL3Bvem8tcGF0aW8tYWdyb3R1cmlzbWUtc3ViaWVzLndlYnAiLCJzbGlkZXNob3ciOiI2NDVmYTVmIn0%3D\">\n\t\t\t\t\t<div class=\"e-gallery-image elementor-gallery-item__image\" data-thumbnail=\"https:\/\/agroturismesubies.es\/en\/wp-content\/uploads\/sites\/3\/pozo-patio-agroturisme-subies-768x1150.webp\" data-width=\"768\" data-height=\"1150\" aria-label=\"pozo patio agroturisme subies\" role=\"img\" ><\/div>\n\t\t\t\t\t\t\t\t\t\t\t<div class=\"elementor-gallery-item__overlay\"><\/div>\n\t\t\t\t\t\t\t\t\t\t\t\t\t\t<\/a>\n\t\t\t\t\t\t\t<a class=\"e-gallery-item elementor-gallery-item elementor-animated-content\" data-e-gallery-tags=\"0\" href=\"https:\/\/agroturismesubies.es\/en\/wp-content\/uploads\/sites\/3\/patio-vista-entorno-agroturisme-subies.webp\" data-elementor-open-lightbox=\"yes\" data-elementor-lightbox-slideshow=\"645fa5f\" data-e-action-hash=\"#elementor-action%3Aaction%3Dlightbox%26settings%3DeyJpZCI6MTI4MSwidXJsIjoiaHR0cHM6XC9cL2Fncm90dXJpc21lc3ViaWVzLmVzXC9lblwvd3AtY29udGVudFwvdXBsb2Fkc1wvc2l0ZXNcLzNcL3BhdGlvLXZpc3RhLWVudG9ybm8tYWdyb3R1cmlzbWUtc3ViaWVzLndlYnAiLCJzbGlkZXNob3ciOiI2NDVmYTVmIn0%3D\">\n\t\t\t\t\t<div class=\"e-gallery-image elementor-gallery-item__image\" data-thumbnail=\"https:\/\/agroturismesubies.es\/en\/wp-content\/uploads\/sites\/3\/patio-vista-entorno-agroturisme-subies-768x513.webp\" data-width=\"768\" data-height=\"513\" aria-label=\"patio vista entorno agroturisme subies\" role=\"img\" ><\/div>\n\t\t\t\t\t\t\t\t\t\t\t<div class=\"elementor-gallery-item__overlay\"><\/div>\n\t\t\t\t\t\t\t\t\t\t\t\t\t\t<\/a>\n\t\t\t\t\t\t\t<a class=\"e-gallery-item elementor-gallery-item elementor-animated-content\" data-e-gallery-tags=\"0\" href=\"https:\/\/agroturismesubies.es\/en\/wp-content\/uploads\/sites\/3\/patio-sillas-mesa-sombrilla-agroturisme-subies.webp\" data-elementor-open-lightbox=\"yes\" data-elementor-lightbox-slideshow=\"645fa5f\" data-e-action-hash=\"#elementor-action%3Aaction%3Dlightbox%26settings%3DeyJpZCI6MTI4MCwidXJsIjoiaHR0cHM6XC9cL2Fncm90dXJpc21lc3ViaWVzLmVzXC9lblwvd3AtY29udGVudFwvdXBsb2Fkc1wvc2l0ZXNcLzNcL3BhdGlvLXNpbGxhcy1tZXNhLXNvbWJyaWxsYS1hZ3JvdHVyaXNtZS1zdWJpZXMud2VicCIsInNsaWRlc2hvdyI6IjY0NWZhNWYifQ%3D%3D\">\n\t\t\t\t\t<div class=\"e-gallery-image elementor-gallery-item__image\" data-thumbnail=\"https:\/\/agroturismesubies.es\/en\/wp-content\/uploads\/sites\/3\/patio-sillas-mesa-sombrilla-agroturisme-subies-768x1150.webp\" data-width=\"768\" data-height=\"1150\" aria-label=\"patio sillas mesa sombrilla agroturisme subies\" role=\"img\" ><\/div>\n\t\t\t\t\t\t\t\t\t\t\t<div class=\"elementor-gallery-item__overlay\"><\/div>\n\t\t\t\t\t\t\t\t\t\t\t\t\t\t<\/a>\n\t\t\t\t\t\t\t<a class=\"e-gallery-item elementor-gallery-item elementor-animated-content\" data-e-gallery-tags=\"0\" href=\"https:\/\/agroturismesubies.es\/en\/wp-content\/uploads\/sites\/3\/patio-sillas-mesa-agroturisme-subies.webp\" data-elementor-open-lightbox=\"yes\" data-elementor-lightbox-slideshow=\"645fa5f\" data-e-action-hash=\"#elementor-action%3Aaction%3Dlightbox%26settings%3DeyJpZCI6MTI3OCwidXJsIjoiaHR0cHM6XC9cL2Fncm90dXJpc21lc3ViaWVzLmVzXC9lblwvd3AtY29udGVudFwvdXBsb2Fkc1wvc2l0ZXNcLzNcL3BhdGlvLXNpbGxhcy1tZXNhLWFncm90dXJpc21lLXN1Ymllcy53ZWJwIiwic2xpZGVzaG93IjoiNjQ1ZmE1ZiJ9\">\n\t\t\t\t\t<div class=\"e-gallery-image elementor-gallery-item__image\" data-thumbnail=\"https:\/\/agroturismesubies.es\/en\/wp-content\/uploads\/sites\/3\/patio-sillas-mesa-agroturisme-subies-768x513.webp\" data-width=\"768\" data-height=\"513\" aria-label=\"\" role=\"img\" ><\/div>\n\t\t\t\t\t\t\t\t\t\t\t<div class=\"elementor-gallery-item__overlay\"><\/div>\n\t\t\t\t\t\t\t\t\t\t\t\t\t\t<\/a>\n\t\t\t\t\t\t\t<a class=\"e-gallery-item elementor-gallery-item elementor-animated-content\" data-e-gallery-tags=\"0\" href=\"https:\/\/agroturismesubies.es\/en\/wp-content\/uploads\/sites\/3\/patio-gallina-agroturisme-subies.webp\" data-elementor-open-lightbox=\"yes\" data-elementor-lightbox-slideshow=\"645fa5f\" data-e-action-hash=\"#elementor-action%3Aaction%3Dlightbox%26settings%3DeyJpZCI6MTI3NiwidXJsIjoiaHR0cHM6XC9cL2Fncm90dXJpc21lc3ViaWVzLmVzXC9lblwvd3AtY29udGVudFwvdXBsb2Fkc1wvc2l0ZXNcLzNcL3BhdGlvLWdhbGxpbmEtYWdyb3R1cmlzbWUtc3ViaWVzLndlYnAiLCJzbGlkZXNob3ciOiI2NDVmYTVmIn0%3D\">\n\t\t\t\t\t<div class=\"e-gallery-image elementor-gallery-item__image\" data-thumbnail=\"https:\/\/agroturismesubies.es\/en\/wp-content\/uploads\/sites\/3\/patio-gallina-agroturisme-subies-768x513.webp\" data-width=\"768\" data-height=\"513\" aria-label=\"patio gallina agroturisme subies\" role=\"img\" ><\/div>\n\t\t\t\t\t\t\t\t\t\t\t<div class=\"elementor-gallery-item__overlay\"><\/div>\n\t\t\t\t\t\t\t\t\t\t\t\t\t\t<\/a>\n\t\t\t\t\t\t\t<a class=\"e-gallery-item elementor-gallery-item elementor-animated-content\" data-e-gallery-tags=\"0\" href=\"https:\/\/agroturismesubies.es\/en\/wp-content\/uploads\/sites\/3\/patio-mesa-sillas-arbol-agroturisme-subies.webp\" data-elementor-open-lightbox=\"yes\" data-elementor-lightbox-slideshow=\"645fa5f\" data-e-action-hash=\"#elementor-action%3Aaction%3Dlightbox%26settings%3DeyJpZCI6MTI3NywidXJsIjoiaHR0cHM6XC9cL2Fncm90dXJpc21lc3ViaWVzLmVzXC9lblwvd3AtY29udGVudFwvdXBsb2Fkc1wvc2l0ZXNcLzNcL3BhdGlvLW1lc2Etc2lsbGFzLWFyYm9sLWFncm90dXJpc21lLXN1Ymllcy53ZWJwIiwic2xpZGVzaG93IjoiNjQ1ZmE1ZiJ9\">\n\t\t\t\t\t<div class=\"e-gallery-image elementor-gallery-item__image\" data-thumbnail=\"https:\/\/agroturismesubies.es\/en\/wp-content\/uploads\/sites\/3\/patio-mesa-sillas-arbol-agroturisme-subies-768x1150.webp\" data-width=\"768\" data-height=\"1150\" aria-label=\"patio mesa sillas arbol agroturisme subies\" role=\"img\" ><\/div>\n\t\t\t\t\t\t\t\t\t\t\t<div class=\"elementor-gallery-item__overlay\"><\/div>\n\t\t\t\t\t\t\t\t\t\t\t\t\t\t<\/a>\n\t\t\t\t\t\t\t<a class=\"e-gallery-item elementor-gallery-item elementor-animated-content\" data-e-gallery-tags=\"0\" href=\"https:\/\/agroturismesubies.es\/en\/wp-content\/uploads\/sites\/3\/patio-detalle-mesa-sillas-arbol-agroturisme-subies.webp\" data-elementor-open-lightbox=\"yes\" data-elementor-lightbox-slideshow=\"645fa5f\" data-e-action-hash=\"#elementor-action%3Aaction%3Dlightbox%26settings%3DeyJpZCI6MTI3NSwidXJsIjoiaHR0cHM6XC9cL2Fncm90dXJpc21lc3ViaWVzLmVzXC9lblwvd3AtY29udGVudFwvdXBsb2Fkc1wvc2l0ZXNcLzNcL3BhdGlvLWRldGFsbGUtbWVzYS1zaWxsYXMtYXJib2wtYWdyb3R1cmlzbWUtc3ViaWVzLndlYnAiLCJzbGlkZXNob3ciOiI2NDVmYTVmIn0%3D\">\n\t\t\t\t\t<div class=\"e-gallery-image elementor-gallery-item__image\" data-thumbnail=\"https:\/\/agroturismesubies.es\/en\/wp-content\/uploads\/sites\/3\/patio-detalle-mesa-sillas-arbol-agroturisme-subies-768x513.webp\" data-width=\"768\" data-height=\"513\" aria-label=\"\" role=\"img\" ><\/div>\n\t\t\t\t\t\t\t\t\t\t\t<div class=\"elementor-gallery-item__overlay\"><\/div>\n\t\t\t\t\t\t\t\t\t\t\t\t\t\t<\/a>\n\t\t\t\t\t\t\t<a class=\"e-gallery-item elementor-gallery-item elementor-animated-content\" data-e-gallery-tags=\"0\" href=\"https:\/\/agroturismesubies.es\/en\/wp-content\/uploads\/sites\/3\/patio-agroturisme-subies.webp\" data-elementor-open-lightbox=\"yes\" data-elementor-lightbox-slideshow=\"645fa5f\" data-e-action-hash=\"#elementor-action%3Aaction%3Dlightbox%26settings%3DeyJpZCI6MTI3NCwidXJsIjoiaHR0cHM6XC9cL2Fncm90dXJpc21lc3ViaWVzLmVzXC9lblwvd3AtY29udGVudFwvdXBsb2Fkc1wvc2l0ZXNcLzNcL3BhdGlvLWFncm90dXJpc21lLXN1Ymllcy53ZWJwIiwic2xpZGVzaG93IjoiNjQ1ZmE1ZiJ9\">\n\t\t\t\t\t<div class=\"e-gallery-image elementor-gallery-item__image\" data-thumbnail=\"https:\/\/agroturismesubies.es\/en\/wp-content\/uploads\/sites\/3\/patio-agroturisme-subies-768x513.webp\" data-width=\"768\" data-height=\"513\" aria-label=\"patio agroturisme subies\" role=\"img\" ><\/div>\n\t\t\t\t\t\t\t\t\t\t\t<div class=\"elementor-gallery-item__overlay\"><\/div>\n\t\t\t\t\t\t\t\t\t\t\t\t\t\t<\/a>\n\t\t\t\t\t\t\t<a class=\"e-gallery-item elementor-gallery-item elementor-animated-content\" data-e-gallery-tags=\"0\" href=\"https:\/\/agroturismesubies.es\/en\/wp-content\/uploads\/sites\/3\/pared-lateral-casa-agroturisme-subies.webp\" data-elementor-open-lightbox=\"yes\" data-elementor-lightbox-slideshow=\"645fa5f\" data-e-action-hash=\"#elementor-action%3Aaction%3Dlightbox%26settings%3DeyJpZCI6MTI3MywidXJsIjoiaHR0cHM6XC9cL2Fncm90dXJpc21lc3ViaWVzLmVzXC9lblwvd3AtY29udGVudFwvdXBsb2Fkc1wvc2l0ZXNcLzNcL3BhcmVkLWxhdGVyYWwtY2FzYS1hZ3JvdHVyaXNtZS1zdWJpZXMud2VicCIsInNsaWRlc2hvdyI6IjY0NWZhNWYifQ%3D%3D\">\n\t\t\t\t\t<div class=\"e-gallery-image elementor-gallery-item__image\" data-thumbnail=\"https:\/\/agroturismesubies.es\/en\/wp-content\/uploads\/sites\/3\/pared-lateral-casa-agroturisme-subies-768x1150.webp\" data-width=\"768\" data-height=\"1150\" aria-label=\"pared lateral casa agroturisme subies\" role=\"img\" ><\/div>\n\t\t\t\t\t\t\t\t\t\t\t<div class=\"elementor-gallery-item__overlay\"><\/div>\n\t\t\t\t\t\t\t\t\t\t\t\t\t\t<\/a>\n\t\t\t\t\t\t\t<a class=\"e-gallery-item elementor-gallery-item elementor-animated-content\" data-e-gallery-tags=\"0\" href=\"https:\/\/agroturismesubies.es\/en\/wp-content\/uploads\/sites\/3\/fachada-ventana-escaleras-agroturisme-subies.webp\" data-elementor-open-lightbox=\"yes\" data-elementor-lightbox-slideshow=\"645fa5f\" data-e-action-hash=\"#elementor-action%3Aaction%3Dlightbox%26settings%3DeyJpZCI6MTI3MiwidXJsIjoiaHR0cHM6XC9cL2Fncm90dXJpc21lc3ViaWVzLmVzXC9lblwvd3AtY29udGVudFwvdXBsb2Fkc1wvc2l0ZXNcLzNcL2ZhY2hhZGEtdmVudGFuYS1lc2NhbGVyYXMtYWdyb3R1cmlzbWUtc3ViaWVzLndlYnAiLCJzbGlkZXNob3ciOiI2NDVmYTVmIn0%3D\">\n\t\t\t\t\t<div class=\"e-gallery-image elementor-gallery-item__image\" data-thumbnail=\"https:\/\/agroturismesubies.es\/en\/wp-content\/uploads\/sites\/3\/fachada-ventana-escaleras-agroturisme-subies-768x1151.webp\" data-width=\"768\" data-height=\"1151\" aria-label=\"fachada ventana escaleras agroturisme subies\" role=\"img\" ><\/div>\n\t\t\t\t\t\t\t\t\t\t\t<div class=\"elementor-gallery-item__overlay\"><\/div>\n\t\t\t\t\t\t\t\t\t\t\t\t\t\t<\/a>\n\t\t\t\t\t\t\t<a class=\"e-gallery-item elementor-gallery-item elementor-animated-content\" data-e-gallery-tags=\"0\" href=\"https:\/\/agroturismesubies.es\/en\/wp-content\/uploads\/sites\/3\/fachada-desde-patio-sillas-agroturisme-subies.webp\" data-elementor-open-lightbox=\"yes\" data-elementor-lightbox-slideshow=\"645fa5f\" data-e-action-hash=\"#elementor-action%3Aaction%3Dlightbox%26settings%3DeyJpZCI6MTI2OCwidXJsIjoiaHR0cHM6XC9cL2Fncm90dXJpc21lc3ViaWVzLmVzXC9lblwvd3AtY29udGVudFwvdXBsb2Fkc1wvc2l0ZXNcLzNcL2ZhY2hhZGEtZGVzZGUtcGF0aW8tc2lsbGFzLWFncm90dXJpc21lLXN1Ymllcy53ZWJwIiwic2xpZGVzaG93IjoiNjQ1ZmE1ZiJ9\">\n\t\t\t\t\t<div class=\"e-gallery-image elementor-gallery-item__image\" data-thumbnail=\"https:\/\/agroturismesubies.es\/en\/wp-content\/uploads\/sites\/3\/fachada-desde-patio-sillas-agroturisme-subies-768x513.webp\" data-width=\"768\" data-height=\"513\" aria-label=\"fachada desde patio sillas agroturisme subies\" role=\"img\" ><\/div>\n\t\t\t\t\t\t\t\t\t\t\t<div class=\"elementor-gallery-item__overlay\"><\/div>\n\t\t\t\t\t\t\t\t\t\t\t\t\t\t<\/a>\n\t\t\t\t\t\t\t<a class=\"e-gallery-item elementor-gallery-item elementor-animated-content\" data-e-gallery-tags=\"0\" href=\"https:\/\/agroturismesubies.es\/en\/wp-content\/uploads\/sites\/3\/detalle-puerta-agroturisme-subies.webp\" data-elementor-open-lightbox=\"yes\" data-elementor-lightbox-slideshow=\"645fa5f\" data-e-action-hash=\"#elementor-action%3Aaction%3Dlightbox%26settings%3DeyJpZCI6MTI2MCwidXJsIjoiaHR0cHM6XC9cL2Fncm90dXJpc21lc3ViaWVzLmVzXC9lblwvd3AtY29udGVudFwvdXBsb2Fkc1wvc2l0ZXNcLzNcL2RldGFsbGUtcHVlcnRhLWFncm90dXJpc21lLXN1Ymllcy53ZWJwIiwic2xpZGVzaG93IjoiNjQ1ZmE1ZiJ9\">\n\t\t\t\t\t<div class=\"e-gallery-image elementor-gallery-item__image\" data-thumbnail=\"https:\/\/agroturismesubies.es\/en\/wp-content\/uploads\/sites\/3\/detalle-puerta-agroturisme-subies-768x1375.webp\" data-width=\"768\" data-height=\"1375\" aria-label=\"detalle puerta agroturisme subies\" role=\"img\" ><\/div>\n\t\t\t\t\t\t\t\t\t\t\t<div class=\"elementor-gallery-item__overlay\"><\/div>\n\t\t\t\t\t\t\t\t\t\t\t\t\t\t<\/a>\n\t\t\t\t\t\t\t<a class=\"e-gallery-item elementor-gallery-item elementor-animated-content\" data-e-gallery-tags=\"0\" href=\"https:\/\/agroturismesubies.es\/en\/wp-content\/uploads\/sites\/3\/cover-fondo-hojas-agroturisme-subies.webp\" data-elementor-open-lightbox=\"yes\" data-elementor-lightbox-slideshow=\"645fa5f\" data-e-action-hash=\"#elementor-action%3Aaction%3Dlightbox%26settings%3DeyJpZCI6MTIzOSwidXJsIjoiaHR0cHM6XC9cL2Fncm90dXJpc21lc3ViaWVzLmVzXC9lblwvd3AtY29udGVudFwvdXBsb2Fkc1wvc2l0ZXNcLzNcL2NvdmVyLWZvbmRvLWhvamFzLWFncm90dXJpc21lLXN1Ymllcy53ZWJwIiwic2xpZGVzaG93IjoiNjQ1ZmE1ZiJ9\">\n\t\t\t\t\t<div class=\"e-gallery-image elementor-gallery-item__image\" data-thumbnail=\"https:\/\/agroturismesubies.es\/en\/wp-content\/uploads\/sites\/3\/cover-fondo-hojas-agroturisme-subies-768x513.webp\" data-width=\"768\" data-height=\"513\" aria-label=\"cover fondo hojas agroturisme subies\" role=\"img\" ><\/div>\n\t\t\t\t\t\t\t\t\t\t\t<div class=\"elementor-gallery-item__overlay\"><\/div>\n\t\t\t\t\t\t\t\t\t\t\t\t\t\t<\/a>\n\t\t\t\t\t\t\t<a class=\"e-gallery-item elementor-gallery-item elementor-animated-content\" data-e-gallery-tags=\"0\" href=\"https:\/\/agroturismesubies.es\/en\/wp-content\/uploads\/sites\/3\/vista-piscina-vertical-agroturisme-subies-mallorca.webp\" data-elementor-open-lightbox=\"yes\" data-elementor-lightbox-slideshow=\"645fa5f\" data-e-action-hash=\"#elementor-action%3Aaction%3Dlightbox%26settings%3DeyJpZCI6MTE3NCwidXJsIjoiaHR0cHM6XC9cL2Fncm90dXJpc21lc3ViaWVzLmVzXC9lblwvd3AtY29udGVudFwvdXBsb2Fkc1wvc2l0ZXNcLzNcL3Zpc3RhLXBpc2NpbmEtdmVydGljYWwtYWdyb3R1cmlzbWUtc3ViaWVzLW1hbGxvcmNhLndlYnAiLCJzbGlkZXNob3ciOiI2NDVmYTVmIn0%3D\">\n\t\t\t\t\t<div class=\"e-gallery-image elementor-gallery-item__image\" data-thumbnail=\"https:\/\/agroturismesubies.es\/en\/wp-content\/uploads\/sites\/3\/vista-piscina-vertical-agroturisme-subies-mallorca-768x1150.webp\" data-width=\"768\" data-height=\"1150\" aria-label=\"\" role=\"img\" ><\/div>\n\t\t\t\t\t\t\t\t\t\t\t<div class=\"elementor-gallery-item__overlay\"><\/div>\n\t\t\t\t\t\t\t\t\t\t\t\t\t\t<\/a>\n\t\t\t\t\t\t\t<a class=\"e-gallery-item elementor-gallery-item elementor-animated-content\" data-e-gallery-tags=\"0\" href=\"https:\/\/agroturismesubies.es\/en\/wp-content\/uploads\/sites\/3\/vista-sillas-piscina-agroturisme-subies-mallorca.webp\" data-elementor-open-lightbox=\"yes\" data-elementor-lightbox-slideshow=\"645fa5f\" data-e-action-hash=\"#elementor-action%3Aaction%3Dlightbox%26settings%3DeyJpZCI6MTE3NSwidXJsIjoiaHR0cHM6XC9cL2Fncm90dXJpc21lc3ViaWVzLmVzXC9lblwvd3AtY29udGVudFwvdXBsb2Fkc1wvc2l0ZXNcLzNcL3Zpc3RhLXNpbGxhcy1waXNjaW5hLWFncm90dXJpc21lLXN1Ymllcy1tYWxsb3JjYS53ZWJwIiwic2xpZGVzaG93IjoiNjQ1ZmE1ZiJ9\">\n\t\t\t\t\t<div class=\"e-gallery-image elementor-gallery-item__image\" data-thumbnail=\"https:\/\/agroturismesubies.es\/en\/wp-content\/uploads\/sites\/3\/vista-sillas-piscina-agroturisme-subies-mallorca-768x513.webp\" data-width=\"768\" data-height=\"513\" aria-label=\"vista sillas piscina agroturisme subies mallorca\" role=\"img\" ><\/div>\n\t\t\t\t\t\t\t\t\t\t\t<div class=\"elementor-gallery-item__overlay\"><\/div>\n\t\t\t\t\t\t\t\t\t\t\t\t\t\t<\/a>\n\t\t\t\t\t\t\t<a class=\"e-gallery-item elementor-gallery-item elementor-animated-content\" data-e-gallery-tags=\"0\" href=\"https:\/\/agroturismesubies.es\/en\/wp-content\/uploads\/sites\/3\/casa-vista-frontal-entorno-agroturisme-subies.webp\" data-elementor-open-lightbox=\"yes\" data-elementor-lightbox-slideshow=\"645fa5f\" data-e-action-hash=\"#elementor-action%3Aaction%3Dlightbox%26settings%3DeyJpZCI6MTI1NCwidXJsIjoiaHR0cHM6XC9cL2Fncm90dXJpc21lc3ViaWVzLmVzXC9lblwvd3AtY29udGVudFwvdXBsb2Fkc1wvc2l0ZXNcLzNcL2Nhc2EtdmlzdGEtZnJvbnRhbC1lbnRvcm5vLWFncm90dXJpc21lLXN1Ymllcy53ZWJwIiwic2xpZGVzaG93IjoiNjQ1ZmE1ZiJ9\">\n\t\t\t\t\t<div class=\"e-gallery-image elementor-gallery-item__image\" data-thumbnail=\"https:\/\/agroturismesubies.es\/en\/wp-content\/uploads\/sites\/3\/casa-vista-frontal-entorno-agroturisme-subies-768x513.webp\" data-width=\"768\" data-height=\"513\" aria-label=\"casa vista frontal entorno agroturisme subies\" role=\"img\" ><\/div>\n\t\t\t\t\t\t\t\t\t\t\t<div class=\"elementor-gallery-item__overlay\"><\/div>\n\t\t\t\t\t\t\t\t\t\t\t\t\t\t<\/a>\n\t\t\t\t\t\t\t<a class=\"e-gallery-item elementor-gallery-item elementor-animated-content\" data-e-gallery-tags=\"0\" href=\"https:\/\/agroturismesubies.es\/en\/wp-content\/uploads\/sites\/3\/entrada-cristal-agroturisme-subies.webp\" data-elementor-open-lightbox=\"yes\" data-elementor-lightbox-slideshow=\"645fa5f\" data-e-action-hash=\"#elementor-action%3Aaction%3Dlightbox%26settings%3DeyJpZCI6MTI2NCwidXJsIjoiaHR0cHM6XC9cL2Fncm90dXJpc21lc3ViaWVzLmVzXC9lblwvd3AtY29udGVudFwvdXBsb2Fkc1wvc2l0ZXNcLzNcL2VudHJhZGEtY3Jpc3RhbC1hZ3JvdHVyaXNtZS1zdWJpZXMud2VicCIsInNsaWRlc2hvdyI6IjY0NWZhNWYifQ%3D%3D\">\n\t\t\t\t\t<div class=\"e-gallery-image elementor-gallery-item__image\" data-thumbnail=\"https:\/\/agroturismesubies.es\/en\/wp-content\/uploads\/sites\/3\/entrada-cristal-agroturisme-subies-768x1150.webp\" data-width=\"768\" data-height=\"1150\" aria-label=\"\" role=\"img\" ><\/div>\n\t\t\t\t\t\t\t\t\t\t\t<div class=\"elementor-gallery-item__overlay\"><\/div>\n\t\t\t\t\t\t\t\t\t\t\t\t\t\t<\/a>\n\t\t\t\t\t\t\t<a class=\"e-gallery-item elementor-gallery-item elementor-animated-content\" data-e-gallery-tags=\"0\" href=\"https:\/\/agroturismesubies.es\/en\/wp-content\/uploads\/sites\/3\/entrada-agroturisme-subies.webp\" data-elementor-open-lightbox=\"yes\" data-elementor-lightbox-slideshow=\"645fa5f\" data-e-action-hash=\"#elementor-action%3Aaction%3Dlightbox%26settings%3DeyJpZCI6MTI2MiwidXJsIjoiaHR0cHM6XC9cL2Fncm90dXJpc21lc3ViaWVzLmVzXC9lblwvd3AtY29udGVudFwvdXBsb2Fkc1wvc2l0ZXNcLzNcL2VudHJhZGEtYWdyb3R1cmlzbWUtc3ViaWVzLndlYnAiLCJzbGlkZXNob3ciOiI2NDVmYTVmIn0%3D\">\n\t\t\t\t\t<div class=\"e-gallery-image elementor-gallery-item__image\" data-thumbnail=\"https:\/\/agroturismesubies.es\/en\/wp-content\/uploads\/sites\/3\/entrada-agroturisme-subies-768x513.webp\" data-width=\"768\" data-height=\"513\" aria-label=\"entrada agroturisme subies\" role=\"img\" ><\/div>\n\t\t\t\t\t\t\t\t\t\t\t<div class=\"elementor-gallery-item__overlay\"><\/div>\n\t\t\t\t\t\t\t\t\t\t\t\t\t\t<\/a>\n\t\t\t\t\t\t\t<a class=\"e-gallery-item elementor-gallery-item elementor-animated-content\" data-e-gallery-tags=\"0\" href=\"https:\/\/agroturismesubies.es\/en\/wp-content\/uploads\/sites\/3\/zona-barbacoa2-agroturisme-subies.webp\" data-elementor-open-lightbox=\"yes\" data-elementor-lightbox-slideshow=\"645fa5f\" data-e-action-hash=\"#elementor-action%3Aaction%3Dlightbox%26settings%3DeyJpZCI6MTI4OSwidXJsIjoiaHR0cHM6XC9cL2Fncm90dXJpc21lc3ViaWVzLmVzXC9lblwvd3AtY29udGVudFwvdXBsb2Fkc1wvc2l0ZXNcLzNcL3pvbmEtYmFyYmFjb2EyLWFncm90dXJpc21lLXN1Ymllcy53ZWJwIiwic2xpZGVzaG93IjoiNjQ1ZmE1ZiJ9\">\n\t\t\t\t\t<div class=\"e-gallery-image elementor-gallery-item__image\" data-thumbnail=\"https:\/\/agroturismesubies.es\/en\/wp-content\/uploads\/sites\/3\/zona-barbacoa2-agroturisme-subies-768x513.webp\" data-width=\"768\" data-height=\"513\" aria-label=\"zona barbacoa2 agroturisme subies\" role=\"img\" ><\/div>\n\t\t\t\t\t\t\t\t\t\t\t<div class=\"elementor-gallery-item__overlay\"><\/div>\n\t\t\t\t\t\t\t\t\t\t\t\t\t\t<\/a>\n\t\t\t\t\t\t\t<a class=\"e-gallery-item elementor-gallery-item elementor-animated-content\" data-e-gallery-tags=\"0\" href=\"https:\/\/agroturismesubies.es\/en\/wp-content\/uploads\/sites\/3\/zona-barbacoa-vista-agroturisme-subies.webp\" data-elementor-open-lightbox=\"yes\" data-elementor-lightbox-slideshow=\"645fa5f\" data-e-action-hash=\"#elementor-action%3Aaction%3Dlightbox%26settings%3DeyJpZCI6MTI5MSwidXJsIjoiaHR0cHM6XC9cL2Fncm90dXJpc21lc3ViaWVzLmVzXC9lblwvd3AtY29udGVudFwvdXBsb2Fkc1wvc2l0ZXNcLzNcL3pvbmEtYmFyYmFjb2EtdmlzdGEtYWdyb3R1cmlzbWUtc3ViaWVzLndlYnAiLCJzbGlkZXNob3ciOiI2NDVmYTVmIn0%3D\">\n\t\t\t\t\t<div class=\"e-gallery-image elementor-gallery-item__image\" data-thumbnail=\"https:\/\/agroturismesubies.es\/en\/wp-content\/uploads\/sites\/3\/zona-barbacoa-vista-agroturisme-subies-768x513.webp\" data-width=\"768\" data-height=\"513\" aria-label=\"zona barbacoa vista agroturisme subies\" role=\"img\" ><\/div>\n\t\t\t\t\t\t\t\t\t\t\t<div class=\"elementor-gallery-item__overlay\"><\/div>\n\t\t\t\t\t\t\t\t\t\t\t\t\t\t<\/a>\n\t\t\t\t\t\t\t<a class=\"e-gallery-item elementor-gallery-item elementor-animated-content\" data-e-gallery-tags=\"0\" href=\"https:\/\/agroturismesubies.es\/en\/wp-content\/uploads\/sites\/3\/vista-paisaje-agroturisme-subies.webp\" data-elementor-open-lightbox=\"yes\" data-elementor-lightbox-slideshow=\"645fa5f\" data-e-action-hash=\"#elementor-action%3Aaction%3Dlightbox%26settings%3DeyJpZCI6MTI4OCwidXJsIjoiaHR0cHM6XC9cL2Fncm90dXJpc21lc3ViaWVzLmVzXC9lblwvd3AtY29udGVudFwvdXBsb2Fkc1wvc2l0ZXNcLzNcL3Zpc3RhLXBhaXNhamUtYWdyb3R1cmlzbWUtc3ViaWVzLndlYnAiLCJzbGlkZXNob3ciOiI2NDVmYTVmIn0%3D\">\n\t\t\t\t\t<div class=\"e-gallery-image elementor-gallery-item__image\" data-thumbnail=\"https:\/\/agroturismesubies.es\/en\/wp-content\/uploads\/sites\/3\/vista-paisaje-agroturisme-subies-768x513.webp\" data-width=\"768\" data-height=\"513\" aria-label=\"vista paisaje agroturisme subies\" role=\"img\" ><\/div>\n\t\t\t\t\t\t\t\t\t\t\t<div class=\"elementor-gallery-item__overlay\"><\/div>\n\t\t\t\t\t\t\t\t\t\t\t\t\t\t<\/a>\n\t\t\t\t\t\t\t<a class=\"e-gallery-item elementor-gallery-item elementor-animated-content\" data-e-gallery-tags=\"0\" href=\"https:\/\/agroturismesubies.es\/en\/wp-content\/uploads\/sites\/3\/fachada-entrada-frontal-olivos-agroturisme-subies.webp\" data-elementor-open-lightbox=\"yes\" data-elementor-lightbox-slideshow=\"645fa5f\" data-e-action-hash=\"#elementor-action%3Aaction%3Dlightbox%26settings%3DeyJpZCI6MTI2OSwidXJsIjoiaHR0cHM6XC9cL2Fncm90dXJpc21lc3ViaWVzLmVzXC9lblwvd3AtY29udGVudFwvdXBsb2Fkc1wvc2l0ZXNcLzNcL2ZhY2hhZGEtZW50cmFkYS1mcm9udGFsLW9saXZvcy1hZ3JvdHVyaXNtZS1zdWJpZXMud2VicCIsInNsaWRlc2hvdyI6IjY0NWZhNWYifQ%3D%3D\">\n\t\t\t\t\t<div class=\"e-gallery-image elementor-gallery-item__image\" data-thumbnail=\"https:\/\/agroturismesubies.es\/en\/wp-content\/uploads\/sites\/3\/fachada-entrada-frontal-olivos-agroturisme-subies-768x1151.webp\" data-width=\"768\" data-height=\"1151\" aria-label=\"\" role=\"img\" ><\/div>\n\t\t\t\t\t\t\t\t\t\t\t<div class=\"elementor-gallery-item__overlay\"><\/div>\n\t\t\t\t\t\t\t\t\t\t\t\t\t\t<\/a>\n\t\t\t\t\t\t\t<a class=\"e-gallery-item elementor-gallery-item elementor-animated-content\" data-e-gallery-tags=\"0\" href=\"https:\/\/agroturismesubies.es\/en\/wp-content\/uploads\/sites\/3\/detalle-flores-rojas-agroturisme-subies.webp\" data-elementor-open-lightbox=\"yes\" data-elementor-lightbox-slideshow=\"645fa5f\" data-e-action-hash=\"#elementor-action%3Aaction%3Dlightbox%26settings%3DeyJpZCI6MTI1OCwidXJsIjoiaHR0cHM6XC9cL2Fncm90dXJpc21lc3ViaWVzLmVzXC9lblwvd3AtY29udGVudFwvdXBsb2Fkc1wvc2l0ZXNcLzNcL2RldGFsbGUtZmxvcmVzLXJvamFzLWFncm90dXJpc21lLXN1Ymllcy53ZWJwIiwic2xpZGVzaG93IjoiNjQ1ZmE1ZiJ9\">\n\t\t\t\t\t<div class=\"e-gallery-image elementor-gallery-item__image\" data-thumbnail=\"https:\/\/agroturismesubies.es\/en\/wp-content\/uploads\/sites\/3\/detalle-flores-rojas-agroturisme-subies-768x1151.webp\" data-width=\"768\" data-height=\"1151\" aria-label=\"detalle flores rojas agroturisme subies\" role=\"img\" ><\/div>\n\t\t\t\t\t\t\t\t\t\t\t<div class=\"elementor-gallery-item__overlay\"><\/div>\n\t\t\t\t\t\t\t\t\t\t\t\t\t\t<\/a>\n\t\t\t\t\t\t\t<a class=\"e-gallery-item elementor-gallery-item elementor-animated-content\" data-e-gallery-tags=\"0\" href=\"https:\/\/agroturismesubies.es\/en\/wp-content\/uploads\/sites\/3\/piscina-lateral-piscina-agroturisme-subies-mallorca.webp\" data-elementor-open-lightbox=\"yes\" data-elementor-lightbox-slideshow=\"645fa5f\" data-e-action-hash=\"#elementor-action%3Aaction%3Dlightbox%26settings%3DeyJpZCI6MTE2MywidXJsIjoiaHR0cHM6XC9cL2Fncm90dXJpc21lc3ViaWVzLmVzXC9lblwvd3AtY29udGVudFwvdXBsb2Fkc1wvc2l0ZXNcLzNcL3Bpc2NpbmEtbGF0ZXJhbC1waXNjaW5hLWFncm90dXJpc21lLXN1Ymllcy1tYWxsb3JjYS53ZWJwIiwic2xpZGVzaG93IjoiNjQ1ZmE1ZiJ9\">\n\t\t\t\t\t<div class=\"e-gallery-image elementor-gallery-item__image\" data-thumbnail=\"https:\/\/agroturismesubies.es\/en\/wp-content\/uploads\/sites\/3\/piscina-lateral-piscina-agroturisme-subies-mallorca-768x1150.webp\" data-width=\"768\" data-height=\"1150\" aria-label=\"\" role=\"img\" ><\/div>\n\t\t\t\t\t\t\t\t\t\t\t<div class=\"elementor-gallery-item__overlay\"><\/div>\n\t\t\t\t\t\t\t\t\t\t\t\t\t\t<\/a>\n\t\t\t\t\t\t\t<a class=\"e-gallery-item elementor-gallery-item elementor-animated-content\" data-e-gallery-tags=\"0\" href=\"https:\/\/agroturismesubies.es\/en\/wp-content\/uploads\/sites\/3\/vista-interior-piscina-piscina-agroturisme-subies-mallorca.webp\" data-elementor-open-lightbox=\"yes\" data-elementor-lightbox-slideshow=\"645fa5f\" data-e-action-hash=\"#elementor-action%3Aaction%3Dlightbox%26settings%3DeyJpZCI6MTE3MCwidXJsIjoiaHR0cHM6XC9cL2Fncm90dXJpc21lc3ViaWVzLmVzXC9lblwvd3AtY29udGVudFwvdXBsb2Fkc1wvc2l0ZXNcLzNcL3Zpc3RhLWludGVyaW9yLXBpc2NpbmEtcGlzY2luYS1hZ3JvdHVyaXNtZS1zdWJpZXMtbWFsbG9yY2Eud2VicCIsInNsaWRlc2hvdyI6IjY0NWZhNWYifQ%3D%3D\">\n\t\t\t\t\t<div class=\"e-gallery-image elementor-gallery-item__image\" data-thumbnail=\"https:\/\/agroturismesubies.es\/en\/wp-content\/uploads\/sites\/3\/vista-interior-piscina-piscina-agroturisme-subies-mallorca-768x1150.webp\" data-width=\"768\" data-height=\"1150\" aria-label=\"vista interior piscina piscina agroturisme subies mallorca\" role=\"img\" ><\/div>\n\t\t\t\t\t\t\t\t\t\t\t<div class=\"elementor-gallery-item__overlay\"><\/div>\n\t\t\t\t\t\t\t\t\t\t\t\t\t\t<\/a>\n\t\t\t\t\t\t\t<a class=\"e-gallery-item elementor-gallery-item elementor-animated-content\" data-e-gallery-tags=\"0\" href=\"https:\/\/agroturismesubies.es\/en\/wp-content\/uploads\/sites\/3\/vista-lejana-agroturisme-subies-mallorca.webp\" data-elementor-open-lightbox=\"yes\" data-elementor-lightbox-slideshow=\"645fa5f\" data-e-action-hash=\"#elementor-action%3Aaction%3Dlightbox%26settings%3DeyJpZCI6MTE3MSwidXJsIjoiaHR0cHM6XC9cL2Fncm90dXJpc21lc3ViaWVzLmVzXC9lblwvd3AtY29udGVudFwvdXBsb2Fkc1wvc2l0ZXNcLzNcL3Zpc3RhLWxlamFuYS1hZ3JvdHVyaXNtZS1zdWJpZXMtbWFsbG9yY2Eud2VicCIsInNsaWRlc2hvdyI6IjY0NWZhNWYifQ%3D%3D\">\n\t\t\t\t\t<div class=\"e-gallery-image elementor-gallery-item__image\" data-thumbnail=\"https:\/\/agroturismesubies.es\/en\/wp-content\/uploads\/sites\/3\/vista-lejana-agroturisme-subies-mallorca-768x513.webp\" data-width=\"768\" data-height=\"513\" aria-label=\"\" role=\"img\" ><\/div>\n\t\t\t\t\t\t\t\t\t\t\t<div class=\"elementor-gallery-item__overlay\"><\/div>\n\t\t\t\t\t\t\t\t\t\t\t\t\t\t<\/a>\n\t\t\t\t\t\t\t<a class=\"e-gallery-item elementor-gallery-item elementor-animated-content\" data-e-gallery-tags=\"0\" href=\"https:\/\/agroturismesubies.es\/en\/wp-content\/uploads\/sites\/3\/vista-a-ras-piscina-agroturisme-subies-mallorca.webp\" data-elementor-open-lightbox=\"yes\" data-elementor-lightbox-slideshow=\"645fa5f\" data-e-action-hash=\"#elementor-action%3Aaction%3Dlightbox%26settings%3DeyJpZCI6MTE2OCwidXJsIjoiaHR0cHM6XC9cL2Fncm90dXJpc21lc3ViaWVzLmVzXC9lblwvd3AtY29udGVudFwvdXBsb2Fkc1wvc2l0ZXNcLzNcL3Zpc3RhLWEtcmFzLXBpc2NpbmEtYWdyb3R1cmlzbWUtc3ViaWVzLW1hbGxvcmNhLndlYnAiLCJzbGlkZXNob3ciOiI2NDVmYTVmIn0%3D\">\n\t\t\t\t\t<div class=\"e-gallery-image elementor-gallery-item__image\" data-thumbnail=\"https:\/\/agroturismesubies.es\/en\/wp-content\/uploads\/sites\/3\/vista-a-ras-piscina-agroturisme-subies-mallorca-768x513.webp\" data-width=\"768\" data-height=\"513\" aria-label=\"vista a ras piscina agroturisme subies mallorca\" role=\"img\" ><\/div>\n\t\t\t\t\t\t\t\t\t\t\t<div class=\"elementor-gallery-item__overlay\"><\/div>\n\t\t\t\t\t\t\t\t\t\t\t\t\t\t<\/a>\n\t\t\t\t\t\t\t<a class=\"e-gallery-item elementor-gallery-item elementor-animated-content\" data-e-gallery-tags=\"0\" href=\"https:\/\/agroturismesubies.es\/en\/wp-content\/uploads\/sites\/3\/vista-panoramica-pisciba-agroturisme-subies-mallorca.webp\" data-elementor-open-lightbox=\"yes\" data-elementor-lightbox-slideshow=\"645fa5f\" data-e-action-hash=\"#elementor-action%3Aaction%3Dlightbox%26settings%3DeyJpZCI6MTE3MiwidXJsIjoiaHR0cHM6XC9cL2Fncm90dXJpc21lc3ViaWVzLmVzXC9lblwvd3AtY29udGVudFwvdXBsb2Fkc1wvc2l0ZXNcLzNcL3Zpc3RhLXBhbm9yYW1pY2EtcGlzY2liYS1hZ3JvdHVyaXNtZS1zdWJpZXMtbWFsbG9yY2Eud2VicCIsInNsaWRlc2hvdyI6IjY0NWZhNWYifQ%3D%3D\">\n\t\t\t\t\t<div class=\"e-gallery-image elementor-gallery-item__image\" data-thumbnail=\"https:\/\/agroturismesubies.es\/en\/wp-content\/uploads\/sites\/3\/vista-panoramica-pisciba-agroturisme-subies-mallorca-768x513.webp\" data-width=\"768\" data-height=\"513\" aria-label=\"vista panoramica pisciba agroturisme subies mallorca\" role=\"img\" ><\/div>\n\t\t\t\t\t\t\t\t\t\t\t<div class=\"elementor-gallery-item__overlay\"><\/div>\n\t\t\t\t\t\t\t\t\t\t\t\t\t\t<\/a>\n\t\t\t\t\t\t\t<a class=\"e-gallery-item elementor-gallery-item elementor-animated-content\" data-e-gallery-tags=\"0\" href=\"https:\/\/agroturismesubies.es\/en\/wp-content\/uploads\/sites\/3\/piscina-sillas-montana-agroturisme-subies-mallorca.webp\" data-elementor-open-lightbox=\"yes\" data-elementor-lightbox-slideshow=\"645fa5f\" data-e-action-hash=\"#elementor-action%3Aaction%3Dlightbox%26settings%3DeyJpZCI6MTE2NSwidXJsIjoiaHR0cHM6XC9cL2Fncm90dXJpc21lc3ViaWVzLmVzXC9lblwvd3AtY29udGVudFwvdXBsb2Fkc1wvc2l0ZXNcLzNcL3Bpc2NpbmEtc2lsbGFzLW1vbnRhbmEtYWdyb3R1cmlzbWUtc3ViaWVzLW1hbGxvcmNhLndlYnAiLCJzbGlkZXNob3ciOiI2NDVmYTVmIn0%3D\">\n\t\t\t\t\t<div class=\"e-gallery-image elementor-gallery-item__image\" data-thumbnail=\"https:\/\/agroturismesubies.es\/en\/wp-content\/uploads\/sites\/3\/piscina-sillas-montana-agroturisme-subies-mallorca-768x513.webp\" data-width=\"768\" data-height=\"513\" aria-label=\"piscina sillas montana agroturisme subies mallorca\" role=\"img\" ><\/div>\n\t\t\t\t\t\t\t\t\t\t\t<div class=\"elementor-gallery-item__overlay\"><\/div>\n\t\t\t\t\t\t\t\t\t\t\t\t\t\t<\/a>\n\t\t\t\t\t\t\t<a class=\"e-gallery-item elementor-gallery-item elementor-animated-content\" data-e-gallery-tags=\"0\" href=\"https:\/\/agroturismesubies.es\/en\/wp-content\/uploads\/sites\/3\/piscina-sillas-agroturisme-subies-mallorca.webp\" data-elementor-open-lightbox=\"yes\" data-elementor-lightbox-slideshow=\"645fa5f\" data-e-action-hash=\"#elementor-action%3Aaction%3Dlightbox%26settings%3DeyJpZCI6MTE2NCwidXJsIjoiaHR0cHM6XC9cL2Fncm90dXJpc21lc3ViaWVzLmVzXC9lblwvd3AtY29udGVudFwvdXBsb2Fkc1wvc2l0ZXNcLzNcL3Bpc2NpbmEtc2lsbGFzLWFncm90dXJpc21lLXN1Ymllcy1tYWxsb3JjYS53ZWJwIiwic2xpZGVzaG93IjoiNjQ1ZmE1ZiJ9\">\n\t\t\t\t\t<div class=\"e-gallery-image elementor-gallery-item__image\" data-thumbnail=\"https:\/\/agroturismesubies.es\/en\/wp-content\/uploads\/sites\/3\/piscina-sillas-agroturisme-subies-mallorca-768x1150.webp\" data-width=\"768\" data-height=\"1150\" aria-label=\"piscina sillas agroturisme subies mallorca\" role=\"img\" ><\/div>\n\t\t\t\t\t\t\t\t\t\t\t<div class=\"elementor-gallery-item__overlay\"><\/div>\n\t\t\t\t\t\t\t\t\t\t\t\t\t\t<\/a>\n\t\t\t\t\t\t\t<a class=\"e-gallery-item elementor-gallery-item elementor-animated-content\" data-e-gallery-tags=\"0\" href=\"https:\/\/agroturismesubies.es\/en\/wp-content\/uploads\/sites\/3\/primer-plano-arbol-piscina-piscina-agroturisme-subies-mallorca.webp\" data-elementor-open-lightbox=\"yes\" data-elementor-lightbox-slideshow=\"645fa5f\" data-e-action-hash=\"#elementor-action%3Aaction%3Dlightbox%26settings%3DeyJpZCI6MTE2NywidXJsIjoiaHR0cHM6XC9cL2Fncm90dXJpc21lc3ViaWVzLmVzXC9lblwvd3AtY29udGVudFwvdXBsb2Fkc1wvc2l0ZXNcLzNcL3ByaW1lci1wbGFuby1hcmJvbC1waXNjaW5hLXBpc2NpbmEtYWdyb3R1cmlzbWUtc3ViaWVzLW1hbGxvcmNhLndlYnAiLCJzbGlkZXNob3ciOiI2NDVmYTVmIn0%3D\">\n\t\t\t\t\t<div class=\"e-gallery-image elementor-gallery-item__image\" data-thumbnail=\"https:\/\/agroturismesubies.es\/en\/wp-content\/uploads\/sites\/3\/primer-plano-arbol-piscina-piscina-agroturisme-subies-mallorca-768x513.webp\" data-width=\"768\" data-height=\"513\" aria-label=\"primer plano arbol piscina piscina agroturisme subies mallorca\" role=\"img\" ><\/div>\n\t\t\t\t\t\t\t\t\t\t\t<div class=\"elementor-gallery-item__overlay\"><\/div>\n\t\t\t\t\t\t\t\t\t\t\t\t\t\t<\/a>\n\t\t\t\t\t\t\t<a class=\"e-gallery-item elementor-gallery-item elementor-animated-content\" data-e-gallery-tags=\"0\" href=\"https:\/\/agroturismesubies.es\/en\/wp-content\/uploads\/sites\/3\/flores-entorno-agroturisme-subies.webp\" data-elementor-open-lightbox=\"yes\" data-elementor-lightbox-slideshow=\"645fa5f\" data-e-action-hash=\"#elementor-action%3Aaction%3Dlightbox%26settings%3DeyJpZCI6MTEzNywidXJsIjoiaHR0cHM6XC9cL2Fncm90dXJpc21lc3ViaWVzLmVzXC9lblwvd3AtY29udGVudFwvdXBsb2Fkc1wvc2l0ZXNcLzNcL2Zsb3Jlcy1lbnRvcm5vLWFncm90dXJpc21lLXN1Ymllcy53ZWJwIiwic2xpZGVzaG93IjoiNjQ1ZmE1ZiJ9\">\n\t\t\t\t\t<div class=\"e-gallery-image elementor-gallery-item__image\" data-thumbnail=\"https:\/\/agroturismesubies.es\/en\/wp-content\/uploads\/sites\/3\/flores-entorno-agroturisme-subies-768x1024.webp\" data-width=\"768\" data-height=\"1024\" aria-label=\"flores entorno agroturisme subies\" role=\"img\" ><\/div>\n\t\t\t\t\t\t\t\t\t\t\t<div class=\"elementor-gallery-item__overlay\"><\/div>\n\t\t\t\t\t\t\t\t\t\t\t\t\t\t<\/a>\n\t\t\t\t\t\t\t<a class=\"e-gallery-item elementor-gallery-item elementor-animated-content\" data-e-gallery-tags=\"1\" href=\"https:\/\/agroturismesubies.es\/en\/wp-content\/uploads\/sites\/3\/vista-sala-entrada-agroturisme-subies-mallorca-1.webp\" data-elementor-open-lightbox=\"yes\" data-elementor-lightbox-slideshow=\"645fa5f\" data-e-action-hash=\"#elementor-action%3Aaction%3Dlightbox%26settings%3DeyJpZCI6MTMyNiwidXJsIjoiaHR0cHM6XC9cL2Fncm90dXJpc21lc3ViaWVzLmVzXC9lblwvd3AtY29udGVudFwvdXBsb2Fkc1wvc2l0ZXNcLzNcL3Zpc3RhLXNhbGEtZW50cmFkYS1hZ3JvdHVyaXNtZS1zdWJpZXMtbWFsbG9yY2EtMS53ZWJwIiwic2xpZGVzaG93IjoiNjQ1ZmE1ZiJ9\">\n\t\t\t\t\t<div class=\"e-gallery-image elementor-gallery-item__image\" data-thumbnail=\"https:\/\/agroturismesubies.es\/en\/wp-content\/uploads\/sites\/3\/vista-sala-entrada-agroturisme-subies-mallorca-1-768x513.webp\" data-width=\"768\" data-height=\"513\" aria-label=\"vista sala entrada agroturisme subies mallorca 1\" role=\"img\" ><\/div>\n\t\t\t\t\t\t\t\t\t\t\t<div class=\"elementor-gallery-item__overlay\"><\/div>\n\t\t\t\t\t\t\t\t\t\t\t\t\t\t<\/a>\n\t\t\t\t\t\t\t<a class=\"e-gallery-item elementor-gallery-item elementor-animated-content\" data-e-gallery-tags=\"1\" href=\"https:\/\/agroturismesubies.es\/en\/wp-content\/uploads\/sites\/3\/vista-sala-agroturisme-subies-mallorca-1.webp\" data-elementor-open-lightbox=\"yes\" data-elementor-lightbox-slideshow=\"645fa5f\" data-e-action-hash=\"#elementor-action%3Aaction%3Dlightbox%26settings%3DeyJpZCI6MTMyNSwidXJsIjoiaHR0cHM6XC9cL2Fncm90dXJpc21lc3ViaWVzLmVzXC9lblwvd3AtY29udGVudFwvdXBsb2Fkc1wvc2l0ZXNcLzNcL3Zpc3RhLXNhbGEtYWdyb3R1cmlzbWUtc3ViaWVzLW1hbGxvcmNhLTEud2VicCIsInNsaWRlc2hvdyI6IjY0NWZhNWYifQ%3D%3D\">\n\t\t\t\t\t<div class=\"e-gallery-image elementor-gallery-item__image\" data-thumbnail=\"https:\/\/agroturismesubies.es\/en\/wp-content\/uploads\/sites\/3\/vista-sala-agroturisme-subies-mallorca-1-768x1150.webp\" data-width=\"768\" data-height=\"1150\" aria-label=\"vista sala agroturisme subies mallorca 1\" role=\"img\" ><\/div>\n\t\t\t\t\t\t\t\t\t\t\t<div class=\"elementor-gallery-item__overlay\"><\/div>\n\t\t\t\t\t\t\t\t\t\t\t\t\t\t<\/a>\n\t\t\t\t\t\t\t<a class=\"e-gallery-item elementor-gallery-item elementor-animated-content\" data-e-gallery-tags=\"1\" href=\"https:\/\/agroturismesubies.es\/en\/wp-content\/uploads\/sites\/3\/vista-pasillo-interior-agroturisme-subies-mallorca-1.webp\" data-elementor-open-lightbox=\"yes\" data-elementor-lightbox-slideshow=\"645fa5f\" data-e-action-hash=\"#elementor-action%3Aaction%3Dlightbox%26settings%3DeyJpZCI6MTMyNCwidXJsIjoiaHR0cHM6XC9cL2Fncm90dXJpc21lc3ViaWVzLmVzXC9lblwvd3AtY29udGVudFwvdXBsb2Fkc1wvc2l0ZXNcLzNcL3Zpc3RhLXBhc2lsbG8taW50ZXJpb3ItYWdyb3R1cmlzbWUtc3ViaWVzLW1hbGxvcmNhLTEud2VicCIsInNsaWRlc2hvdyI6IjY0NWZhNWYifQ%3D%3D\">\n\t\t\t\t\t<div class=\"e-gallery-image elementor-gallery-item__image\" data-thumbnail=\"https:\/\/agroturismesubies.es\/en\/wp-content\/uploads\/sites\/3\/vista-pasillo-interior-agroturisme-subies-mallorca-1-768x1150.webp\" data-width=\"768\" data-height=\"1150\" aria-label=\"vista pasillo interior agroturisme subies mallorca 1\" role=\"img\" ><\/div>\n\t\t\t\t\t\t\t\t\t\t\t<div class=\"elementor-gallery-item__overlay\"><\/div>\n\t\t\t\t\t\t\t\t\t\t\t\t\t\t<\/a>\n\t\t\t\t\t\t\t<a class=\"e-gallery-item elementor-gallery-item elementor-animated-content\" data-e-gallery-tags=\"1\" href=\"https:\/\/agroturismesubies.es\/en\/wp-content\/uploads\/sites\/3\/vista-general-salon-entrada-agroturisme-subies-mallorca-1.webp\" data-elementor-open-lightbox=\"yes\" data-elementor-lightbox-slideshow=\"645fa5f\" data-e-action-hash=\"#elementor-action%3Aaction%3Dlightbox%26settings%3DeyJpZCI6MTMyMywidXJsIjoiaHR0cHM6XC9cL2Fncm90dXJpc21lc3ViaWVzLmVzXC9lblwvd3AtY29udGVudFwvdXBsb2Fkc1wvc2l0ZXNcLzNcL3Zpc3RhLWdlbmVyYWwtc2Fsb24tZW50cmFkYS1hZ3JvdHVyaXNtZS1zdWJpZXMtbWFsbG9yY2EtMS53ZWJwIiwic2xpZGVzaG93IjoiNjQ1ZmE1ZiJ9\">\n\t\t\t\t\t<div class=\"e-gallery-image elementor-gallery-item__image\" data-thumbnail=\"https:\/\/agroturismesubies.es\/en\/wp-content\/uploads\/sites\/3\/vista-general-salon-entrada-agroturisme-subies-mallorca-1-768x513.webp\" data-width=\"768\" data-height=\"513\" aria-label=\"\" role=\"img\" ><\/div>\n\t\t\t\t\t\t\t\t\t\t\t<div class=\"elementor-gallery-item__overlay\"><\/div>\n\t\t\t\t\t\t\t\t\t\t\t\t\t\t<\/a>\n\t\t\t\t\t\t\t<a class=\"e-gallery-item elementor-gallery-item elementor-animated-content\" data-e-gallery-tags=\"1\" href=\"https:\/\/agroturismesubies.es\/en\/wp-content\/uploads\/sites\/3\/vista-desde-sala-a-escalera-agroturisme-subies-mallorca-1.webp\" data-elementor-open-lightbox=\"yes\" data-elementor-lightbox-slideshow=\"645fa5f\" data-e-action-hash=\"#elementor-action%3Aaction%3Dlightbox%26settings%3DeyJpZCI6MTMyMSwidXJsIjoiaHR0cHM6XC9cL2Fncm90dXJpc21lc3ViaWVzLmVzXC9lblwvd3AtY29udGVudFwvdXBsb2Fkc1wvc2l0ZXNcLzNcL3Zpc3RhLWRlc2RlLXNhbGEtYS1lc2NhbGVyYS1hZ3JvdHVyaXNtZS1zdWJpZXMtbWFsbG9yY2EtMS53ZWJwIiwic2xpZGVzaG93IjoiNjQ1ZmE1ZiJ9\">\n\t\t\t\t\t<div class=\"e-gallery-image elementor-gallery-item__image\" data-thumbnail=\"https:\/\/agroturismesubies.es\/en\/wp-content\/uploads\/sites\/3\/vista-desde-sala-a-escalera-agroturisme-subies-mallorca-1-768x1150.webp\" data-width=\"768\" data-height=\"1150\" aria-label=\"\" role=\"img\" ><\/div>\n\t\t\t\t\t\t\t\t\t\t\t<div class=\"elementor-gallery-item__overlay\"><\/div>\n\t\t\t\t\t\t\t\t\t\t\t\t\t\t<\/a>\n\t\t\t\t\t\t\t<a class=\"e-gallery-item elementor-gallery-item elementor-animated-content\" data-e-gallery-tags=\"1\" href=\"https:\/\/agroturismesubies.es\/en\/wp-content\/uploads\/sites\/3\/sala-con-vista-ventana-agroturisme-subies-mallorca-1.webp\" data-elementor-open-lightbox=\"yes\" data-elementor-lightbox-slideshow=\"645fa5f\" data-e-action-hash=\"#elementor-action%3Aaction%3Dlightbox%26settings%3DeyJpZCI6MTMxMywidXJsIjoiaHR0cHM6XC9cL2Fncm90dXJpc21lc3ViaWVzLmVzXC9lblwvd3AtY29udGVudFwvdXBsb2Fkc1wvc2l0ZXNcLzNcL3NhbGEtY29uLXZpc3RhLXZlbnRhbmEtYWdyb3R1cmlzbWUtc3ViaWVzLW1hbGxvcmNhLTEud2VicCIsInNsaWRlc2hvdyI6IjY0NWZhNWYifQ%3D%3D\">\n\t\t\t\t\t<div class=\"e-gallery-image elementor-gallery-item__image\" data-thumbnail=\"https:\/\/agroturismesubies.es\/en\/wp-content\/uploads\/sites\/3\/sala-con-vista-ventana-agroturisme-subies-mallorca-1-768x1150.webp\" data-width=\"768\" data-height=\"1150\" aria-label=\"sala con vista ventana agroturisme subies mallorca 1\" role=\"img\" ><\/div>\n\t\t\t\t\t\t\t\t\t\t\t<div class=\"elementor-gallery-item__overlay\"><\/div>\n\t\t\t\t\t\t\t\t\t\t\t\t\t\t<\/a>\n\t\t\t\t\t\t\t<a class=\"e-gallery-item elementor-gallery-item elementor-animated-content\" data-e-gallery-tags=\"1\" href=\"https:\/\/agroturismesubies.es\/en\/wp-content\/uploads\/sites\/3\/sala-entrada-botellas-1.webp\" data-elementor-open-lightbox=\"yes\" data-elementor-lightbox-slideshow=\"645fa5f\" data-e-action-hash=\"#elementor-action%3Aaction%3Dlightbox%26settings%3DeyJpZCI6MTMxNCwidXJsIjoiaHR0cHM6XC9cL2Fncm90dXJpc21lc3ViaWVzLmVzXC9lblwvd3AtY29udGVudFwvdXBsb2Fkc1wvc2l0ZXNcLzNcL3NhbGEtZW50cmFkYS1ib3RlbGxhcy0xLndlYnAiLCJzbGlkZXNob3ciOiI2NDVmYTVmIn0%3D\">\n\t\t\t\t\t<div class=\"e-gallery-image elementor-gallery-item__image\" data-thumbnail=\"https:\/\/agroturismesubies.es\/en\/wp-content\/uploads\/sites\/3\/sala-entrada-botellas-1-768x513.webp\" data-width=\"768\" data-height=\"513\" aria-label=\"\" role=\"img\" ><\/div>\n\t\t\t\t\t\t\t\t\t\t\t<div class=\"elementor-gallery-item__overlay\"><\/div>\n\t\t\t\t\t\t\t\t\t\t\t\t\t\t<\/a>\n\t\t\t\t\t\t\t<a class=\"e-gallery-item elementor-gallery-item elementor-animated-content\" data-e-gallery-tags=\"1\" href=\"https:\/\/agroturismesubies.es\/en\/wp-content\/uploads\/sites\/3\/sala-frontal-escalera-agroturisme-subies-mallorca-1.webp\" data-elementor-open-lightbox=\"yes\" data-elementor-lightbox-slideshow=\"645fa5f\" data-e-action-hash=\"#elementor-action%3Aaction%3Dlightbox%26settings%3DeyJpZCI6MTMxNSwidXJsIjoiaHR0cHM6XC9cL2Fncm90dXJpc21lc3ViaWVzLmVzXC9lblwvd3AtY29udGVudFwvdXBsb2Fkc1wvc2l0ZXNcLzNcL3NhbGEtZnJvbnRhbC1lc2NhbGVyYS1hZ3JvdHVyaXNtZS1zdWJpZXMtbWFsbG9yY2EtMS53ZWJwIiwic2xpZGVzaG93IjoiNjQ1ZmE1ZiJ9\">\n\t\t\t\t\t<div class=\"e-gallery-image elementor-gallery-item__image\" data-thumbnail=\"https:\/\/agroturismesubies.es\/en\/wp-content\/uploads\/sites\/3\/sala-frontal-escalera-agroturisme-subies-mallorca-1-768x513.webp\" data-width=\"768\" data-height=\"513\" aria-label=\"sala frontal escalera agroturisme subies mallorca 1\" role=\"img\" ><\/div>\n\t\t\t\t\t\t\t\t\t\t\t<div class=\"elementor-gallery-item__overlay\"><\/div>\n\t\t\t\t\t\t\t\t\t\t\t\t\t\t<\/a>\n\t\t\t\t\t\t\t<a class=\"e-gallery-item elementor-gallery-item elementor-animated-content\" data-e-gallery-tags=\"1\" href=\"https:\/\/agroturismesubies.es\/en\/wp-content\/uploads\/sites\/3\/sala-vista-lateral-agroturisme-subies-mallorca-1.webp\" data-elementor-open-lightbox=\"yes\" data-elementor-lightbox-slideshow=\"645fa5f\" data-e-action-hash=\"#elementor-action%3Aaction%3Dlightbox%26settings%3DeyJpZCI6MTMxNiwidXJsIjoiaHR0cHM6XC9cL2Fncm90dXJpc21lc3ViaWVzLmVzXC9lblwvd3AtY29udGVudFwvdXBsb2Fkc1wvc2l0ZXNcLzNcL3NhbGEtdmlzdGEtbGF0ZXJhbC1hZ3JvdHVyaXNtZS1zdWJpZXMtbWFsbG9yY2EtMS53ZWJwIiwic2xpZGVzaG93IjoiNjQ1ZmE1ZiJ9\">\n\t\t\t\t\t<div class=\"e-gallery-image elementor-gallery-item__image\" data-thumbnail=\"https:\/\/agroturismesubies.es\/en\/wp-content\/uploads\/sites\/3\/sala-vista-lateral-agroturisme-subies-mallorca-1-768x1150.webp\" data-width=\"768\" data-height=\"1150\" aria-label=\"\" role=\"img\" ><\/div>\n\t\t\t\t\t\t\t\t\t\t\t<div class=\"elementor-gallery-item__overlay\"><\/div>\n\t\t\t\t\t\t\t\t\t\t\t\t\t\t<\/a>\n\t\t\t\t\t\t\t<a class=\"e-gallery-item elementor-gallery-item elementor-animated-content\" data-e-gallery-tags=\"1\" href=\"https:\/\/agroturismesubies.es\/en\/wp-content\/uploads\/sites\/3\/salon-ventana-agroturisme-subies-1.webp\" data-elementor-open-lightbox=\"yes\" data-elementor-lightbox-slideshow=\"645fa5f\" data-e-action-hash=\"#elementor-action%3Aaction%3Dlightbox%26settings%3DeyJpZCI6MTMxNywidXJsIjoiaHR0cHM6XC9cL2Fncm90dXJpc21lc3ViaWVzLmVzXC9lblwvd3AtY29udGVudFwvdXBsb2Fkc1wvc2l0ZXNcLzNcL3NhbG9uLXZlbnRhbmEtYWdyb3R1cmlzbWUtc3ViaWVzLTEud2VicCIsInNsaWRlc2hvdyI6IjY0NWZhNWYifQ%3D%3D\">\n\t\t\t\t\t<div class=\"e-gallery-image elementor-gallery-item__image\" data-thumbnail=\"https:\/\/agroturismesubies.es\/en\/wp-content\/uploads\/sites\/3\/salon-ventana-agroturisme-subies-1-768x1150.webp\" data-width=\"768\" data-height=\"1150\" aria-label=\"salon ventana agroturisme subies 1\" role=\"img\" ><\/div>\n\t\t\t\t\t\t\t\t\t\t\t<div class=\"elementor-gallery-item__overlay\"><\/div>\n\t\t\t\t\t\t\t\t\t\t\t\t\t\t<\/a>\n\t\t\t\t\t\t\t<a class=\"e-gallery-item elementor-gallery-item elementor-animated-content\" data-e-gallery-tags=\"1\" href=\"https:\/\/agroturismesubies.es\/en\/wp-content\/uploads\/sites\/3\/vista-desde-coemdor-agroturisme-subies-mallorca-1.webp\" data-elementor-open-lightbox=\"yes\" data-elementor-lightbox-slideshow=\"645fa5f\" data-e-action-hash=\"#elementor-action%3Aaction%3Dlightbox%26settings%3DeyJpZCI6MTMxOCwidXJsIjoiaHR0cHM6XC9cL2Fncm90dXJpc21lc3ViaWVzLmVzXC9lblwvd3AtY29udGVudFwvdXBsb2Fkc1wvc2l0ZXNcLzNcL3Zpc3RhLWRlc2RlLWNvZW1kb3ItYWdyb3R1cmlzbWUtc3ViaWVzLW1hbGxvcmNhLTEud2VicCIsInNsaWRlc2hvdyI6IjY0NWZhNWYifQ%3D%3D\">\n\t\t\t\t\t<div class=\"e-gallery-image elementor-gallery-item__image\" data-thumbnail=\"https:\/\/agroturismesubies.es\/en\/wp-content\/uploads\/sites\/3\/vista-desde-coemdor-agroturisme-subies-mallorca-1-768x513.webp\" data-width=\"768\" data-height=\"513\" aria-label=\"vista desde coemdor agroturisme subies mallorca 1\" role=\"img\" ><\/div>\n\t\t\t\t\t\t\t\t\t\t\t<div class=\"elementor-gallery-item__overlay\"><\/div>\n\t\t\t\t\t\t\t\t\t\t\t\t\t\t<\/a>\n\t\t\t\t\t\t\t<a class=\"e-gallery-item elementor-gallery-item elementor-animated-content\" data-e-gallery-tags=\"1\" href=\"https:\/\/agroturismesubies.es\/en\/wp-content\/uploads\/sites\/3\/vista-desde-escalera-a-entrda-agroturisme-subies-mallorca-1.webp\" data-elementor-open-lightbox=\"yes\" data-elementor-lightbox-slideshow=\"645fa5f\" data-e-action-hash=\"#elementor-action%3Aaction%3Dlightbox%26settings%3DeyJpZCI6MTMyMCwidXJsIjoiaHR0cHM6XC9cL2Fncm90dXJpc21lc3ViaWVzLmVzXC9lblwvd3AtY29udGVudFwvdXBsb2Fkc1wvc2l0ZXNcLzNcL3Zpc3RhLWRlc2RlLWVzY2FsZXJhLWEtZW50cmRhLWFncm90dXJpc21lLXN1Ymllcy1tYWxsb3JjYS0xLndlYnAiLCJzbGlkZXNob3ciOiI2NDVmYTVmIn0%3D\">\n\t\t\t\t\t<div class=\"e-gallery-image elementor-gallery-item__image\" data-thumbnail=\"https:\/\/agroturismesubies.es\/en\/wp-content\/uploads\/sites\/3\/vista-desde-escalera-a-entrda-agroturisme-subies-mallorca-1-768x1150.webp\" data-width=\"768\" data-height=\"1150\" aria-label=\"vista desde escalera a entrda agroturisme subies mallorca 1\" role=\"img\" ><\/div>\n\t\t\t\t\t\t\t\t\t\t\t<div class=\"elementor-gallery-item__overlay\"><\/div>\n\t\t\t\t\t\t\t\t\t\t\t\t\t\t<\/a>\n\t\t\t\t\t\t\t<a class=\"e-gallery-item elementor-gallery-item elementor-animated-content\" data-e-gallery-tags=\"1\" href=\"https:\/\/agroturismesubies.es\/en\/wp-content\/uploads\/sites\/3\/sala-agroturisme-subies-mallorca-1.webp\" data-elementor-open-lightbox=\"yes\" data-elementor-lightbox-slideshow=\"645fa5f\" data-e-action-hash=\"#elementor-action%3Aaction%3Dlightbox%26settings%3DeyJpZCI6MTMxMSwidXJsIjoiaHR0cHM6XC9cL2Fncm90dXJpc21lc3ViaWVzLmVzXC9lblwvd3AtY29udGVudFwvdXBsb2Fkc1wvc2l0ZXNcLzNcL3NhbGEtYWdyb3R1cmlzbWUtc3ViaWVzLW1hbGxvcmNhLTEud2VicCIsInNsaWRlc2hvdyI6IjY0NWZhNWYifQ%3D%3D\">\n\t\t\t\t\t<div class=\"e-gallery-image elementor-gallery-item__image\" data-thumbnail=\"https:\/\/agroturismesubies.es\/en\/wp-content\/uploads\/sites\/3\/sala-agroturisme-subies-mallorca-1-768x513.webp\" data-width=\"768\" data-height=\"513\" aria-label=\"\" role=\"img\" ><\/div>\n\t\t\t\t\t\t\t\t\t\t\t<div class=\"elementor-gallery-item__overlay\"><\/div>\n\t\t\t\t\t\t\t\t\t\t\t\t\t\t<\/a>\n\t\t\t\t\t\t\t<a class=\"e-gallery-item elementor-gallery-item elementor-animated-content\" data-e-gallery-tags=\"1\" href=\"https:\/\/agroturismesubies.es\/en\/wp-content\/uploads\/sites\/3\/panoramica-comedor-agroturisme-subies-mallorca-1.webp\" data-elementor-open-lightbox=\"yes\" data-elementor-lightbox-slideshow=\"645fa5f\" data-e-action-hash=\"#elementor-action%3Aaction%3Dlightbox%26settings%3DeyJpZCI6MTMxMCwidXJsIjoiaHR0cHM6XC9cL2Fncm90dXJpc21lc3ViaWVzLmVzXC9lblwvd3AtY29udGVudFwvdXBsb2Fkc1wvc2l0ZXNcLzNcL3Bhbm9yYW1pY2EtY29tZWRvci1hZ3JvdHVyaXNtZS1zdWJpZXMtbWFsbG9yY2EtMS53ZWJwIiwic2xpZGVzaG93IjoiNjQ1ZmE1ZiJ9\">\n\t\t\t\t\t<div class=\"e-gallery-image elementor-gallery-item__image\" data-thumbnail=\"https:\/\/agroturismesubies.es\/en\/wp-content\/uploads\/sites\/3\/panoramica-comedor-agroturisme-subies-mallorca-1-768x513.webp\" data-width=\"768\" data-height=\"513\" aria-label=\"panoramica comedor agroturisme subies mallorca 1\" role=\"img\" ><\/div>\n\t\t\t\t\t\t\t\t\t\t\t<div class=\"elementor-gallery-item__overlay\"><\/div>\n\t\t\t\t\t\t\t\t\t\t\t\t\t\t<\/a>\n\t\t\t\t\t\t\t<a class=\"e-gallery-item elementor-gallery-item elementor-animated-content\" data-e-gallery-tags=\"1\" href=\"https:\/\/agroturismesubies.es\/en\/wp-content\/uploads\/sites\/3\/lavabo-agroturisme-subies-mallorca-1.webp\" data-elementor-open-lightbox=\"yes\" data-elementor-lightbox-slideshow=\"645fa5f\" data-e-action-hash=\"#elementor-action%3Aaction%3Dlightbox%26settings%3DeyJpZCI6MTMwOSwidXJsIjoiaHR0cHM6XC9cL2Fncm90dXJpc21lc3ViaWVzLmVzXC9lblwvd3AtY29udGVudFwvdXBsb2Fkc1wvc2l0ZXNcLzNcL2xhdmFiby1hZ3JvdHVyaXNtZS1zdWJpZXMtbWFsbG9yY2EtMS53ZWJwIiwic2xpZGVzaG93IjoiNjQ1ZmE1ZiJ9\">\n\t\t\t\t\t<div class=\"e-gallery-image elementor-gallery-item__image\" data-thumbnail=\"https:\/\/agroturismesubies.es\/en\/wp-content\/uploads\/sites\/3\/lavabo-agroturisme-subies-mallorca-1-768x1150.webp\" data-width=\"768\" data-height=\"1150\" aria-label=\"lavabo agroturisme subies mallorca 1\" role=\"img\" ><\/div>\n\t\t\t\t\t\t\t\t\t\t\t<div class=\"elementor-gallery-item__overlay\"><\/div>\n\t\t\t\t\t\t\t\t\t\t\t\t\t\t<\/a>\n\t\t\t\t\t\t\t<a class=\"e-gallery-item elementor-gallery-item elementor-animated-content\" data-e-gallery-tags=\"1\" href=\"https:\/\/agroturismesubies.es\/en\/wp-content\/uploads\/sites\/3\/interior-agroturisme-subies-1.webp\" data-elementor-open-lightbox=\"yes\" data-elementor-lightbox-slideshow=\"645fa5f\" data-e-action-hash=\"#elementor-action%3Aaction%3Dlightbox%26settings%3DeyJpZCI6MTMwOCwidXJsIjoiaHR0cHM6XC9cL2Fncm90dXJpc21lc3ViaWVzLmVzXC9lblwvd3AtY29udGVudFwvdXBsb2Fkc1wvc2l0ZXNcLzNcL2ludGVyaW9yLWFncm90dXJpc21lLXN1Ymllcy0xLndlYnAiLCJzbGlkZXNob3ciOiI2NDVmYTVmIn0%3D\">\n\t\t\t\t\t<div class=\"e-gallery-image elementor-gallery-item__image\" data-thumbnail=\"https:\/\/agroturismesubies.es\/en\/wp-content\/uploads\/sites\/3\/interior-agroturisme-subies-1-768x1150.webp\" data-width=\"768\" data-height=\"1150\" aria-label=\"\" role=\"img\" ><\/div>\n\t\t\t\t\t\t\t\t\t\t\t<div class=\"elementor-gallery-item__overlay\"><\/div>\n\t\t\t\t\t\t\t\t\t\t\t\t\t\t<\/a>\n\t\t\t\t\t\t\t<a class=\"e-gallery-item elementor-gallery-item elementor-animated-content\" data-e-gallery-tags=\"1\" href=\"https:\/\/agroturismesubies.es\/en\/wp-content\/uploads\/sites\/3\/habitacion-recepcion-agroturisme-subies-mallorca-1.webp\" data-elementor-open-lightbox=\"yes\" data-elementor-lightbox-slideshow=\"645fa5f\" data-e-action-hash=\"#elementor-action%3Aaction%3Dlightbox%26settings%3DeyJpZCI6MTMwNywidXJsIjoiaHR0cHM6XC9cL2Fncm90dXJpc21lc3ViaWVzLmVzXC9lblwvd3AtY29udGVudFwvdXBsb2Fkc1wvc2l0ZXNcLzNcL2hhYml0YWNpb24tcmVjZXBjaW9uLWFncm90dXJpc21lLXN1Ymllcy1tYWxsb3JjYS0xLndlYnAiLCJzbGlkZXNob3ciOiI2NDVmYTVmIn0%3D\">\n\t\t\t\t\t<div class=\"e-gallery-image elementor-gallery-item__image\" data-thumbnail=\"https:\/\/agroturismesubies.es\/en\/wp-content\/uploads\/sites\/3\/habitacion-recepcion-agroturisme-subies-mallorca-1-768x513.webp\" data-width=\"768\" data-height=\"513\" aria-label=\"habitacion recepcion agroturisme subies mallorca 1\" role=\"img\" ><\/div>\n\t\t\t\t\t\t\t\t\t\t\t<div class=\"elementor-gallery-item__overlay\"><\/div>\n\t\t\t\t\t\t\t\t\t\t\t\t\t\t<\/a>\n\t\t\t\t\t\t\t<a class=\"e-gallery-item elementor-gallery-item elementor-animated-content\" data-e-gallery-tags=\"1\" href=\"https:\/\/agroturismesubies.es\/en\/wp-content\/uploads\/sites\/3\/escalera-agroturisme-subies-mallorca-1.webp\" data-elementor-open-lightbox=\"yes\" data-elementor-lightbox-slideshow=\"645fa5f\" data-e-action-hash=\"#elementor-action%3Aaction%3Dlightbox%26settings%3DeyJpZCI6MTMwNiwidXJsIjoiaHR0cHM6XC9cL2Fncm90dXJpc21lc3ViaWVzLmVzXC9lblwvd3AtY29udGVudFwvdXBsb2Fkc1wvc2l0ZXNcLzNcL2VzY2FsZXJhLWFncm90dXJpc21lLXN1Ymllcy1tYWxsb3JjYS0xLndlYnAiLCJzbGlkZXNob3ciOiI2NDVmYTVmIn0%3D\">\n\t\t\t\t\t<div class=\"e-gallery-image elementor-gallery-item__image\" data-thumbnail=\"https:\/\/agroturismesubies.es\/en\/wp-content\/uploads\/sites\/3\/escalera-agroturisme-subies-mallorca-1-768x1150.webp\" data-width=\"768\" data-height=\"1150\" aria-label=\"\" role=\"img\" ><\/div>\n\t\t\t\t\t\t\t\t\t\t\t<div class=\"elementor-gallery-item__overlay\"><\/div>\n\t\t\t\t\t\t\t\t\t\t\t\t\t\t<\/a>\n\t\t\t\t\t\t\t<a class=\"e-gallery-item elementor-gallery-item elementor-animated-content\" data-e-gallery-tags=\"1\" href=\"https:\/\/agroturismesubies.es\/en\/wp-content\/uploads\/sites\/3\/entrada-vista-escaleras-agroturisme-subies-mallorca-1.webp\" data-elementor-open-lightbox=\"yes\" data-elementor-lightbox-slideshow=\"645fa5f\" data-e-action-hash=\"#elementor-action%3Aaction%3Dlightbox%26settings%3DeyJpZCI6MTMwNSwidXJsIjoiaHR0cHM6XC9cL2Fncm90dXJpc21lc3ViaWVzLmVzXC9lblwvd3AtY29udGVudFwvdXBsb2Fkc1wvc2l0ZXNcLzNcL2VudHJhZGEtdmlzdGEtZXNjYWxlcmFzLWFncm90dXJpc21lLXN1Ymllcy1tYWxsb3JjYS0xLndlYnAiLCJzbGlkZXNob3ciOiI2NDVmYTVmIn0%3D\">\n\t\t\t\t\t<div class=\"e-gallery-image elementor-gallery-item__image\" data-thumbnail=\"https:\/\/agroturismesubies.es\/en\/wp-content\/uploads\/sites\/3\/entrada-vista-escaleras-agroturisme-subies-mallorca-1-768x513.webp\" data-width=\"768\" data-height=\"513\" aria-label=\"entrada vista escaleras agroturisme subies mallorca 1\" role=\"img\" ><\/div>\n\t\t\t\t\t\t\t\t\t\t\t<div class=\"elementor-gallery-item__overlay\"><\/div>\n\t\t\t\t\t\t\t\t\t\t\t\t\t\t<\/a>\n\t\t\t\t\t\t\t<a class=\"e-gallery-item elementor-gallery-item elementor-animated-content\" data-e-gallery-tags=\"1\" href=\"https:\/\/agroturismesubies.es\/en\/wp-content\/uploads\/sites\/3\/entrada-mesa-sillas-agroturisme-subies-mallorca-1.webp\" data-elementor-open-lightbox=\"yes\" data-elementor-lightbox-slideshow=\"645fa5f\" data-e-action-hash=\"#elementor-action%3Aaction%3Dlightbox%26settings%3DeyJpZCI6MTMwMywidXJsIjoiaHR0cHM6XC9cL2Fncm90dXJpc21lc3ViaWVzLmVzXC9lblwvd3AtY29udGVudFwvdXBsb2Fkc1wvc2l0ZXNcLzNcL2VudHJhZGEtbWVzYS1zaWxsYXMtYWdyb3R1cmlzbWUtc3ViaWVzLW1hbGxvcmNhLTEud2VicCIsInNsaWRlc2hvdyI6IjY0NWZhNWYifQ%3D%3D\">\n\t\t\t\t\t<div class=\"e-gallery-image elementor-gallery-item__image\" data-thumbnail=\"https:\/\/agroturismesubies.es\/en\/wp-content\/uploads\/sites\/3\/entrada-mesa-sillas-agroturisme-subies-mallorca-1-768x1150.webp\" data-width=\"768\" data-height=\"1150\" aria-label=\"\" role=\"img\" ><\/div>\n\t\t\t\t\t\t\t\t\t\t\t<div class=\"elementor-gallery-item__overlay\"><\/div>\n\t\t\t\t\t\t\t\t\t\t\t\t\t\t<\/a>\n\t\t\t\t\t\t\t<a class=\"e-gallery-item elementor-gallery-item elementor-animated-content\" data-e-gallery-tags=\"1\" href=\"https:\/\/agroturismesubies.es\/en\/wp-content\/uploads\/sites\/3\/entrada-hall-estar-agroturisme-subies-mallorca-1.webp\" data-elementor-open-lightbox=\"yes\" data-elementor-lightbox-slideshow=\"645fa5f\" data-e-action-hash=\"#elementor-action%3Aaction%3Dlightbox%26settings%3DeyJpZCI6MTMwMiwidXJsIjoiaHR0cHM6XC9cL2Fncm90dXJpc21lc3ViaWVzLmVzXC9lblwvd3AtY29udGVudFwvdXBsb2Fkc1wvc2l0ZXNcLzNcL2VudHJhZGEtaGFsbC1lc3Rhci1hZ3JvdHVyaXNtZS1zdWJpZXMtbWFsbG9yY2EtMS53ZWJwIiwic2xpZGVzaG93IjoiNjQ1ZmE1ZiJ9\">\n\t\t\t\t\t<div class=\"e-gallery-image elementor-gallery-item__image\" data-thumbnail=\"https:\/\/agroturismesubies.es\/en\/wp-content\/uploads\/sites\/3\/entrada-hall-estar-agroturisme-subies-mallorca-1-768x513.webp\" data-width=\"768\" data-height=\"513\" aria-label=\"entrada hall estar agroturisme subies mallorca 1\" role=\"img\" ><\/div>\n\t\t\t\t\t\t\t\t\t\t\t<div class=\"elementor-gallery-item__overlay\"><\/div>\n\t\t\t\t\t\t\t\t\t\t\t\t\t\t<\/a>\n\t\t\t\t\t\t\t<a class=\"e-gallery-item elementor-gallery-item elementor-animated-content\" data-e-gallery-tags=\"1\" href=\"https:\/\/agroturismesubies.es\/en\/wp-content\/uploads\/sites\/3\/vista-salon-entrada-agroturisme-subies-mallorca-1.webp\" data-elementor-open-lightbox=\"yes\" data-elementor-lightbox-slideshow=\"645fa5f\" data-e-action-hash=\"#elementor-action%3Aaction%3Dlightbox%26settings%3DeyJpZCI6MTMwMSwidXJsIjoiaHR0cHM6XC9cL2Fncm90dXJpc21lc3ViaWVzLmVzXC9lblwvd3AtY29udGVudFwvdXBsb2Fkc1wvc2l0ZXNcLzNcL3Zpc3RhLXNhbG9uLWVudHJhZGEtYWdyb3R1cmlzbWUtc3ViaWVzLW1hbGxvcmNhLTEud2VicCIsInNsaWRlc2hvdyI6IjY0NWZhNWYifQ%3D%3D\">\n\t\t\t\t\t<div class=\"e-gallery-image elementor-gallery-item__image\" data-thumbnail=\"https:\/\/agroturismesubies.es\/en\/wp-content\/uploads\/sites\/3\/vista-salon-entrada-agroturisme-subies-mallorca-1-768x513.webp\" data-width=\"768\" data-height=\"513\" aria-label=\"vista salon entrada agroturisme subies mallorca 1\" role=\"img\" ><\/div>\n\t\t\t\t\t\t\t\t\t\t\t<div class=\"elementor-gallery-item__overlay\"><\/div>\n\t\t\t\t\t\t\t\t\t\t\t\t\t\t<\/a>\n\t\t\t\t\t\t\t<a class=\"e-gallery-item elementor-gallery-item elementor-animated-content\" data-e-gallery-tags=\"1\" href=\"https:\/\/agroturismesubies.es\/en\/wp-content\/uploads\/sites\/3\/detalle-lampara-agroturisme-subies-1.webp\" data-elementor-open-lightbox=\"yes\" data-elementor-lightbox-slideshow=\"645fa5f\" data-e-action-hash=\"#elementor-action%3Aaction%3Dlightbox%26settings%3DeyJpZCI6MTI1OSwidXJsIjoiaHR0cHM6XC9cL2Fncm90dXJpc21lc3ViaWVzLmVzXC9lblwvd3AtY29udGVudFwvdXBsb2Fkc1wvc2l0ZXNcLzNcL2RldGFsbGUtbGFtcGFyYS1hZ3JvdHVyaXNtZS1zdWJpZXMtMS53ZWJwIiwic2xpZGVzaG93IjoiNjQ1ZmE1ZiJ9\">\n\t\t\t\t\t<div class=\"e-gallery-image elementor-gallery-item__image\" data-thumbnail=\"https:\/\/agroturismesubies.es\/en\/wp-content\/uploads\/sites\/3\/detalle-lampara-agroturisme-subies-1-768x1151.webp\" data-width=\"768\" data-height=\"1151\" aria-label=\"detalle lampara agroturisme subies 1\" role=\"img\" ><\/div>\n\t\t\t\t\t\t\t\t\t\t\t<div class=\"elementor-gallery-item__overlay\"><\/div>\n\t\t\t\t\t\t\t\t\t\t\t\t\t\t<\/a>\n\t\t\t\t\t\t\t<a class=\"e-gallery-item elementor-gallery-item elementor-animated-content\" data-e-gallery-tags=\"1\" href=\"https:\/\/agroturismesubies.es\/en\/wp-content\/uploads\/sites\/3\/vista-salon-principal-agroturisme-subies.webp\" data-elementor-open-lightbox=\"yes\" data-elementor-lightbox-slideshow=\"645fa5f\" data-e-action-hash=\"#elementor-action%3Aaction%3Dlightbox%26settings%3DeyJpZCI6MTE0NCwidXJsIjoiaHR0cHM6XC9cL2Fncm90dXJpc21lc3ViaWVzLmVzXC9lblwvd3AtY29udGVudFwvdXBsb2Fkc1wvc2l0ZXNcLzNcL3Zpc3RhLXNhbG9uLXByaW5jaXBhbC1hZ3JvdHVyaXNtZS1zdWJpZXMud2VicCIsInNsaWRlc2hvdyI6IjY0NWZhNWYifQ%3D%3D\">\n\t\t\t\t\t<div class=\"e-gallery-image elementor-gallery-item__image\" data-thumbnail=\"https:\/\/agroturismesubies.es\/en\/wp-content\/uploads\/sites\/3\/vista-salon-principal-agroturisme-subies-768x1150.webp\" data-width=\"768\" data-height=\"1150\" aria-label=\"vista salon principal agroturisme subies\" role=\"img\" ><\/div>\n\t\t\t\t\t\t\t\t\t\t\t<div class=\"elementor-gallery-item__overlay\"><\/div>\n\t\t\t\t\t\t\t\t\t\t\t\t\t\t<\/a>\n\t\t\t\t\t\t\t<a class=\"e-gallery-item elementor-gallery-item elementor-animated-content\" data-e-gallery-tags=\"1\" href=\"https:\/\/agroturismesubies.es\/en\/wp-content\/uploads\/sites\/3\/vista-salita-entrada-agroturisme-subies.webp\" data-elementor-open-lightbox=\"yes\" data-elementor-lightbox-slideshow=\"645fa5f\" data-e-action-hash=\"#elementor-action%3Aaction%3Dlightbox%26settings%3DeyJpZCI6MTE0MywidXJsIjoiaHR0cHM6XC9cL2Fncm90dXJpc21lc3ViaWVzLmVzXC9lblwvd3AtY29udGVudFwvdXBsb2Fkc1wvc2l0ZXNcLzNcL3Zpc3RhLXNhbGl0YS1lbnRyYWRhLWFncm90dXJpc21lLXN1Ymllcy53ZWJwIiwic2xpZGVzaG93IjoiNjQ1ZmE1ZiJ9\">\n\t\t\t\t\t<div class=\"e-gallery-image elementor-gallery-item__image\" data-thumbnail=\"https:\/\/agroturismesubies.es\/en\/wp-content\/uploads\/sites\/3\/vista-salita-entrada-agroturisme-subies-768x513.webp\" data-width=\"768\" data-height=\"513\" aria-label=\"\" role=\"img\" ><\/div>\n\t\t\t\t\t\t\t\t\t\t\t<div class=\"elementor-gallery-item__overlay\"><\/div>\n\t\t\t\t\t\t\t\t\t\t\t\t\t\t<\/a>\n\t\t\t\t\t\t\t<a class=\"e-gallery-item elementor-gallery-item elementor-animated-content\" data-e-gallery-tags=\"1\" href=\"https:\/\/agroturismesubies.es\/en\/wp-content\/uploads\/sites\/3\/vista-salita-agroturisme-subies.webp\" data-elementor-open-lightbox=\"yes\" data-elementor-lightbox-slideshow=\"645fa5f\" data-e-action-hash=\"#elementor-action%3Aaction%3Dlightbox%26settings%3DeyJpZCI6MTE0MiwidXJsIjoiaHR0cHM6XC9cL2Fncm90dXJpc21lc3ViaWVzLmVzXC9lblwvd3AtY29udGVudFwvdXBsb2Fkc1wvc2l0ZXNcLzNcL3Zpc3RhLXNhbGl0YS1hZ3JvdHVyaXNtZS1zdWJpZXMud2VicCIsInNsaWRlc2hvdyI6IjY0NWZhNWYifQ%3D%3D\">\n\t\t\t\t\t<div class=\"e-gallery-image elementor-gallery-item__image\" data-thumbnail=\"https:\/\/agroturismesubies.es\/en\/wp-content\/uploads\/sites\/3\/vista-salita-agroturisme-subies-768x1150.webp\" data-width=\"768\" data-height=\"1150\" aria-label=\"vista salita agroturisme subies\" role=\"img\" ><\/div>\n\t\t\t\t\t\t\t\t\t\t\t<div class=\"elementor-gallery-item__overlay\"><\/div>\n\t\t\t\t\t\t\t\t\t\t\t\t\t\t<\/a>\n\t\t\t\t\t\t\t<a class=\"e-gallery-item elementor-gallery-item elementor-animated-content\" data-e-gallery-tags=\"1\" href=\"https:\/\/agroturismesubies.es\/en\/wp-content\/uploads\/sites\/3\/vista-desde-salon-principal-agroturisme-subies.webp\" data-elementor-open-lightbox=\"yes\" data-elementor-lightbox-slideshow=\"645fa5f\" data-e-action-hash=\"#elementor-action%3Aaction%3Dlightbox%26settings%3DeyJpZCI6MTE0MCwidXJsIjoiaHR0cHM6XC9cL2Fncm90dXJpc21lc3ViaWVzLmVzXC9lblwvd3AtY29udGVudFwvdXBsb2Fkc1wvc2l0ZXNcLzNcL3Zpc3RhLWRlc2RlLXNhbG9uLXByaW5jaXBhbC1hZ3JvdHVyaXNtZS1zdWJpZXMud2VicCIsInNsaWRlc2hvdyI6IjY0NWZhNWYifQ%3D%3D\">\n\t\t\t\t\t<div class=\"e-gallery-image elementor-gallery-item__image\" data-thumbnail=\"https:\/\/agroturismesubies.es\/en\/wp-content\/uploads\/sites\/3\/vista-desde-salon-principal-agroturisme-subies-768x1150.webp\" data-width=\"768\" data-height=\"1150\" aria-label=\"\" role=\"img\" ><\/div>\n\t\t\t\t\t\t\t\t\t\t\t<div class=\"elementor-gallery-item__overlay\"><\/div>\n\t\t\t\t\t\t\t\t\t\t\t\t\t\t<\/a>\n\t\t\t\t\t\t\t<a class=\"e-gallery-item elementor-gallery-item elementor-animated-content\" data-e-gallery-tags=\"1\" href=\"https:\/\/agroturismesubies.es\/en\/wp-content\/uploads\/sites\/3\/detalle-escalera-agroturisme-subies.webp\" data-elementor-open-lightbox=\"yes\" data-elementor-lightbox-slideshow=\"645fa5f\" data-e-action-hash=\"#elementor-action%3Aaction%3Dlightbox%26settings%3DeyJpZCI6MTEzMCwidXJsIjoiaHR0cHM6XC9cL2Fncm90dXJpc21lc3ViaWVzLmVzXC9lblwvd3AtY29udGVudFwvdXBsb2Fkc1wvc2l0ZXNcLzNcL2RldGFsbGUtZXNjYWxlcmEtYWdyb3R1cmlzbWUtc3ViaWVzLndlYnAiLCJzbGlkZXNob3ciOiI2NDVmYTVmIn0%3D\">\n\t\t\t\t\t<div class=\"e-gallery-image elementor-gallery-item__image\" data-thumbnail=\"https:\/\/agroturismesubies.es\/en\/wp-content\/uploads\/sites\/3\/detalle-escalera-agroturisme-subies-768x1151.webp\" data-width=\"768\" data-height=\"1151\" aria-label=\"\" role=\"img\" ><\/div>\n\t\t\t\t\t\t\t\t\t\t\t<div class=\"elementor-gallery-item__overlay\"><\/div>\n\t\t\t\t\t\t\t\t\t\t\t\t\t\t<\/a>\n\t\t\t\t\t\t\t<a class=\"e-gallery-item elementor-gallery-item elementor-animated-content\" data-e-gallery-tags=\"1\" href=\"https:\/\/agroturismesubies.es\/en\/wp-content\/uploads\/sites\/3\/detalle-escalera-tinajas-agroturisme-subies.webp\" data-elementor-open-lightbox=\"yes\" data-elementor-lightbox-slideshow=\"645fa5f\" data-e-action-hash=\"#elementor-action%3Aaction%3Dlightbox%26settings%3DeyJpZCI6MTEzMiwidXJsIjoiaHR0cHM6XC9cL2Fncm90dXJpc21lc3ViaWVzLmVzXC9lblwvd3AtY29udGVudFwvdXBsb2Fkc1wvc2l0ZXNcLzNcL2RldGFsbGUtZXNjYWxlcmEtdGluYWphcy1hZ3JvdHVyaXNtZS1zdWJpZXMud2VicCIsInNsaWRlc2hvdyI6IjY0NWZhNWYifQ%3D%3D\">\n\t\t\t\t\t<div class=\"e-gallery-image elementor-gallery-item__image\" data-thumbnail=\"https:\/\/agroturismesubies.es\/en\/wp-content\/uploads\/sites\/3\/detalle-escalera-tinajas-agroturisme-subies-768x1150.webp\" data-width=\"768\" data-height=\"1150\" aria-label=\"\" role=\"img\" ><\/div>\n\t\t\t\t\t\t\t\t\t\t\t<div class=\"elementor-gallery-item__overlay\"><\/div>\n\t\t\t\t\t\t\t\t\t\t\t\t\t\t<\/a>\n\t\t\t\t\t\t\t<a class=\"e-gallery-item elementor-gallery-item elementor-animated-content\" data-e-gallery-tags=\"1\" href=\"https:\/\/agroturismesubies.es\/en\/wp-content\/uploads\/sites\/3\/detalle-estante-agroturisme-subies.webp\" data-elementor-open-lightbox=\"yes\" data-elementor-lightbox-slideshow=\"645fa5f\" data-e-action-hash=\"#elementor-action%3Aaction%3Dlightbox%26settings%3DeyJpZCI6MTEzMywidXJsIjoiaHR0cHM6XC9cL2Fncm90dXJpc21lc3ViaWVzLmVzXC9lblwvd3AtY29udGVudFwvdXBsb2Fkc1wvc2l0ZXNcLzNcL2RldGFsbGUtZXN0YW50ZS1hZ3JvdHVyaXNtZS1zdWJpZXMud2VicCIsInNsaWRlc2hvdyI6IjY0NWZhNWYifQ%3D%3D\">\n\t\t\t\t\t<div class=\"e-gallery-image elementor-gallery-item__image\" data-thumbnail=\"https:\/\/agroturismesubies.es\/en\/wp-content\/uploads\/sites\/3\/detalle-estante-agroturisme-subies-768x1150.webp\" data-width=\"768\" data-height=\"1150\" aria-label=\"detalle estante agroturisme subies\" role=\"img\" ><\/div>\n\t\t\t\t\t\t\t\t\t\t\t<div class=\"elementor-gallery-item__overlay\"><\/div>\n\t\t\t\t\t\t\t\t\t\t\t\t\t\t<\/a>\n\t\t\t\t\t\t\t<a class=\"e-gallery-item elementor-gallery-item elementor-animated-content\" data-e-gallery-tags=\"1\" href=\"https:\/\/agroturismesubies.es\/en\/wp-content\/uploads\/sites\/3\/detalle-lampara-agroturisme-subies.webp\" data-elementor-open-lightbox=\"yes\" data-elementor-lightbox-slideshow=\"645fa5f\" data-e-action-hash=\"#elementor-action%3Aaction%3Dlightbox%26settings%3DeyJpZCI6MTEzNCwidXJsIjoiaHR0cHM6XC9cL2Fncm90dXJpc21lc3ViaWVzLmVzXC9lblwvd3AtY29udGVudFwvdXBsb2Fkc1wvc2l0ZXNcLzNcL2RldGFsbGUtbGFtcGFyYS1hZ3JvdHVyaXNtZS1zdWJpZXMud2VicCIsInNsaWRlc2hvdyI6IjY0NWZhNWYifQ%3D%3D\">\n\t\t\t\t\t<div class=\"e-gallery-image elementor-gallery-item__image\" data-thumbnail=\"https:\/\/agroturismesubies.es\/en\/wp-content\/uploads\/sites\/3\/detalle-lampara-agroturisme-subies-768x1150.webp\" data-width=\"768\" data-height=\"1150\" aria-label=\"detalle lampara agroturisme subies\" role=\"img\" ><\/div>\n\t\t\t\t\t\t\t\t\t\t\t<div class=\"elementor-gallery-item__overlay\"><\/div>\n\t\t\t\t\t\t\t\t\t\t\t\t\t\t<\/a>\n\t\t\t\t\t\t\t<a class=\"e-gallery-item elementor-gallery-item elementor-animated-content\" data-e-gallery-tags=\"1\" href=\"https:\/\/agroturismesubies.es\/en\/wp-content\/uploads\/sites\/3\/entrada-escaleras-agroturisme-subies-1.webp\" data-elementor-open-lightbox=\"yes\" data-elementor-lightbox-slideshow=\"645fa5f\" data-e-action-hash=\"#elementor-action%3Aaction%3Dlightbox%26settings%3DeyJpZCI6MTEzNSwidXJsIjoiaHR0cHM6XC9cL2Fncm90dXJpc21lc3ViaWVzLmVzXC9lblwvd3AtY29udGVudFwvdXBsb2Fkc1wvc2l0ZXNcLzNcL2VudHJhZGEtZXNjYWxlcmFzLWFncm90dXJpc21lLXN1Ymllcy0xLndlYnAiLCJzbGlkZXNob3ciOiI2NDVmYTVmIn0%3D\">\n\t\t\t\t\t<div class=\"e-gallery-image elementor-gallery-item__image\" data-thumbnail=\"https:\/\/agroturismesubies.es\/en\/wp-content\/uploads\/sites\/3\/entrada-escaleras-agroturisme-subies-1-768x513.webp\" data-width=\"768\" data-height=\"513\" aria-label=\"\" role=\"img\" ><\/div>\n\t\t\t\t\t\t\t\t\t\t\t<div class=\"elementor-gallery-item__overlay\"><\/div>\n\t\t\t\t\t\t\t\t\t\t\t\t\t\t<\/a>\n\t\t\t\t\t\t\t<a class=\"e-gallery-item elementor-gallery-item elementor-animated-content\" data-e-gallery-tags=\"1\" href=\"https:\/\/agroturismesubies.es\/en\/wp-content\/uploads\/sites\/3\/escalera-interior-agroturisme-subies.webp\" data-elementor-open-lightbox=\"yes\" data-elementor-lightbox-slideshow=\"645fa5f\" data-e-action-hash=\"#elementor-action%3Aaction%3Dlightbox%26settings%3DeyJpZCI6MTEzNiwidXJsIjoiaHR0cHM6XC9cL2Fncm90dXJpc21lc3ViaWVzLmVzXC9lblwvd3AtY29udGVudFwvdXBsb2Fkc1wvc2l0ZXNcLzNcL2VzY2FsZXJhLWludGVyaW9yLWFncm90dXJpc21lLXN1Ymllcy53ZWJwIiwic2xpZGVzaG93IjoiNjQ1ZmE1ZiJ9\">\n\t\t\t\t\t<div class=\"e-gallery-image elementor-gallery-item__image\" data-thumbnail=\"https:\/\/agroturismesubies.es\/en\/wp-content\/uploads\/sites\/3\/escalera-interior-agroturisme-subies-768x513.webp\" data-width=\"768\" data-height=\"513\" aria-label=\"escalera interior agroturisme subies\" role=\"img\" ><\/div>\n\t\t\t\t\t\t\t\t\t\t\t<div class=\"elementor-gallery-item__overlay\"><\/div>\n\t\t\t\t\t\t\t\t\t\t\t\t\t\t<\/a>\n\t\t\t\t\t\t\t<a class=\"e-gallery-item elementor-gallery-item elementor-animated-content\" data-e-gallery-tags=\"1\" href=\"https:\/\/agroturismesubies.es\/en\/wp-content\/uploads\/sites\/3\/hall-de-entrada-agroturisme-subies.webp\" data-elementor-open-lightbox=\"yes\" data-elementor-lightbox-slideshow=\"645fa5f\" data-e-action-hash=\"#elementor-action%3Aaction%3Dlightbox%26settings%3DeyJpZCI6MTEzOCwidXJsIjoiaHR0cHM6XC9cL2Fncm90dXJpc21lc3ViaWVzLmVzXC9lblwvd3AtY29udGVudFwvdXBsb2Fkc1wvc2l0ZXNcLzNcL2hhbGwtZGUtZW50cmFkYS1hZ3JvdHVyaXNtZS1zdWJpZXMud2VicCIsInNsaWRlc2hvdyI6IjY0NWZhNWYifQ%3D%3D\">\n\t\t\t\t\t<div class=\"e-gallery-image elementor-gallery-item__image\" data-thumbnail=\"https:\/\/agroturismesubies.es\/en\/wp-content\/uploads\/sites\/3\/hall-de-entrada-agroturisme-subies-768x513.webp\" data-width=\"768\" data-height=\"513\" aria-label=\"\" role=\"img\" ><\/div>\n\t\t\t\t\t\t\t\t\t\t\t<div class=\"elementor-gallery-item__overlay\"><\/div>\n\t\t\t\t\t\t\t\t\t\t\t\t\t\t<\/a>\n\t\t\t\t\t\t\t<a class=\"e-gallery-item elementor-gallery-item elementor-animated-content\" data-e-gallery-tags=\"1\" href=\"https:\/\/agroturismesubies.es\/en\/wp-content\/uploads\/sites\/3\/vista-comedor-agroturisme-subies.webp\" data-elementor-open-lightbox=\"yes\" data-elementor-lightbox-slideshow=\"645fa5f\" data-e-action-hash=\"#elementor-action%3Aaction%3Dlightbox%26settings%3DeyJpZCI6MTEzOSwidXJsIjoiaHR0cHM6XC9cL2Fncm90dXJpc21lc3ViaWVzLmVzXC9lblwvd3AtY29udGVudFwvdXBsb2Fkc1wvc2l0ZXNcLzNcL3Zpc3RhLWNvbWVkb3ItYWdyb3R1cmlzbWUtc3ViaWVzLndlYnAiLCJzbGlkZXNob3ciOiI2NDVmYTVmIn0%3D\">\n\t\t\t\t\t<div class=\"e-gallery-image elementor-gallery-item__image\" data-thumbnail=\"https:\/\/agroturismesubies.es\/en\/wp-content\/uploads\/sites\/3\/vista-comedor-agroturisme-subies-768x1150.webp\" data-width=\"768\" data-height=\"1150\" aria-label=\"vista comedor agroturisme subies\" role=\"img\" ><\/div>\n\t\t\t\t\t\t\t\t\t\t\t<div class=\"elementor-gallery-item__overlay\"><\/div>\n\t\t\t\t\t\t\t\t\t\t\t\t\t\t<\/a>\n\t\t\t\t\t\t\t<a class=\"e-gallery-item elementor-gallery-item elementor-animated-content\" data-e-gallery-tags=\"1\" href=\"https:\/\/agroturismesubies.es\/en\/wp-content\/uploads\/sites\/3\/detalle-comedor-agroturisme-subies.webp\" data-elementor-open-lightbox=\"yes\" data-elementor-lightbox-slideshow=\"645fa5f\" data-e-action-hash=\"#elementor-action%3Aaction%3Dlightbox%26settings%3DeyJpZCI6MTEyOSwidXJsIjoiaHR0cHM6XC9cL2Fncm90dXJpc21lc3ViaWVzLmVzXC9lblwvd3AtY29udGVudFwvdXBsb2Fkc1wvc2l0ZXNcLzNcL2RldGFsbGUtY29tZWRvci1hZ3JvdHVyaXNtZS1zdWJpZXMud2VicCIsInNsaWRlc2hvdyI6IjY0NWZhNWYifQ%3D%3D\">\n\t\t\t\t\t<div class=\"e-gallery-image elementor-gallery-item__image\" data-thumbnail=\"https:\/\/agroturismesubies.es\/en\/wp-content\/uploads\/sites\/3\/detalle-comedor-agroturisme-subies-768x1150.webp\" data-width=\"768\" data-height=\"1150\" aria-label=\"detalle comedor agroturisme subies\" role=\"img\" ><\/div>\n\t\t\t\t\t\t\t\t\t\t\t<div class=\"elementor-gallery-item__overlay\"><\/div>\n\t\t\t\t\t\t\t\t\t\t\t\t\t\t<\/a>\n\t\t\t\t\t\t\t<a class=\"e-gallery-item elementor-gallery-item elementor-animated-content\" data-e-gallery-tags=\"1\" href=\"https:\/\/agroturismesubies.es\/en\/wp-content\/uploads\/sites\/3\/comedor-y-sillas-agroturisme-subies.webp\" data-elementor-open-lightbox=\"yes\" data-elementor-lightbox-slideshow=\"645fa5f\" data-e-action-hash=\"#elementor-action%3Aaction%3Dlightbox%26settings%3DeyJpZCI6MTEyOCwidXJsIjoiaHR0cHM6XC9cL2Fncm90dXJpc21lc3ViaWVzLmVzXC9lblwvd3AtY29udGVudFwvdXBsb2Fkc1wvc2l0ZXNcLzNcL2NvbWVkb3IteS1zaWxsYXMtYWdyb3R1cmlzbWUtc3ViaWVzLndlYnAiLCJzbGlkZXNob3ciOiI2NDVmYTVmIn0%3D\">\n\t\t\t\t\t<div class=\"e-gallery-image elementor-gallery-item__image\" data-thumbnail=\"https:\/\/agroturismesubies.es\/en\/wp-content\/uploads\/sites\/3\/comedor-y-sillas-agroturisme-subies-768x1150.webp\" data-width=\"768\" data-height=\"1150\" aria-label=\"comedor y sillas agroturisme subies\" role=\"img\" ><\/div>\n\t\t\t\t\t\t\t\t\t\t\t<div class=\"elementor-gallery-item__overlay\"><\/div>\n\t\t\t\t\t\t\t\t\t\t\t\t\t\t<\/a>\n\t\t\t\t\t\t\t<a class=\"e-gallery-item elementor-gallery-item elementor-animated-content\" data-e-gallery-tags=\"1\" href=\"https:\/\/agroturismesubies.es\/en\/wp-content\/uploads\/sites\/3\/comedor-agroturisme-subies-1.webp\" data-elementor-open-lightbox=\"yes\" data-elementor-lightbox-slideshow=\"645fa5f\" data-e-action-hash=\"#elementor-action%3Aaction%3Dlightbox%26settings%3DeyJpZCI6MTEyNywidXJsIjoiaHR0cHM6XC9cL2Fncm90dXJpc21lc3ViaWVzLmVzXC9lblwvd3AtY29udGVudFwvdXBsb2Fkc1wvc2l0ZXNcLzNcL2NvbWVkb3ItYWdyb3R1cmlzbWUtc3ViaWVzLTEud2VicCIsInNsaWRlc2hvdyI6IjY0NWZhNWYifQ%3D%3D\">\n\t\t\t\t\t<div class=\"e-gallery-image elementor-gallery-item__image\" data-thumbnail=\"https:\/\/agroturismesubies.es\/en\/wp-content\/uploads\/sites\/3\/comedor-agroturisme-subies-1-768x1150.webp\" data-width=\"768\" data-height=\"1150\" aria-label=\"\" role=\"img\" ><\/div>\n\t\t\t\t\t\t\t\t\t\t\t<div class=\"elementor-gallery-item__overlay\"><\/div>\n\t\t\t\t\t\t\t\t\t\t\t\t\t\t<\/a>\n\t\t\t\t\t\t\t<a class=\"e-gallery-item elementor-gallery-item elementor-animated-content\" data-e-gallery-tags=\"1\" href=\"https:\/\/agroturismesubies.es\/en\/wp-content\/uploads\/sites\/3\/close-up-entrada-escaleras-agroturisme-subies.webp\" data-elementor-open-lightbox=\"yes\" data-elementor-lightbox-slideshow=\"645fa5f\" data-e-action-hash=\"#elementor-action%3Aaction%3Dlightbox%26settings%3DeyJpZCI6MTEyNiwidXJsIjoiaHR0cHM6XC9cL2Fncm90dXJpc21lc3ViaWVzLmVzXC9lblwvd3AtY29udGVudFwvdXBsb2Fkc1wvc2l0ZXNcLzNcL2Nsb3NlLXVwLWVudHJhZGEtZXNjYWxlcmFzLWFncm90dXJpc21lLXN1Ymllcy53ZWJwIiwic2xpZGVzaG93IjoiNjQ1ZmE1ZiJ9\">\n\t\t\t\t\t<div class=\"e-gallery-image elementor-gallery-item__image\" data-thumbnail=\"https:\/\/agroturismesubies.es\/en\/wp-content\/uploads\/sites\/3\/close-up-entrada-escaleras-agroturisme-subies-768x513.webp\" data-width=\"768\" data-height=\"513\" aria-label=\"close up entrada escaleras agroturisme subies\" role=\"img\" ><\/div>\n\t\t\t\t\t\t\t\t\t\t\t<div class=\"elementor-gallery-item__overlay\"><\/div>\n\t\t\t\t\t\t\t\t\t\t\t\t\t\t<\/a>\n\t\t\t\t\t\t\t<a class=\"e-gallery-item elementor-gallery-item elementor-animated-content\" data-e-gallery-tags=\"1\" href=\"https:\/\/agroturismesubies.es\/en\/wp-content\/uploads\/sites\/3\/vista-salon-entrada-agroturisme-subies-mallorca.webp\" data-elementor-open-lightbox=\"yes\" data-elementor-lightbox-slideshow=\"645fa5f\" data-e-action-hash=\"#elementor-action%3Aaction%3Dlightbox%26settings%3DeyJpZCI6MTEyMiwidXJsIjoiaHR0cHM6XC9cL2Fncm90dXJpc21lc3ViaWVzLmVzXC9lblwvd3AtY29udGVudFwvdXBsb2Fkc1wvc2l0ZXNcLzNcL3Zpc3RhLXNhbG9uLWVudHJhZGEtYWdyb3R1cmlzbWUtc3ViaWVzLW1hbGxvcmNhLndlYnAiLCJzbGlkZXNob3ciOiI2NDVmYTVmIn0%3D\">\n\t\t\t\t\t<div class=\"e-gallery-image elementor-gallery-item__image\" data-thumbnail=\"https:\/\/agroturismesubies.es\/en\/wp-content\/uploads\/sites\/3\/vista-salon-entrada-agroturisme-subies-mallorca-768x513.webp\" data-width=\"768\" data-height=\"513\" aria-label=\"vista salon entrada agroturisme subies mallorca\" role=\"img\" ><\/div>\n\t\t\t\t\t\t\t\t\t\t\t<div class=\"elementor-gallery-item__overlay\"><\/div>\n\t\t\t\t\t\t\t\t\t\t\t\t\t\t<\/a>\n\t\t\t\t\t\t\t<a class=\"e-gallery-item elementor-gallery-item elementor-animated-content\" data-e-gallery-tags=\"1\" href=\"https:\/\/agroturismesubies.es\/en\/wp-content\/uploads\/sites\/3\/vista-sala-entrada-agroturisme-subies-mallorca.webp\" data-elementor-open-lightbox=\"yes\" data-elementor-lightbox-slideshow=\"645fa5f\" data-e-action-hash=\"#elementor-action%3Aaction%3Dlightbox%26settings%3DeyJpZCI6MTEyMSwidXJsIjoiaHR0cHM6XC9cL2Fncm90dXJpc21lc3ViaWVzLmVzXC9lblwvd3AtY29udGVudFwvdXBsb2Fkc1wvc2l0ZXNcLzNcL3Zpc3RhLXNhbGEtZW50cmFkYS1hZ3JvdHVyaXNtZS1zdWJpZXMtbWFsbG9yY2Eud2VicCIsInNsaWRlc2hvdyI6IjY0NWZhNWYifQ%3D%3D\">\n\t\t\t\t\t<div class=\"e-gallery-image elementor-gallery-item__image\" data-thumbnail=\"https:\/\/agroturismesubies.es\/en\/wp-content\/uploads\/sites\/3\/vista-sala-entrada-agroturisme-subies-mallorca-768x513.webp\" data-width=\"768\" data-height=\"513\" aria-label=\"vista sala entrada agroturisme subies mallorca\" role=\"img\" ><\/div>\n\t\t\t\t\t\t\t\t\t\t\t<div class=\"elementor-gallery-item__overlay\"><\/div>\n\t\t\t\t\t\t\t\t\t\t\t\t\t\t<\/a>\n\t\t\t\t\t\t\t<a class=\"e-gallery-item elementor-gallery-item elementor-animated-content\" data-e-gallery-tags=\"1\" href=\"https:\/\/agroturismesubies.es\/en\/wp-content\/uploads\/sites\/3\/vista-sala-agroturisme-subies-mallorca.webp\" data-elementor-open-lightbox=\"yes\" data-elementor-lightbox-slideshow=\"645fa5f\" data-e-action-hash=\"#elementor-action%3Aaction%3Dlightbox%26settings%3DeyJpZCI6MTEyMCwidXJsIjoiaHR0cHM6XC9cL2Fncm90dXJpc21lc3ViaWVzLmVzXC9lblwvd3AtY29udGVudFwvdXBsb2Fkc1wvc2l0ZXNcLzNcL3Zpc3RhLXNhbGEtYWdyb3R1cmlzbWUtc3ViaWVzLW1hbGxvcmNhLndlYnAiLCJzbGlkZXNob3ciOiI2NDVmYTVmIn0%3D\">\n\t\t\t\t\t<div class=\"e-gallery-image elementor-gallery-item__image\" data-thumbnail=\"https:\/\/agroturismesubies.es\/en\/wp-content\/uploads\/sites\/3\/vista-sala-agroturisme-subies-mallorca-768x1150.webp\" data-width=\"768\" data-height=\"1150\" aria-label=\"\" role=\"img\" ><\/div>\n\t\t\t\t\t\t\t\t\t\t\t<div class=\"elementor-gallery-item__overlay\"><\/div>\n\t\t\t\t\t\t\t\t\t\t\t\t\t\t<\/a>\n\t\t\t\t\t\t\t<a class=\"e-gallery-item elementor-gallery-item elementor-animated-content\" data-e-gallery-tags=\"1\" href=\"https:\/\/agroturismesubies.es\/en\/wp-content\/uploads\/sites\/3\/vista-pasillo-interior-agroturisme-subies-mallorca.webp\" data-elementor-open-lightbox=\"yes\" data-elementor-lightbox-slideshow=\"645fa5f\" data-e-action-hash=\"#elementor-action%3Aaction%3Dlightbox%26settings%3DeyJpZCI6MTExOSwidXJsIjoiaHR0cHM6XC9cL2Fncm90dXJpc21lc3ViaWVzLmVzXC9lblwvd3AtY29udGVudFwvdXBsb2Fkc1wvc2l0ZXNcLzNcL3Zpc3RhLXBhc2lsbG8taW50ZXJpb3ItYWdyb3R1cmlzbWUtc3ViaWVzLW1hbGxvcmNhLndlYnAiLCJzbGlkZXNob3ciOiI2NDVmYTVmIn0%3D\">\n\t\t\t\t\t<div class=\"e-gallery-image elementor-gallery-item__image\" data-thumbnail=\"https:\/\/agroturismesubies.es\/en\/wp-content\/uploads\/sites\/3\/vista-pasillo-interior-agroturisme-subies-mallorca-768x1150.webp\" data-width=\"768\" data-height=\"1150\" aria-label=\"vista pasillo interior agroturisme subies mallorca\" role=\"img\" ><\/div>\n\t\t\t\t\t\t\t\t\t\t\t<div class=\"elementor-gallery-item__overlay\"><\/div>\n\t\t\t\t\t\t\t\t\t\t\t\t\t\t<\/a>\n\t\t\t\t\t\t\t<a class=\"e-gallery-item elementor-gallery-item elementor-animated-content\" data-e-gallery-tags=\"1\" href=\"https:\/\/agroturismesubies.es\/en\/wp-content\/uploads\/sites\/3\/sala-frontal-escalera-agroturisme-subies-mallorca.webp\" data-elementor-open-lightbox=\"yes\" data-elementor-lightbox-slideshow=\"645fa5f\" data-e-action-hash=\"#elementor-action%3Aaction%3Dlightbox%26settings%3DeyJpZCI6MTExMCwidXJsIjoiaHR0cHM6XC9cL2Fncm90dXJpc21lc3ViaWVzLmVzXC9lblwvd3AtY29udGVudFwvdXBsb2Fkc1wvc2l0ZXNcLzNcL3NhbGEtZnJvbnRhbC1lc2NhbGVyYS1hZ3JvdHVyaXNtZS1zdWJpZXMtbWFsbG9yY2Eud2VicCIsInNsaWRlc2hvdyI6IjY0NWZhNWYifQ%3D%3D\">\n\t\t\t\t\t<div class=\"e-gallery-image elementor-gallery-item__image\" data-thumbnail=\"https:\/\/agroturismesubies.es\/en\/wp-content\/uploads\/sites\/3\/sala-frontal-escalera-agroturisme-subies-mallorca-768x513.webp\" data-width=\"768\" data-height=\"513\" aria-label=\"\" role=\"img\" ><\/div>\n\t\t\t\t\t\t\t\t\t\t\t<div class=\"elementor-gallery-item__overlay\"><\/div>\n\t\t\t\t\t\t\t\t\t\t\t\t\t\t<\/a>\n\t\t\t\t\t\t\t<a class=\"e-gallery-item elementor-gallery-item elementor-animated-content\" data-e-gallery-tags=\"1\" href=\"https:\/\/agroturismesubies.es\/en\/wp-content\/uploads\/sites\/3\/vista-desde-coemdor-agroturisme-subies-mallorca.webp\" data-elementor-open-lightbox=\"yes\" data-elementor-lightbox-slideshow=\"645fa5f\" data-e-action-hash=\"#elementor-action%3Aaction%3Dlightbox%26settings%3DeyJpZCI6MTExMywidXJsIjoiaHR0cHM6XC9cL2Fncm90dXJpc21lc3ViaWVzLmVzXC9lblwvd3AtY29udGVudFwvdXBsb2Fkc1wvc2l0ZXNcLzNcL3Zpc3RhLWRlc2RlLWNvZW1kb3ItYWdyb3R1cmlzbWUtc3ViaWVzLW1hbGxvcmNhLndlYnAiLCJzbGlkZXNob3ciOiI2NDVmYTVmIn0%3D\">\n\t\t\t\t\t<div class=\"e-gallery-image elementor-gallery-item__image\" data-thumbnail=\"https:\/\/agroturismesubies.es\/en\/wp-content\/uploads\/sites\/3\/vista-desde-coemdor-agroturisme-subies-mallorca-768x513.webp\" data-width=\"768\" data-height=\"513\" aria-label=\"\" role=\"img\" ><\/div>\n\t\t\t\t\t\t\t\t\t\t\t<div class=\"elementor-gallery-item__overlay\"><\/div>\n\t\t\t\t\t\t\t\t\t\t\t\t\t\t<\/a>\n\t\t\t\t\t\t\t<a class=\"e-gallery-item elementor-gallery-item elementor-animated-content\" data-e-gallery-tags=\"1\" href=\"https:\/\/agroturismesubies.es\/en\/wp-content\/uploads\/sites\/3\/vista-desde-escalera-a-entrda-agroturisme-subies-mallorca.webp\" data-elementor-open-lightbox=\"yes\" data-elementor-lightbox-slideshow=\"645fa5f\" data-e-action-hash=\"#elementor-action%3Aaction%3Dlightbox%26settings%3DeyJpZCI6MTExNSwidXJsIjoiaHR0cHM6XC9cL2Fncm90dXJpc21lc3ViaWVzLmVzXC9lblwvd3AtY29udGVudFwvdXBsb2Fkc1wvc2l0ZXNcLzNcL3Zpc3RhLWRlc2RlLWVzY2FsZXJhLWEtZW50cmRhLWFncm90dXJpc21lLXN1Ymllcy1tYWxsb3JjYS53ZWJwIiwic2xpZGVzaG93IjoiNjQ1ZmE1ZiJ9\">\n\t\t\t\t\t<div class=\"e-gallery-image elementor-gallery-item__image\" data-thumbnail=\"https:\/\/agroturismesubies.es\/en\/wp-content\/uploads\/sites\/3\/vista-desde-escalera-a-entrda-agroturisme-subies-mallorca-768x1150.webp\" data-width=\"768\" data-height=\"1150\" aria-label=\"\" role=\"img\" ><\/div>\n\t\t\t\t\t\t\t\t\t\t\t<div class=\"elementor-gallery-item__overlay\"><\/div>\n\t\t\t\t\t\t\t\t\t\t\t\t\t\t<\/a>\n\t\t\t\t\t\t\t<a class=\"e-gallery-item elementor-gallery-item elementor-animated-content\" data-e-gallery-tags=\"1\" href=\"https:\/\/agroturismesubies.es\/en\/wp-content\/uploads\/sites\/3\/vista-desde-sala-a-escalera-agroturisme-subies-mallorca.webp\" data-elementor-open-lightbox=\"yes\" data-elementor-lightbox-slideshow=\"645fa5f\" data-e-action-hash=\"#elementor-action%3Aaction%3Dlightbox%26settings%3DeyJpZCI6MTExNiwidXJsIjoiaHR0cHM6XC9cL2Fncm90dXJpc21lc3ViaWVzLmVzXC9lblwvd3AtY29udGVudFwvdXBsb2Fkc1wvc2l0ZXNcLzNcL3Zpc3RhLWRlc2RlLXNhbGEtYS1lc2NhbGVyYS1hZ3JvdHVyaXNtZS1zdWJpZXMtbWFsbG9yY2Eud2VicCIsInNsaWRlc2hvdyI6IjY0NWZhNWYifQ%3D%3D\">\n\t\t\t\t\t<div class=\"e-gallery-image elementor-gallery-item__image\" data-thumbnail=\"https:\/\/agroturismesubies.es\/en\/wp-content\/uploads\/sites\/3\/vista-desde-sala-a-escalera-agroturisme-subies-mallorca-768x1150.webp\" data-width=\"768\" data-height=\"1150\" aria-label=\"vista desde sala a escalera agroturisme subies mallorca\" role=\"img\" ><\/div>\n\t\t\t\t\t\t\t\t\t\t\t<div class=\"elementor-gallery-item__overlay\"><\/div>\n\t\t\t\t\t\t\t\t\t\t\t\t\t\t<\/a>\n\t\t\t\t\t\t\t<a class=\"e-gallery-item elementor-gallery-item elementor-animated-content\" data-e-gallery-tags=\"1\" href=\"https:\/\/agroturismesubies.es\/en\/wp-content\/uploads\/sites\/3\/vista-general-salon-entrada-agroturisme-subies-mallorca.webp\" data-elementor-open-lightbox=\"yes\" data-elementor-lightbox-slideshow=\"645fa5f\" data-e-action-hash=\"#elementor-action%3Aaction%3Dlightbox%26settings%3DeyJpZCI6MTExOCwidXJsIjoiaHR0cHM6XC9cL2Fncm90dXJpc21lc3ViaWVzLmVzXC9lblwvd3AtY29udGVudFwvdXBsb2Fkc1wvc2l0ZXNcLzNcL3Zpc3RhLWdlbmVyYWwtc2Fsb24tZW50cmFkYS1hZ3JvdHVyaXNtZS1zdWJpZXMtbWFsbG9yY2Eud2VicCIsInNsaWRlc2hvdyI6IjY0NWZhNWYifQ%3D%3D\">\n\t\t\t\t\t<div class=\"e-gallery-image elementor-gallery-item__image\" data-thumbnail=\"https:\/\/agroturismesubies.es\/en\/wp-content\/uploads\/sites\/3\/vista-general-salon-entrada-agroturisme-subies-mallorca-768x513.webp\" data-width=\"768\" data-height=\"513\" aria-label=\"\" role=\"img\" ><\/div>\n\t\t\t\t\t\t\t\t\t\t\t<div class=\"elementor-gallery-item__overlay\"><\/div>\n\t\t\t\t\t\t\t\t\t\t\t\t\t\t<\/a>\n\t\t\t\t\t\t\t<a class=\"e-gallery-item elementor-gallery-item elementor-animated-content\" data-e-gallery-tags=\"1\" href=\"https:\/\/agroturismesubies.es\/en\/wp-content\/uploads\/sites\/3\/sala-entrada-botellas.webp\" data-elementor-open-lightbox=\"yes\" data-elementor-lightbox-slideshow=\"645fa5f\" data-e-action-hash=\"#elementor-action%3Aaction%3Dlightbox%26settings%3DeyJpZCI6MTEwOSwidXJsIjoiaHR0cHM6XC9cL2Fncm90dXJpc21lc3ViaWVzLmVzXC9lblwvd3AtY29udGVudFwvdXBsb2Fkc1wvc2l0ZXNcLzNcL3NhbGEtZW50cmFkYS1ib3RlbGxhcy53ZWJwIiwic2xpZGVzaG93IjoiNjQ1ZmE1ZiJ9\">\n\t\t\t\t\t<div class=\"e-gallery-image elementor-gallery-item__image\" data-thumbnail=\"https:\/\/agroturismesubies.es\/en\/wp-content\/uploads\/sites\/3\/sala-entrada-botellas-768x513.webp\" data-width=\"768\" data-height=\"513\" aria-label=\"sala entrada botellas\" role=\"img\" ><\/div>\n\t\t\t\t\t\t\t\t\t\t\t<div class=\"elementor-gallery-item__overlay\"><\/div>\n\t\t\t\t\t\t\t\t\t\t\t\t\t\t<\/a>\n\t\t\t\t\t\t\t<a class=\"e-gallery-item elementor-gallery-item elementor-animated-content\" data-e-gallery-tags=\"1\" href=\"https:\/\/agroturismesubies.es\/en\/wp-content\/uploads\/sites\/3\/entrada-vista-escaleras-agroturisme-subies-mallorca.webp\" data-elementor-open-lightbox=\"yes\" data-elementor-lightbox-slideshow=\"645fa5f\" data-e-action-hash=\"#elementor-action%3Aaction%3Dlightbox%26settings%3DeyJpZCI6MTEwMCwidXJsIjoiaHR0cHM6XC9cL2Fncm90dXJpc21lc3ViaWVzLmVzXC9lblwvd3AtY29udGVudFwvdXBsb2Fkc1wvc2l0ZXNcLzNcL2VudHJhZGEtdmlzdGEtZXNjYWxlcmFzLWFncm90dXJpc21lLXN1Ymllcy1tYWxsb3JjYS53ZWJwIiwic2xpZGVzaG93IjoiNjQ1ZmE1ZiJ9\">\n\t\t\t\t\t<div class=\"e-gallery-image elementor-gallery-item__image\" data-thumbnail=\"https:\/\/agroturismesubies.es\/en\/wp-content\/uploads\/sites\/3\/entrada-vista-escaleras-agroturisme-subies-mallorca-768x513.webp\" data-width=\"768\" data-height=\"513\" aria-label=\"\" role=\"img\" ><\/div>\n\t\t\t\t\t\t\t\t\t\t\t<div class=\"elementor-gallery-item__overlay\"><\/div>\n\t\t\t\t\t\t\t\t\t\t\t\t\t\t<\/a>\n\t\t\t\t\t\t\t<a class=\"e-gallery-item elementor-gallery-item elementor-animated-content\" data-e-gallery-tags=\"1\" href=\"https:\/\/agroturismesubies.es\/en\/wp-content\/uploads\/sites\/3\/entrada-hall-estar-agroturisme-subies-mallorca.webp\" data-elementor-open-lightbox=\"yes\" data-elementor-lightbox-slideshow=\"645fa5f\" data-e-action-hash=\"#elementor-action%3Aaction%3Dlightbox%26settings%3DeyJpZCI6MTA5NywidXJsIjoiaHR0cHM6XC9cL2Fncm90dXJpc21lc3ViaWVzLmVzXC9lblwvd3AtY29udGVudFwvdXBsb2Fkc1wvc2l0ZXNcLzNcL2VudHJhZGEtaGFsbC1lc3Rhci1hZ3JvdHVyaXNtZS1zdWJpZXMtbWFsbG9yY2Eud2VicCIsInNsaWRlc2hvdyI6IjY0NWZhNWYifQ%3D%3D\">\n\t\t\t\t\t<div class=\"e-gallery-image elementor-gallery-item__image\" data-thumbnail=\"https:\/\/agroturismesubies.es\/en\/wp-content\/uploads\/sites\/3\/entrada-hall-estar-agroturisme-subies-mallorca-768x513.webp\" data-width=\"768\" data-height=\"513\" aria-label=\"\" role=\"img\" ><\/div>\n\t\t\t\t\t\t\t\t\t\t\t<div class=\"elementor-gallery-item__overlay\"><\/div>\n\t\t\t\t\t\t\t\t\t\t\t\t\t\t<\/a>\n\t\t\t\t\t\t\t<a class=\"e-gallery-item elementor-gallery-item elementor-animated-content\" data-e-gallery-tags=\"1\" href=\"https:\/\/agroturismesubies.es\/en\/wp-content\/uploads\/sites\/3\/detalle-pared-piedra-agroturisme-subies-mallorca.webp\" data-elementor-open-lightbox=\"yes\" data-elementor-lightbox-slideshow=\"645fa5f\" data-e-action-hash=\"#elementor-action%3Aaction%3Dlightbox%26settings%3DeyJpZCI6MTA5NiwidXJsIjoiaHR0cHM6XC9cL2Fncm90dXJpc21lc3ViaWVzLmVzXC9lblwvd3AtY29udGVudFwvdXBsb2Fkc1wvc2l0ZXNcLzNcL2RldGFsbGUtcGFyZWQtcGllZHJhLWFncm90dXJpc21lLXN1Ymllcy1tYWxsb3JjYS53ZWJwIiwic2xpZGVzaG93IjoiNjQ1ZmE1ZiJ9\">\n\t\t\t\t\t<div class=\"e-gallery-image elementor-gallery-item__image\" data-thumbnail=\"https:\/\/agroturismesubies.es\/en\/wp-content\/uploads\/sites\/3\/detalle-pared-piedra-agroturisme-subies-mallorca-768x1150.webp\" data-width=\"768\" data-height=\"1150\" aria-label=\"detalle pared piedra agroturisme subies mallorca\" role=\"img\" ><\/div>\n\t\t\t\t\t\t\t\t\t\t\t<div class=\"elementor-gallery-item__overlay\"><\/div>\n\t\t\t\t\t\t\t\t\t\t\t\t\t\t<\/a>\n\t\t\t\t\t\t\t<a class=\"e-gallery-item elementor-gallery-item elementor-animated-content\" data-e-gallery-tags=\"1\" href=\"https:\/\/agroturismesubies.es\/en\/wp-content\/uploads\/sites\/3\/detalle-mesa-comedor-agroturisme-subies-mallorca.webp\" data-elementor-open-lightbox=\"yes\" data-elementor-lightbox-slideshow=\"645fa5f\" data-e-action-hash=\"#elementor-action%3Aaction%3Dlightbox%26settings%3DeyJpZCI6MTA5NSwidXJsIjoiaHR0cHM6XC9cL2Fncm90dXJpc21lc3ViaWVzLmVzXC9lblwvd3AtY29udGVudFwvdXBsb2Fkc1wvc2l0ZXNcLzNcL2RldGFsbGUtbWVzYS1jb21lZG9yLWFncm90dXJpc21lLXN1Ymllcy1tYWxsb3JjYS53ZWJwIiwic2xpZGVzaG93IjoiNjQ1ZmE1ZiJ9\">\n\t\t\t\t\t<div class=\"e-gallery-image elementor-gallery-item__image\" data-thumbnail=\"https:\/\/agroturismesubies.es\/en\/wp-content\/uploads\/sites\/3\/detalle-mesa-comedor-agroturisme-subies-mallorca-768x513.webp\" data-width=\"768\" data-height=\"513\" aria-label=\"detalle mesa comedor agroturisme subies mallorca\" role=\"img\" ><\/div>\n\t\t\t\t\t\t\t\t\t\t\t<div class=\"elementor-gallery-item__overlay\"><\/div>\n\t\t\t\t\t\t\t\t\t\t\t\t\t\t<\/a>\n\t\t\t\t\t\t\t<a class=\"e-gallery-item elementor-gallery-item elementor-animated-content\" data-e-gallery-tags=\"1\" href=\"https:\/\/agroturismesubies.es\/en\/wp-content\/uploads\/sites\/3\/detalle-lavabo-agroturisme-subies-mallorca.webp\" data-elementor-open-lightbox=\"yes\" data-elementor-lightbox-slideshow=\"645fa5f\" data-e-action-hash=\"#elementor-action%3Aaction%3Dlightbox%26settings%3DeyJpZCI6MTA5NCwidXJsIjoiaHR0cHM6XC9cL2Fncm90dXJpc21lc3ViaWVzLmVzXC9lblwvd3AtY29udGVudFwvdXBsb2Fkc1wvc2l0ZXNcLzNcL2RldGFsbGUtbGF2YWJvLWFncm90dXJpc21lLXN1Ymllcy1tYWxsb3JjYS53ZWJwIiwic2xpZGVzaG93IjoiNjQ1ZmE1ZiJ9\">\n\t\t\t\t\t<div class=\"e-gallery-image elementor-gallery-item__image\" data-thumbnail=\"https:\/\/agroturismesubies.es\/en\/wp-content\/uploads\/sites\/3\/detalle-lavabo-agroturisme-subies-mallorca-768x1150.webp\" data-width=\"768\" data-height=\"1150\" aria-label=\"detalle lavabo agroturisme subies mallorca\" role=\"img\" ><\/div>\n\t\t\t\t\t\t\t\t\t\t\t<div class=\"elementor-gallery-item__overlay\"><\/div>\n\t\t\t\t\t\t\t\t\t\t\t\t\t\t<\/a>\n\t\t\t\t\t\t\t<a class=\"e-gallery-item elementor-gallery-item elementor-animated-content\" data-e-gallery-tags=\"1\" href=\"https:\/\/agroturismesubies.es\/en\/wp-content\/uploads\/sites\/3\/comedor-mesa-lamparas-agroturisme-subies-mallorca.webp\" data-elementor-open-lightbox=\"yes\" data-elementor-lightbox-slideshow=\"645fa5f\" data-e-action-hash=\"#elementor-action%3Aaction%3Dlightbox%26settings%3DeyJpZCI6MTA5MywidXJsIjoiaHR0cHM6XC9cL2Fncm90dXJpc21lc3ViaWVzLmVzXC9lblwvd3AtY29udGVudFwvdXBsb2Fkc1wvc2l0ZXNcLzNcL2NvbWVkb3ItbWVzYS1sYW1wYXJhcy1hZ3JvdHVyaXNtZS1zdWJpZXMtbWFsbG9yY2Eud2VicCIsInNsaWRlc2hvdyI6IjY0NWZhNWYifQ%3D%3D\">\n\t\t\t\t\t<div class=\"e-gallery-image elementor-gallery-item__image\" data-thumbnail=\"https:\/\/agroturismesubies.es\/en\/wp-content\/uploads\/sites\/3\/comedor-mesa-lamparas-agroturisme-subies-mallorca-768x513.webp\" data-width=\"768\" data-height=\"513\" aria-label=\"\" role=\"img\" ><\/div>\n\t\t\t\t\t\t\t\t\t\t\t<div class=\"elementor-gallery-item__overlay\"><\/div>\n\t\t\t\t\t\t\t\t\t\t\t\t\t\t<\/a>\n\t\t\t\t\t\t\t<a class=\"e-gallery-item elementor-gallery-item elementor-animated-content\" data-e-gallery-tags=\"1\" href=\"https:\/\/agroturismesubies.es\/en\/wp-content\/uploads\/sites\/3\/comedor-agroturisme-subies-mallorca.webp\" data-elementor-open-lightbox=\"yes\" data-elementor-lightbox-slideshow=\"645fa5f\" data-e-action-hash=\"#elementor-action%3Aaction%3Dlightbox%26settings%3DeyJpZCI6MTA5MiwidXJsIjoiaHR0cHM6XC9cL2Fncm90dXJpc21lc3ViaWVzLmVzXC9lblwvd3AtY29udGVudFwvdXBsb2Fkc1wvc2l0ZXNcLzNcL2NvbWVkb3ItYWdyb3R1cmlzbWUtc3ViaWVzLW1hbGxvcmNhLndlYnAiLCJzbGlkZXNob3ciOiI2NDVmYTVmIn0%3D\">\n\t\t\t\t\t<div class=\"e-gallery-image elementor-gallery-item__image\" data-thumbnail=\"https:\/\/agroturismesubies.es\/en\/wp-content\/uploads\/sites\/3\/comedor-agroturisme-subies-mallorca-768x513.webp\" data-width=\"768\" data-height=\"513\" aria-label=\"comedor agroturisme subies mallorca\" role=\"img\" ><\/div>\n\t\t\t\t\t\t\t\t\t\t\t<div class=\"elementor-gallery-item__overlay\"><\/div>\n\t\t\t\t\t\t\t\t\t\t\t\t\t\t<\/a>\n\t\t\t\t\t\t\t<a class=\"e-gallery-item elementor-gallery-item elementor-animated-content\" data-e-gallery-tags=\"1\" href=\"https:\/\/agroturismesubies.es\/en\/wp-content\/uploads\/sites\/3\/arco-entrada-botellas-agroturisme-subies-mallorca.webp\" data-elementor-open-lightbox=\"yes\" data-elementor-lightbox-slideshow=\"645fa5f\" data-e-action-hash=\"#elementor-action%3Aaction%3Dlightbox%26settings%3DeyJpZCI6MTA4OSwidXJsIjoiaHR0cHM6XC9cL2Fncm90dXJpc21lc3ViaWVzLmVzXC9lblwvd3AtY29udGVudFwvdXBsb2Fkc1wvc2l0ZXNcLzNcL2FyY28tZW50cmFkYS1ib3RlbGxhcy1hZ3JvdHVyaXNtZS1zdWJpZXMtbWFsbG9yY2Eud2VicCIsInNsaWRlc2hvdyI6IjY0NWZhNWYifQ%3D%3D\">\n\t\t\t\t\t<div class=\"e-gallery-image elementor-gallery-item__image\" data-thumbnail=\"https:\/\/agroturismesubies.es\/en\/wp-content\/uploads\/sites\/3\/arco-entrada-botellas-agroturisme-subies-mallorca-768x513.webp\" data-width=\"768\" data-height=\"513\" aria-label=\"arco entrada botellas agroturisme subies mallorca\" role=\"img\" ><\/div>\n\t\t\t\t\t\t\t\t\t\t\t<div class=\"elementor-gallery-item__overlay\"><\/div>\n\t\t\t\t\t\t\t\t\t\t\t\t\t\t<\/a>\n\t\t\t\t\t\t\t<a class=\"e-gallery-item elementor-gallery-item elementor-animated-content\" data-e-gallery-tags=\"1\" href=\"https:\/\/agroturismesubies.es\/en\/wp-content\/uploads\/sites\/3\/entrada-escaleras-agroturisme-subies.webp\" data-elementor-open-lightbox=\"yes\" data-elementor-lightbox-slideshow=\"645fa5f\" data-e-action-hash=\"#elementor-action%3Aaction%3Dlightbox%26settings%3DeyJpZCI6MTA0MSwidXJsIjoiaHR0cHM6XC9cL2Fncm90dXJpc21lc3ViaWVzLmVzXC9lblwvd3AtY29udGVudFwvdXBsb2Fkc1wvc2l0ZXNcLzNcL2VudHJhZGEtZXNjYWxlcmFzLWFncm90dXJpc21lLXN1Ymllcy53ZWJwIiwic2xpZGVzaG93IjoiNjQ1ZmE1ZiJ9\">\n\t\t\t\t\t<div class=\"e-gallery-image elementor-gallery-item__image\" data-thumbnail=\"https:\/\/agroturismesubies.es\/en\/wp-content\/uploads\/sites\/3\/entrada-escaleras-agroturisme-subies-768x513.webp\" data-width=\"768\" data-height=\"513\" aria-label=\"entrada escaleras agroturisme subies\" role=\"img\" ><\/div>\n\t\t\t\t\t\t\t\t\t\t\t<div class=\"elementor-gallery-item__overlay\"><\/div>\n\t\t\t\t\t\t\t\t\t\t\t\t\t\t<\/a>\n\t\t\t\t\t\t\t<a class=\"e-gallery-item elementor-gallery-item elementor-animated-content\" data-e-gallery-tags=\"2\" href=\"https:\/\/agroturismesubies.es\/en\/wp-content\/uploads\/sites\/3\/detalle-cama-lampara-agroturisme-subies-mallorca-1.webp\" data-elementor-open-lightbox=\"yes\" data-elementor-lightbox-slideshow=\"645fa5f\" data-e-action-hash=\"#elementor-action%3Aaction%3Dlightbox%26settings%3DeyJpZCI6MTY5OCwidXJsIjoiaHR0cHM6XC9cL2Fncm90dXJpc21lc3ViaWVzLmVzXC9lblwvd3AtY29udGVudFwvdXBsb2Fkc1wvc2l0ZXNcLzNcL2RldGFsbGUtY2FtYS1sYW1wYXJhLWFncm90dXJpc21lLXN1Ymllcy1tYWxsb3JjYS0xLndlYnAiLCJzbGlkZXNob3ciOiI2NDVmYTVmIn0%3D\">\n\t\t\t\t\t<div class=\"e-gallery-image elementor-gallery-item__image\" data-thumbnail=\"https:\/\/agroturismesubies.es\/en\/wp-content\/uploads\/sites\/3\/detalle-cama-lampara-agroturisme-subies-mallorca-1-768x1151.webp\" data-width=\"768\" data-height=\"1151\" aria-label=\"Habitaciones en Mallorca. Detalle cama lampara agroturisme subies mallorca 1\" role=\"img\" ><\/div>\n\t\t\t\t\t\t\t\t\t\t\t<div class=\"elementor-gallery-item__overlay\"><\/div>\n\t\t\t\t\t\t\t\t\t\t\t\t\t\t<\/a>\n\t\t\t\t\t\t\t<a class=\"e-gallery-item elementor-gallery-item elementor-animated-content\" data-e-gallery-tags=\"2\" href=\"https:\/\/agroturismesubies.es\/en\/wp-content\/uploads\/sites\/3\/detalle-cama-hab-agroturisme-subies-mallorca-1.webp\" data-elementor-open-lightbox=\"yes\" data-elementor-lightbox-slideshow=\"645fa5f\" data-e-action-hash=\"#elementor-action%3Aaction%3Dlightbox%26settings%3DeyJpZCI6MTY5NywidXJsIjoiaHR0cHM6XC9cL2Fncm90dXJpc21lc3ViaWVzLmVzXC9lblwvd3AtY29udGVudFwvdXBsb2Fkc1wvc2l0ZXNcLzNcL2RldGFsbGUtY2FtYS1oYWItYWdyb3R1cmlzbWUtc3ViaWVzLW1hbGxvcmNhLTEud2VicCIsInNsaWRlc2hvdyI6IjY0NWZhNWYifQ%3D%3D\">\n\t\t\t\t\t<div class=\"e-gallery-image elementor-gallery-item__image\" data-thumbnail=\"https:\/\/agroturismesubies.es\/en\/wp-content\/uploads\/sites\/3\/detalle-cama-hab-agroturisme-subies-mallorca-1-768x513.webp\" data-width=\"768\" data-height=\"513\" aria-label=\"detalle cama hab agroturisme subies mallorca 1\" role=\"img\" ><\/div>\n\t\t\t\t\t\t\t\t\t\t\t<div class=\"elementor-gallery-item__overlay\"><\/div>\n\t\t\t\t\t\t\t\t\t\t\t\t\t\t<\/a>\n\t\t\t\t\t\t\t<a class=\"e-gallery-item elementor-gallery-item elementor-animated-content\" data-e-gallery-tags=\"2\" href=\"https:\/\/agroturismesubies.es\/en\/wp-content\/uploads\/sites\/3\/cama-hab-ventana-agroturisme-subies-mallorca-1.webp\" data-elementor-open-lightbox=\"yes\" data-elementor-lightbox-slideshow=\"645fa5f\" data-e-action-hash=\"#elementor-action%3Aaction%3Dlightbox%26settings%3DeyJpZCI6MTY5NiwidXJsIjoiaHR0cHM6XC9cL2Fncm90dXJpc21lc3ViaWVzLmVzXC9lblwvd3AtY29udGVudFwvdXBsb2Fkc1wvc2l0ZXNcLzNcL2NhbWEtaGFiLXZlbnRhbmEtYWdyb3R1cmlzbWUtc3ViaWVzLW1hbGxvcmNhLTEud2VicCIsInNsaWRlc2hvdyI6IjY0NWZhNWYifQ%3D%3D\">\n\t\t\t\t\t<div class=\"e-gallery-image elementor-gallery-item__image\" data-thumbnail=\"https:\/\/agroturismesubies.es\/en\/wp-content\/uploads\/sites\/3\/cama-hab-ventana-agroturisme-subies-mallorca-1-768x513.webp\" data-width=\"768\" data-height=\"513\" aria-label=\"cama hab ventana agroturisme subies mallorca 1\" role=\"img\" ><\/div>\n\t\t\t\t\t\t\t\t\t\t\t<div class=\"elementor-gallery-item__overlay\"><\/div>\n\t\t\t\t\t\t\t\t\t\t\t\t\t\t<\/a>\n\t\t\t\t\t\t\t<a class=\"e-gallery-item elementor-gallery-item elementor-animated-content\" data-e-gallery-tags=\"2\" href=\"https:\/\/agroturismesubies.es\/en\/wp-content\/uploads\/sites\/3\/bano-hab-agroturisme-subies-mallorca-1.webp\" data-elementor-open-lightbox=\"yes\" data-elementor-lightbox-slideshow=\"645fa5f\" data-e-action-hash=\"#elementor-action%3Aaction%3Dlightbox%26settings%3DeyJpZCI6MTY5NSwidXJsIjoiaHR0cHM6XC9cL2Fncm90dXJpc21lc3ViaWVzLmVzXC9lblwvd3AtY29udGVudFwvdXBsb2Fkc1wvc2l0ZXNcLzNcL2Jhbm8taGFiLWFncm90dXJpc21lLXN1Ymllcy1tYWxsb3JjYS0xLndlYnAiLCJzbGlkZXNob3ciOiI2NDVmYTVmIn0%3D\">\n\t\t\t\t\t<div class=\"e-gallery-image elementor-gallery-item__image\" data-thumbnail=\"https:\/\/agroturismesubies.es\/en\/wp-content\/uploads\/sites\/3\/bano-hab-agroturisme-subies-mallorca-1-768x1150.webp\" data-width=\"768\" data-height=\"1150\" aria-label=\"bano hab agroturisme subies mallorca 1\" role=\"img\" ><\/div>\n\t\t\t\t\t\t\t\t\t\t\t<div class=\"elementor-gallery-item__overlay\"><\/div>\n\t\t\t\t\t\t\t\t\t\t\t\t\t\t<\/a>\n\t\t\t\t\t\t\t<a class=\"e-gallery-item elementor-gallery-item elementor-animated-content\" data-e-gallery-tags=\"2\" href=\"https:\/\/agroturismesubies.es\/en\/wp-content\/uploads\/sites\/3\/bano-encimera-agriturisme-subies-mallorca-2.webp\" data-elementor-open-lightbox=\"yes\" data-elementor-lightbox-slideshow=\"645fa5f\" data-e-action-hash=\"#elementor-action%3Aaction%3Dlightbox%26settings%3DeyJpZCI6MTY5NCwidXJsIjoiaHR0cHM6XC9cL2Fncm90dXJpc21lc3ViaWVzLmVzXC9lblwvd3AtY29udGVudFwvdXBsb2Fkc1wvc2l0ZXNcLzNcL2Jhbm8tZW5jaW1lcmEtYWdyaXR1cmlzbWUtc3ViaWVzLW1hbGxvcmNhLTIud2VicCIsInNsaWRlc2hvdyI6IjY0NWZhNWYifQ%3D%3D\">\n\t\t\t\t\t<div class=\"e-gallery-image elementor-gallery-item__image\" data-thumbnail=\"https:\/\/agroturismesubies.es\/en\/wp-content\/uploads\/sites\/3\/bano-encimera-agriturisme-subies-mallorca-2-768x1150.webp\" data-width=\"768\" data-height=\"1150\" aria-label=\"bano encimera agriturisme subies mallorca 2\" role=\"img\" ><\/div>\n\t\t\t\t\t\t\t\t\t\t\t<div class=\"elementor-gallery-item__overlay\"><\/div>\n\t\t\t\t\t\t\t\t\t\t\t\t\t\t<\/a>\n\t\t\t\t\t\t\t<a class=\"e-gallery-item elementor-gallery-item elementor-animated-content\" data-e-gallery-tags=\"2\" href=\"https:\/\/agroturismesubies.es\/en\/wp-content\/uploads\/sites\/3\/bano-habitacion-agroturisme-subies-2.webp\" data-elementor-open-lightbox=\"yes\" data-elementor-lightbox-slideshow=\"645fa5f\" data-e-action-hash=\"#elementor-action%3Aaction%3Dlightbox%26settings%3DeyJpZCI6MTY5MiwidXJsIjoiaHR0cHM6XC9cL2Fncm90dXJpc21lc3ViaWVzLmVzXC9lblwvd3AtY29udGVudFwvdXBsb2Fkc1wvc2l0ZXNcLzNcL2Jhbm8taGFiaXRhY2lvbi1hZ3JvdHVyaXNtZS1zdWJpZXMtMi53ZWJwIiwic2xpZGVzaG93IjoiNjQ1ZmE1ZiJ9\">\n\t\t\t\t\t<div class=\"e-gallery-image elementor-gallery-item__image\" data-thumbnail=\"https:\/\/agroturismesubies.es\/en\/wp-content\/uploads\/sites\/3\/bano-habitacion-agroturisme-subies-2-768x513.webp\" data-width=\"768\" data-height=\"513\" aria-label=\"bano habitacion agroturisme subies 2\" role=\"img\" ><\/div>\n\t\t\t\t\t\t\t\t\t\t\t<div class=\"elementor-gallery-item__overlay\"><\/div>\n\t\t\t\t\t\t\t\t\t\t\t\t\t\t<\/a>\n\t\t\t\t\t\t\t<a class=\"e-gallery-item elementor-gallery-item elementor-animated-content\" data-e-gallery-tags=\"2\" href=\"https:\/\/agroturismesubies.es\/en\/wp-content\/uploads\/sites\/3\/aseo-agroturisme-subies-mallorca-1.webp\" data-elementor-open-lightbox=\"yes\" data-elementor-lightbox-slideshow=\"645fa5f\" data-e-action-hash=\"#elementor-action%3Aaction%3Dlightbox%26settings%3DeyJpZCI6MTY5MSwidXJsIjoiaHR0cHM6XC9cL2Fncm90dXJpc21lc3ViaWVzLmVzXC9lblwvd3AtY29udGVudFwvdXBsb2Fkc1wvc2l0ZXNcLzNcL2FzZW8tYWdyb3R1cmlzbWUtc3ViaWVzLW1hbGxvcmNhLTEud2VicCIsInNsaWRlc2hvdyI6IjY0NWZhNWYifQ%3D%3D\">\n\t\t\t\t\t<div class=\"e-gallery-image elementor-gallery-item__image\" data-thumbnail=\"https:\/\/agroturismesubies.es\/en\/wp-content\/uploads\/sites\/3\/aseo-agroturisme-subies-mallorca-1-768x1151.webp\" data-width=\"768\" data-height=\"1151\" aria-label=\"aseo agroturisme subies mallorca 1\" role=\"img\" ><\/div>\n\t\t\t\t\t\t\t\t\t\t\t<div class=\"elementor-gallery-item__overlay\"><\/div>\n\t\t\t\t\t\t\t\t\t\t\t\t\t\t<\/a>\n\t\t\t\t\t\t\t<a class=\"e-gallery-item elementor-gallery-item elementor-animated-content\" data-e-gallery-tags=\"2\" href=\"https:\/\/agroturismesubies.es\/en\/wp-content\/uploads\/sites\/3\/amenities-hab-agroturisme-subies-mallorca-1.webp\" data-elementor-open-lightbox=\"yes\" data-elementor-lightbox-slideshow=\"645fa5f\" data-e-action-hash=\"#elementor-action%3Aaction%3Dlightbox%26settings%3DeyJpZCI6MTY5MCwidXJsIjoiaHR0cHM6XC9cL2Fncm90dXJpc21lc3ViaWVzLmVzXC9lblwvd3AtY29udGVudFwvdXBsb2Fkc1wvc2l0ZXNcLzNcL2FtZW5pdGllcy1oYWItYWdyb3R1cmlzbWUtc3ViaWVzLW1hbGxvcmNhLTEud2VicCIsInNsaWRlc2hvdyI6IjY0NWZhNWYifQ%3D%3D\">\n\t\t\t\t\t<div class=\"e-gallery-image elementor-gallery-item__image\" data-thumbnail=\"https:\/\/agroturismesubies.es\/en\/wp-content\/uploads\/sites\/3\/amenities-hab-agroturisme-subies-mallorca-1-768x1150.webp\" data-width=\"768\" data-height=\"1150\" aria-label=\"amenities hab agroturisme subies mallorca 1\" role=\"img\" ><\/div>\n\t\t\t\t\t\t\t\t\t\t\t<div class=\"elementor-gallery-item__overlay\"><\/div>\n\t\t\t\t\t\t\t\t\t\t\t\t\t\t<\/a>\n\t\t\t\t\t\t\t<a class=\"e-gallery-item elementor-gallery-item elementor-animated-content\" data-e-gallery-tags=\"2\" href=\"https:\/\/agroturismesubies.es\/en\/wp-content\/uploads\/sites\/3\/vista-parcial-agriturisme-subies-mallorca-1.webp\" data-elementor-open-lightbox=\"yes\" data-elementor-lightbox-slideshow=\"645fa5f\" data-e-action-hash=\"#elementor-action%3Aaction%3Dlightbox%26settings%3DeyJpZCI6MTY4OSwidXJsIjoiaHR0cHM6XC9cL2Fncm90dXJpc21lc3ViaWVzLmVzXC9lblwvd3AtY29udGVudFwvdXBsb2Fkc1wvc2l0ZXNcLzNcL3Zpc3RhLXBhcmNpYWwtYWdyaXR1cmlzbWUtc3ViaWVzLW1hbGxvcmNhLTEud2VicCIsInNsaWRlc2hvdyI6IjY0NWZhNWYifQ%3D%3D\">\n\t\t\t\t\t<div class=\"e-gallery-image elementor-gallery-item__image\" data-thumbnail=\"https:\/\/agroturismesubies.es\/en\/wp-content\/uploads\/sites\/3\/vista-parcial-agriturisme-subies-mallorca-1-768x513.webp\" data-width=\"768\" data-height=\"513\" aria-label=\"vista parcial agriturisme subies mallorca 1\" role=\"img\" ><\/div>\n\t\t\t\t\t\t\t\t\t\t\t<div class=\"elementor-gallery-item__overlay\"><\/div>\n\t\t\t\t\t\t\t\t\t\t\t\t\t\t<\/a>\n\t\t\t\t\t\t\t<a class=\"e-gallery-item elementor-gallery-item elementor-animated-content\" data-e-gallery-tags=\"2\" href=\"https:\/\/agroturismesubies.es\/en\/wp-content\/uploads\/sites\/3\/vista-panoramica-agriturisme-subies-mallorca-1.webp\" data-elementor-open-lightbox=\"yes\" data-elementor-lightbox-slideshow=\"645fa5f\" data-e-action-hash=\"#elementor-action%3Aaction%3Dlightbox%26settings%3DeyJpZCI6MTY4OCwidXJsIjoiaHR0cHM6XC9cL2Fncm90dXJpc21lc3ViaWVzLmVzXC9lblwvd3AtY29udGVudFwvdXBsb2Fkc1wvc2l0ZXNcLzNcL3Zpc3RhLXBhbm9yYW1pY2EtYWdyaXR1cmlzbWUtc3ViaWVzLW1hbGxvcmNhLTEud2VicCIsInNsaWRlc2hvdyI6IjY0NWZhNWYifQ%3D%3D\">\n\t\t\t\t\t<div class=\"e-gallery-image elementor-gallery-item__image\" data-thumbnail=\"https:\/\/agroturismesubies.es\/en\/wp-content\/uploads\/sites\/3\/vista-panoramica-agriturisme-subies-mallorca-1-768x513.webp\" data-width=\"768\" data-height=\"513\" aria-label=\"vista panoramica agriturisme subies mallorca 1\" role=\"img\" ><\/div>\n\t\t\t\t\t\t\t\t\t\t\t<div class=\"elementor-gallery-item__overlay\"><\/div>\n\t\t\t\t\t\t\t\t\t\t\t\t\t\t<\/a>\n\t\t\t\t\t\t\t<a class=\"e-gallery-item elementor-gallery-item elementor-animated-content\" data-e-gallery-tags=\"2\" href=\"https:\/\/agroturismesubies.es\/en\/wp-content\/uploads\/sites\/3\/vista-lateral-hab-ventana-agroturisme-subies-mallorca.webp\" data-elementor-open-lightbox=\"yes\" data-elementor-lightbox-slideshow=\"645fa5f\" data-e-action-hash=\"#elementor-action%3Aaction%3Dlightbox%26settings%3DeyJpZCI6MTY4NywidXJsIjoiaHR0cHM6XC9cL2Fncm90dXJpc21lc3ViaWVzLmVzXC9lblwvd3AtY29udGVudFwvdXBsb2Fkc1wvc2l0ZXNcLzNcL3Zpc3RhLWxhdGVyYWwtaGFiLXZlbnRhbmEtYWdyb3R1cmlzbWUtc3ViaWVzLW1hbGxvcmNhLndlYnAiLCJzbGlkZXNob3ciOiI2NDVmYTVmIn0%3D\">\n\t\t\t\t\t<div class=\"e-gallery-image elementor-gallery-item__image\" data-thumbnail=\"https:\/\/agroturismesubies.es\/en\/wp-content\/uploads\/sites\/3\/vista-lateral-hab-ventana-agroturisme-subies-mallorca-768x513.webp\" data-width=\"768\" data-height=\"513\" aria-label=\"\" role=\"img\" ><\/div>\n\t\t\t\t\t\t\t\t\t\t\t<div class=\"elementor-gallery-item__overlay\"><\/div>\n\t\t\t\t\t\t\t\t\t\t\t\t\t\t<\/a>\n\t\t\t\t\t\t\t<a class=\"e-gallery-item elementor-gallery-item elementor-animated-content\" data-e-gallery-tags=\"2\" href=\"https:\/\/agroturismesubies.es\/en\/wp-content\/uploads\/sites\/3\/vista-lateral-agriturisme-subies-mallorca-1.webp\" data-elementor-open-lightbox=\"yes\" data-elementor-lightbox-slideshow=\"645fa5f\" data-e-action-hash=\"#elementor-action%3Aaction%3Dlightbox%26settings%3DeyJpZCI6MTY4NSwidXJsIjoiaHR0cHM6XC9cL2Fncm90dXJpc21lc3ViaWVzLmVzXC9lblwvd3AtY29udGVudFwvdXBsb2Fkc1wvc2l0ZXNcLzNcL3Zpc3RhLWxhdGVyYWwtYWdyaXR1cmlzbWUtc3ViaWVzLW1hbGxvcmNhLTEud2VicCIsInNsaWRlc2hvdyI6IjY0NWZhNWYifQ%3D%3D\">\n\t\t\t\t\t<div class=\"e-gallery-image elementor-gallery-item__image\" data-thumbnail=\"https:\/\/agroturismesubies.es\/en\/wp-content\/uploads\/sites\/3\/vista-lateral-agriturisme-subies-mallorca-1-768x513.webp\" data-width=\"768\" data-height=\"513\" aria-label=\"vista lateral agriturisme subies mallorca 1\" role=\"img\" ><\/div>\n\t\t\t\t\t\t\t\t\t\t\t<div class=\"elementor-gallery-item__overlay\"><\/div>\n\t\t\t\t\t\t\t\t\t\t\t\t\t\t<\/a>\n\t\t\t\t\t\t\t<a class=\"e-gallery-item elementor-gallery-item elementor-animated-content\" data-e-gallery-tags=\"2\" href=\"https:\/\/agroturismesubies.es\/en\/wp-content\/uploads\/sites\/3\/vista-lado-cama-hab-agroturisme-subies-mallorca.webp\" data-elementor-open-lightbox=\"yes\" data-elementor-lightbox-slideshow=\"645fa5f\" data-e-action-hash=\"#elementor-action%3Aaction%3Dlightbox%26settings%3DeyJpZCI6MTY4NCwidXJsIjoiaHR0cHM6XC9cL2Fncm90dXJpc21lc3ViaWVzLmVzXC9lblwvd3AtY29udGVudFwvdXBsb2Fkc1wvc2l0ZXNcLzNcL3Zpc3RhLWxhZG8tY2FtYS1oYWItYWdyb3R1cmlzbWUtc3ViaWVzLW1hbGxvcmNhLndlYnAiLCJzbGlkZXNob3ciOiI2NDVmYTVmIn0%3D\">\n\t\t\t\t\t<div class=\"e-gallery-image elementor-gallery-item__image\" data-thumbnail=\"https:\/\/agroturismesubies.es\/en\/wp-content\/uploads\/sites\/3\/vista-lado-cama-hab-agroturisme-subies-mallorca-768x1150.webp\" data-width=\"768\" data-height=\"1150\" aria-label=\"vista lado cama hab agroturisme subies mallorca\" role=\"img\" ><\/div>\n\t\t\t\t\t\t\t\t\t\t\t<div class=\"elementor-gallery-item__overlay\"><\/div>\n\t\t\t\t\t\t\t\t\t\t\t\t\t\t<\/a>\n\t\t\t\t\t\t\t<a class=\"e-gallery-item elementor-gallery-item elementor-animated-content\" data-e-gallery-tags=\"2\" href=\"https:\/\/agroturismesubies.es\/en\/wp-content\/uploads\/sites\/3\/vista-hab-tenue-luz-agriturisme-subies-mallorca-1.webp\" data-elementor-open-lightbox=\"yes\" data-elementor-lightbox-slideshow=\"645fa5f\" data-e-action-hash=\"#elementor-action%3Aaction%3Dlightbox%26settings%3DeyJpZCI6MTY4MywidXJsIjoiaHR0cHM6XC9cL2Fncm90dXJpc21lc3ViaWVzLmVzXC9lblwvd3AtY29udGVudFwvdXBsb2Fkc1wvc2l0ZXNcLzNcL3Zpc3RhLWhhYi10ZW51ZS1sdXotYWdyaXR1cmlzbWUtc3ViaWVzLW1hbGxvcmNhLTEud2VicCIsInNsaWRlc2hvdyI6IjY0NWZhNWYifQ%3D%3D\">\n\t\t\t\t\t<div class=\"e-gallery-image elementor-gallery-item__image\" data-thumbnail=\"https:\/\/agroturismesubies.es\/en\/wp-content\/uploads\/sites\/3\/vista-hab-tenue-luz-agriturisme-subies-mallorca-1-768x513.webp\" data-width=\"768\" data-height=\"513\" aria-label=\"vista hab tenue luz agriturisme subies mallorca 1\" role=\"img\" ><\/div>\n\t\t\t\t\t\t\t\t\t\t\t<div class=\"elementor-gallery-item__overlay\"><\/div>\n\t\t\t\t\t\t\t\t\t\t\t\t\t\t<\/a>\n\t\t\t\t\t\t\t<a class=\"e-gallery-item elementor-gallery-item elementor-animated-content\" data-e-gallery-tags=\"2\" href=\"https:\/\/agroturismesubies.es\/en\/wp-content\/uploads\/sites\/3\/vista-hab-bano-agriturisme-subies-mallorca-1.webp\" data-elementor-open-lightbox=\"yes\" data-elementor-lightbox-slideshow=\"645fa5f\" data-e-action-hash=\"#elementor-action%3Aaction%3Dlightbox%26settings%3DeyJpZCI6MTY4MSwidXJsIjoiaHR0cHM6XC9cL2Fncm90dXJpc21lc3ViaWVzLmVzXC9lblwvd3AtY29udGVudFwvdXBsb2Fkc1wvc2l0ZXNcLzNcL3Zpc3RhLWhhYi1iYW5vLWFncml0dXJpc21lLXN1Ymllcy1tYWxsb3JjYS0xLndlYnAiLCJzbGlkZXNob3ciOiI2NDVmYTVmIn0%3D\">\n\t\t\t\t\t<div class=\"e-gallery-image elementor-gallery-item__image\" data-thumbnail=\"https:\/\/agroturismesubies.es\/en\/wp-content\/uploads\/sites\/3\/vista-hab-bano-agriturisme-subies-mallorca-1-768x513.webp\" data-width=\"768\" data-height=\"513\" aria-label=\"vista hab bano agriturisme subies mallorca 1\" role=\"img\" ><\/div>\n\t\t\t\t\t\t\t\t\t\t\t<div class=\"elementor-gallery-item__overlay\"><\/div>\n\t\t\t\t\t\t\t\t\t\t\t\t\t\t<\/a>\n\t\t\t\t\t\t\t<a class=\"e-gallery-item elementor-gallery-item elementor-animated-content\" data-e-gallery-tags=\"2\" href=\"https:\/\/agroturismesubies.es\/en\/wp-content\/uploads\/sites\/3\/vista-desde-hab-agroturisme-subies-mallorca.webp\" data-elementor-open-lightbox=\"yes\" data-elementor-lightbox-slideshow=\"645fa5f\" data-e-action-hash=\"#elementor-action%3Aaction%3Dlightbox%26settings%3DeyJpZCI6MTY3OSwidXJsIjoiaHR0cHM6XC9cL2Fncm90dXJpc21lc3ViaWVzLmVzXC9lblwvd3AtY29udGVudFwvdXBsb2Fkc1wvc2l0ZXNcLzNcL3Zpc3RhLWRlc2RlLWhhYi1hZ3JvdHVyaXNtZS1zdWJpZXMtbWFsbG9yY2Eud2VicCIsInNsaWRlc2hvdyI6IjY0NWZhNWYifQ%3D%3D\">\n\t\t\t\t\t<div class=\"e-gallery-image elementor-gallery-item__image\" data-thumbnail=\"https:\/\/agroturismesubies.es\/en\/wp-content\/uploads\/sites\/3\/vista-desde-hab-agroturisme-subies-mallorca-768x513.webp\" data-width=\"768\" data-height=\"513\" aria-label=\"vista desde hab agroturisme subies mallorca\" role=\"img\" ><\/div>\n\t\t\t\t\t\t\t\t\t\t\t<div class=\"elementor-gallery-item__overlay\"><\/div>\n\t\t\t\t\t\t\t\t\t\t\t\t\t\t<\/a>\n\t\t\t\t\t\t\t<a class=\"e-gallery-item elementor-gallery-item elementor-animated-content\" data-e-gallery-tags=\"2\" href=\"https:\/\/agroturismesubies.es\/en\/wp-content\/uploads\/sites\/3\/vista-desde-fuera-hab-bano-agroturisme-subies-mallorca.webp\" data-elementor-open-lightbox=\"yes\" data-elementor-lightbox-slideshow=\"645fa5f\" data-e-action-hash=\"#elementor-action%3Aaction%3Dlightbox%26settings%3DeyJpZCI6MTY3OCwidXJsIjoiaHR0cHM6XC9cL2Fncm90dXJpc21lc3ViaWVzLmVzXC9lblwvd3AtY29udGVudFwvdXBsb2Fkc1wvc2l0ZXNcLzNcL3Zpc3RhLWRlc2RlLWZ1ZXJhLWhhYi1iYW5vLWFncm90dXJpc21lLXN1Ymllcy1tYWxsb3JjYS53ZWJwIiwic2xpZGVzaG93IjoiNjQ1ZmE1ZiJ9\">\n\t\t\t\t\t<div class=\"e-gallery-image elementor-gallery-item__image\" data-thumbnail=\"https:\/\/agroturismesubies.es\/en\/wp-content\/uploads\/sites\/3\/vista-desde-fuera-hab-bano-agroturisme-subies-mallorca-768x1150.webp\" data-width=\"768\" data-height=\"1150\" aria-label=\"vista desde fuera hab bano agroturisme subies mallorca\" role=\"img\" ><\/div>\n\t\t\t\t\t\t\t\t\t\t\t<div class=\"elementor-gallery-item__overlay\"><\/div>\n\t\t\t\t\t\t\t\t\t\t\t\t\t\t<\/a>\n\t\t\t\t\t\t\t<a class=\"e-gallery-item elementor-gallery-item elementor-animated-content\" data-e-gallery-tags=\"2\" href=\"https:\/\/agroturismesubies.es\/en\/wp-content\/uploads\/sites\/3\/vista-cama-bano-hab-agroturisme-subies-mallorca.webp\" data-elementor-open-lightbox=\"yes\" data-elementor-lightbox-slideshow=\"645fa5f\" data-e-action-hash=\"#elementor-action%3Aaction%3Dlightbox%26settings%3DeyJpZCI6MTY3NywidXJsIjoiaHR0cHM6XC9cL2Fncm90dXJpc21lc3ViaWVzLmVzXC9lblwvd3AtY29udGVudFwvdXBsb2Fkc1wvc2l0ZXNcLzNcL3Zpc3RhLWNhbWEtYmFuby1oYWItYWdyb3R1cmlzbWUtc3ViaWVzLW1hbGxvcmNhLndlYnAiLCJzbGlkZXNob3ciOiI2NDVmYTVmIn0%3D\">\n\t\t\t\t\t<div class=\"e-gallery-image elementor-gallery-item__image\" data-thumbnail=\"https:\/\/agroturismesubies.es\/en\/wp-content\/uploads\/sites\/3\/vista-cama-bano-hab-agroturisme-subies-mallorca-768x513.webp\" data-width=\"768\" data-height=\"513\" aria-label=\"\" role=\"img\" ><\/div>\n\t\t\t\t\t\t\t\t\t\t\t<div class=\"elementor-gallery-item__overlay\"><\/div>\n\t\t\t\t\t\t\t\t\t\t\t\t\t\t<\/a>\n\t\t\t\t\t\t\t<a class=\"e-gallery-item elementor-gallery-item elementor-animated-content\" data-e-gallery-tags=\"2\" href=\"https:\/\/agroturismesubies.es\/en\/wp-content\/uploads\/sites\/3\/vista-bano-agroturisme-subies-mallorca.webp\" data-elementor-open-lightbox=\"yes\" data-elementor-lightbox-slideshow=\"645fa5f\" data-e-action-hash=\"#elementor-action%3Aaction%3Dlightbox%26settings%3DeyJpZCI6MTY3NSwidXJsIjoiaHR0cHM6XC9cL2Fncm90dXJpc21lc3ViaWVzLmVzXC9lblwvd3AtY29udGVudFwvdXBsb2Fkc1wvc2l0ZXNcLzNcL3Zpc3RhLWJhbm8tYWdyb3R1cmlzbWUtc3ViaWVzLW1hbGxvcmNhLndlYnAiLCJzbGlkZXNob3ciOiI2NDVmYTVmIn0%3D\">\n\t\t\t\t\t<div class=\"e-gallery-image elementor-gallery-item__image\" data-thumbnail=\"https:\/\/agroturismesubies.es\/en\/wp-content\/uploads\/sites\/3\/vista-bano-agroturisme-subies-mallorca-768x1150.webp\" data-width=\"768\" data-height=\"1150\" aria-label=\"vista bano agroturisme subies mallorca\" role=\"img\" ><\/div>\n\t\t\t\t\t\t\t\t\t\t\t<div class=\"elementor-gallery-item__overlay\"><\/div>\n\t\t\t\t\t\t\t\t\t\t\t\t\t\t<\/a>\n\t\t\t\t\t\t\t<a class=\"e-gallery-item elementor-gallery-item elementor-animated-content\" data-e-gallery-tags=\"2\" href=\"https:\/\/agroturismesubies.es\/en\/wp-content\/uploads\/sites\/3\/Tv-hab-agroturisme-subies-mallorca.webp\" data-elementor-open-lightbox=\"yes\" data-elementor-lightbox-slideshow=\"645fa5f\" data-e-action-hash=\"#elementor-action%3Aaction%3Dlightbox%26settings%3DeyJpZCI6MTY3MiwidXJsIjoiaHR0cHM6XC9cL2Fncm90dXJpc21lc3ViaWVzLmVzXC9lblwvd3AtY29udGVudFwvdXBsb2Fkc1wvc2l0ZXNcLzNcL1R2LWhhYi1hZ3JvdHVyaXNtZS1zdWJpZXMtbWFsbG9yY2Eud2VicCIsInNsaWRlc2hvdyI6IjY0NWZhNWYifQ%3D%3D\">\n\t\t\t\t\t<div class=\"e-gallery-image elementor-gallery-item__image\" data-thumbnail=\"https:\/\/agroturismesubies.es\/en\/wp-content\/uploads\/sites\/3\/Tv-hab-agroturisme-subies-mallorca-768x513.webp\" data-width=\"768\" data-height=\"513\" aria-label=\"Tv hab agroturisme subies mallorca\" role=\"img\" ><\/div>\n\t\t\t\t\t\t\t\t\t\t\t<div class=\"elementor-gallery-item__overlay\"><\/div>\n\t\t\t\t\t\t\t\t\t\t\t\t\t\t<\/a>\n\t\t\t\t\t\t\t<a class=\"e-gallery-item elementor-gallery-item elementor-animated-content\" data-e-gallery-tags=\"2\" href=\"https:\/\/agroturismesubies.es\/en\/wp-content\/uploads\/sites\/3\/toallas-bano-agroturisme-subies-mallorca.webp\" data-elementor-open-lightbox=\"yes\" data-elementor-lightbox-slideshow=\"645fa5f\" data-e-action-hash=\"#elementor-action%3Aaction%3Dlightbox%26settings%3DeyJpZCI6MTY3MSwidXJsIjoiaHR0cHM6XC9cL2Fncm90dXJpc21lc3ViaWVzLmVzXC9lblwvd3AtY29udGVudFwvdXBsb2Fkc1wvc2l0ZXNcLzNcL3RvYWxsYXMtYmFuby1hZ3JvdHVyaXNtZS1zdWJpZXMtbWFsbG9yY2Eud2VicCIsInNsaWRlc2hvdyI6IjY0NWZhNWYifQ%3D%3D\">\n\t\t\t\t\t<div class=\"e-gallery-image elementor-gallery-item__image\" data-thumbnail=\"https:\/\/agroturismesubies.es\/en\/wp-content\/uploads\/sites\/3\/toallas-bano-agroturisme-subies-mallorca-768x513.webp\" data-width=\"768\" data-height=\"513\" aria-label=\"toallas bano agroturisme subies mallorca\" role=\"img\" ><\/div>\n\t\t\t\t\t\t\t\t\t\t\t<div class=\"elementor-gallery-item__overlay\"><\/div>\n\t\t\t\t\t\t\t\t\t\t\t\t\t\t<\/a>\n\t\t\t\t\t\t\t<a class=\"e-gallery-item elementor-gallery-item elementor-animated-content\" data-e-gallery-tags=\"2\" href=\"https:\/\/agroturismesubies.es\/en\/wp-content\/uploads\/sites\/3\/tenue-luz-detalle-hab-agriturisme-subies-mallorca-1.webp\" data-elementor-open-lightbox=\"yes\" data-elementor-lightbox-slideshow=\"645fa5f\" data-e-action-hash=\"#elementor-action%3Aaction%3Dlightbox%26settings%3DeyJpZCI6MTY3MCwidXJsIjoiaHR0cHM6XC9cL2Fncm90dXJpc21lc3ViaWVzLmVzXC9lblwvd3AtY29udGVudFwvdXBsb2Fkc1wvc2l0ZXNcLzNcL3RlbnVlLWx1ei1kZXRhbGxlLWhhYi1hZ3JpdHVyaXNtZS1zdWJpZXMtbWFsbG9yY2EtMS53ZWJwIiwic2xpZGVzaG93IjoiNjQ1ZmE1ZiJ9\">\n\t\t\t\t\t<div class=\"e-gallery-image elementor-gallery-item__image\" data-thumbnail=\"https:\/\/agroturismesubies.es\/en\/wp-content\/uploads\/sites\/3\/tenue-luz-detalle-hab-agriturisme-subies-mallorca-1-768x513.webp\" data-width=\"768\" data-height=\"513\" aria-label=\"tenue luz detalle hab agriturisme subies mallorca 1\" role=\"img\" ><\/div>\n\t\t\t\t\t\t\t\t\t\t\t<div class=\"elementor-gallery-item__overlay\"><\/div>\n\t\t\t\t\t\t\t\t\t\t\t\t\t\t<\/a>\n\t\t\t\t\t\t\t<a class=\"e-gallery-item elementor-gallery-item elementor-animated-content\" data-e-gallery-tags=\"2\" href=\"https:\/\/agroturismesubies.es\/en\/wp-content\/uploads\/sites\/3\/puerta-bano-hab-agroturisme-subies-mallorca.webp\" data-elementor-open-lightbox=\"yes\" data-elementor-lightbox-slideshow=\"645fa5f\" data-e-action-hash=\"#elementor-action%3Aaction%3Dlightbox%26settings%3DeyJpZCI6MTY2OSwidXJsIjoiaHR0cHM6XC9cL2Fncm90dXJpc21lc3ViaWVzLmVzXC9lblwvd3AtY29udGVudFwvdXBsb2Fkc1wvc2l0ZXNcLzNcL3B1ZXJ0YS1iYW5vLWhhYi1hZ3JvdHVyaXNtZS1zdWJpZXMtbWFsbG9yY2Eud2VicCIsInNsaWRlc2hvdyI6IjY0NWZhNWYifQ%3D%3D\">\n\t\t\t\t\t<div class=\"e-gallery-image elementor-gallery-item__image\" data-thumbnail=\"https:\/\/agroturismesubies.es\/en\/wp-content\/uploads\/sites\/3\/puerta-bano-hab-agroturisme-subies-mallorca-768x1150.webp\" data-width=\"768\" data-height=\"1150\" aria-label=\"puerta bano hab agroturisme subies mallorca\" role=\"img\" ><\/div>\n\t\t\t\t\t\t\t\t\t\t\t<div class=\"elementor-gallery-item__overlay\"><\/div>\n\t\t\t\t\t\t\t\t\t\t\t\t\t\t<\/a>\n\t\t\t\t\t\t\t<a class=\"e-gallery-item elementor-gallery-item elementor-animated-content\" data-e-gallery-tags=\"2\" href=\"https:\/\/agroturismesubies.es\/en\/wp-content\/uploads\/sites\/3\/pared-de-piedra-hab-agroturisme-subies-mallorca.webp\" data-elementor-open-lightbox=\"yes\" data-elementor-lightbox-slideshow=\"645fa5f\" data-e-action-hash=\"#elementor-action%3Aaction%3Dlightbox%26settings%3DeyJpZCI6MTY2OCwidXJsIjoiaHR0cHM6XC9cL2Fncm90dXJpc21lc3ViaWVzLmVzXC9lblwvd3AtY29udGVudFwvdXBsb2Fkc1wvc2l0ZXNcLzNcL3BhcmVkLWRlLXBpZWRyYS1oYWItYWdyb3R1cmlzbWUtc3ViaWVzLW1hbGxvcmNhLndlYnAiLCJzbGlkZXNob3ciOiI2NDVmYTVmIn0%3D\">\n\t\t\t\t\t<div class=\"e-gallery-image elementor-gallery-item__image\" data-thumbnail=\"https:\/\/agroturismesubies.es\/en\/wp-content\/uploads\/sites\/3\/pared-de-piedra-hab-agroturisme-subies-mallorca-768x1150.webp\" data-width=\"768\" data-height=\"1150\" aria-label=\"pared de piedra hab agroturisme subies mallorca\" role=\"img\" ><\/div>\n\t\t\t\t\t\t\t\t\t\t\t<div class=\"elementor-gallery-item__overlay\"><\/div>\n\t\t\t\t\t\t\t\t\t\t\t\t\t\t<\/a>\n\t\t\t\t\t\t\t<a class=\"e-gallery-item elementor-gallery-item elementor-animated-content\" data-e-gallery-tags=\"2\" href=\"https:\/\/agroturismesubies.es\/en\/wp-content\/uploads\/sites\/3\/NO-habitacion-agroturisme-subies.webp\" data-elementor-open-lightbox=\"yes\" data-elementor-lightbox-slideshow=\"645fa5f\" data-e-action-hash=\"#elementor-action%3Aaction%3Dlightbox%26settings%3DeyJpZCI6MTY2NywidXJsIjoiaHR0cHM6XC9cL2Fncm90dXJpc21lc3ViaWVzLmVzXC9lblwvd3AtY29udGVudFwvdXBsb2Fkc1wvc2l0ZXNcLzNcL05PLWhhYml0YWNpb24tYWdyb3R1cmlzbWUtc3ViaWVzLndlYnAiLCJzbGlkZXNob3ciOiI2NDVmYTVmIn0%3D\">\n\t\t\t\t\t<div class=\"e-gallery-image elementor-gallery-item__image\" data-thumbnail=\"https:\/\/agroturismesubies.es\/en\/wp-content\/uploads\/sites\/3\/NO-habitacion-agroturisme-subies-768x513.webp\" data-width=\"768\" data-height=\"513\" aria-label=\"NO habitacion agroturisme subies\" role=\"img\" ><\/div>\n\t\t\t\t\t\t\t\t\t\t\t<div class=\"elementor-gallery-item__overlay\"><\/div>\n\t\t\t\t\t\t\t\t\t\t\t\t\t\t<\/a>\n\t\t\t\t\t\t\t<a class=\"e-gallery-item elementor-gallery-item elementor-animated-content\" data-e-gallery-tags=\"2\" href=\"https:\/\/agroturismesubies.es\/en\/wp-content\/uploads\/sites\/3\/NO-escritorio-habitacion-agriturisme-subies-mallorca.webp\" data-elementor-open-lightbox=\"yes\" data-elementor-lightbox-slideshow=\"645fa5f\" data-e-action-hash=\"#elementor-action%3Aaction%3Dlightbox%26settings%3DeyJpZCI6MTY2NiwidXJsIjoiaHR0cHM6XC9cL2Fncm90dXJpc21lc3ViaWVzLmVzXC9lblwvd3AtY29udGVudFwvdXBsb2Fkc1wvc2l0ZXNcLzNcL05PLWVzY3JpdG9yaW8taGFiaXRhY2lvbi1hZ3JpdHVyaXNtZS1zdWJpZXMtbWFsbG9yY2Eud2VicCIsInNsaWRlc2hvdyI6IjY0NWZhNWYifQ%3D%3D\">\n\t\t\t\t\t<div class=\"e-gallery-image elementor-gallery-item__image\" data-thumbnail=\"https:\/\/agroturismesubies.es\/en\/wp-content\/uploads\/sites\/3\/NO-escritorio-habitacion-agriturisme-subies-mallorca-768x513.webp\" data-width=\"768\" data-height=\"513\" aria-label=\"NO escritorio habitacion agriturisme subies mallorca\" role=\"img\" ><\/div>\n\t\t\t\t\t\t\t\t\t\t\t<div class=\"elementor-gallery-item__overlay\"><\/div>\n\t\t\t\t\t\t\t\t\t\t\t\t\t\t<\/a>\n\t\t\t\t\t\t\t<a class=\"e-gallery-item elementor-gallery-item elementor-animated-content\" data-e-gallery-tags=\"2\" href=\"https:\/\/agroturismesubies.es\/en\/wp-content\/uploads\/sites\/3\/NO-ducha-agriturisme-subies-mallorca.webp\" data-elementor-open-lightbox=\"yes\" data-elementor-lightbox-slideshow=\"645fa5f\" data-e-action-hash=\"#elementor-action%3Aaction%3Dlightbox%26settings%3DeyJpZCI6MTY2NSwidXJsIjoiaHR0cHM6XC9cL2Fncm90dXJpc21lc3ViaWVzLmVzXC9lblwvd3AtY29udGVudFwvdXBsb2Fkc1wvc2l0ZXNcLzNcL05PLWR1Y2hhLWFncml0dXJpc21lLXN1Ymllcy1tYWxsb3JjYS53ZWJwIiwic2xpZGVzaG93IjoiNjQ1ZmE1ZiJ9\">\n\t\t\t\t\t<div class=\"e-gallery-image elementor-gallery-item__image\" data-thumbnail=\"https:\/\/agroturismesubies.es\/en\/wp-content\/uploads\/sites\/3\/NO-ducha-agriturisme-subies-mallorca-768x1150.webp\" data-width=\"768\" data-height=\"1150\" aria-label=\"NO ducha agriturisme subies mallorca\" role=\"img\" ><\/div>\n\t\t\t\t\t\t\t\t\t\t\t<div class=\"elementor-gallery-item__overlay\"><\/div>\n\t\t\t\t\t\t\t\t\t\t\t\t\t\t<\/a>\n\t\t\t\t\t\t\t<a class=\"e-gallery-item elementor-gallery-item elementor-animated-content\" data-e-gallery-tags=\"2\" href=\"https:\/\/agroturismesubies.es\/en\/wp-content\/uploads\/sites\/3\/lavamano-agriturisme-subies-mallorca-1.webp\" data-elementor-open-lightbox=\"yes\" data-elementor-lightbox-slideshow=\"645fa5f\" data-e-action-hash=\"#elementor-action%3Aaction%3Dlightbox%26settings%3DeyJpZCI6MTY2NCwidXJsIjoiaHR0cHM6XC9cL2Fncm90dXJpc21lc3ViaWVzLmVzXC9lblwvd3AtY29udGVudFwvdXBsb2Fkc1wvc2l0ZXNcLzNcL2xhdmFtYW5vLWFncml0dXJpc21lLXN1Ymllcy1tYWxsb3JjYS0xLndlYnAiLCJzbGlkZXNob3ciOiI2NDVmYTVmIn0%3D\">\n\t\t\t\t\t<div class=\"e-gallery-image elementor-gallery-item__image\" data-thumbnail=\"https:\/\/agroturismesubies.es\/en\/wp-content\/uploads\/sites\/3\/lavamano-agriturisme-subies-mallorca-1-768x1150.webp\" data-width=\"768\" data-height=\"1150\" aria-label=\"lavamano agriturisme subies mallorca 1\" role=\"img\" ><\/div>\n\t\t\t\t\t\t\t\t\t\t\t<div class=\"elementor-gallery-item__overlay\"><\/div>\n\t\t\t\t\t\t\t\t\t\t\t\t\t\t<\/a>\n\t\t\t\t\t\t\t<a class=\"e-gallery-item elementor-gallery-item elementor-animated-content\" data-e-gallery-tags=\"2\" href=\"https:\/\/agroturismesubies.es\/en\/wp-content\/uploads\/sites\/3\/hab-vista-ventana-agroturisme-subies-mallorca.webp\" data-elementor-open-lightbox=\"yes\" data-elementor-lightbox-slideshow=\"645fa5f\" data-e-action-hash=\"#elementor-action%3Aaction%3Dlightbox%26settings%3DeyJpZCI6MTY2MywidXJsIjoiaHR0cHM6XC9cL2Fncm90dXJpc21lc3ViaWVzLmVzXC9lblwvd3AtY29udGVudFwvdXBsb2Fkc1wvc2l0ZXNcLzNcL2hhYi12aXN0YS12ZW50YW5hLWFncm90dXJpc21lLXN1Ymllcy1tYWxsb3JjYS53ZWJwIiwic2xpZGVzaG93IjoiNjQ1ZmE1ZiJ9\">\n\t\t\t\t\t<div class=\"e-gallery-image elementor-gallery-item__image\" data-thumbnail=\"https:\/\/agroturismesubies.es\/en\/wp-content\/uploads\/sites\/3\/hab-vista-ventana-agroturisme-subies-mallorca-768x513.webp\" data-width=\"768\" data-height=\"513\" aria-label=\"hab vista ventana agroturisme subies mallorca\" role=\"img\" ><\/div>\n\t\t\t\t\t\t\t\t\t\t\t<div class=\"elementor-gallery-item__overlay\"><\/div>\n\t\t\t\t\t\t\t\t\t\t\t\t\t\t<\/a>\n\t\t\t\t\t\t\t<a class=\"e-gallery-item elementor-gallery-item elementor-animated-content\" data-e-gallery-tags=\"2\" href=\"https:\/\/agroturismesubies.es\/en\/wp-content\/uploads\/sites\/3\/hab-vista-desde-atras-ventana-agroturisme-subies-mallorca.webp\" data-elementor-open-lightbox=\"yes\" data-elementor-lightbox-slideshow=\"645fa5f\" data-e-action-hash=\"#elementor-action%3Aaction%3Dlightbox%26settings%3DeyJpZCI6MTY2MiwidXJsIjoiaHR0cHM6XC9cL2Fncm90dXJpc21lc3ViaWVzLmVzXC9lblwvd3AtY29udGVudFwvdXBsb2Fkc1wvc2l0ZXNcLzNcL2hhYi12aXN0YS1kZXNkZS1hdHJhcy12ZW50YW5hLWFncm90dXJpc21lLXN1Ymllcy1tYWxsb3JjYS53ZWJwIiwic2xpZGVzaG93IjoiNjQ1ZmE1ZiJ9\">\n\t\t\t\t\t<div class=\"e-gallery-image elementor-gallery-item__image\" data-thumbnail=\"https:\/\/agroturismesubies.es\/en\/wp-content\/uploads\/sites\/3\/hab-vista-desde-atras-ventana-agroturisme-subies-mallorca-768x1150.webp\" data-width=\"768\" data-height=\"1150\" aria-label=\"\" role=\"img\" ><\/div>\n\t\t\t\t\t\t\t\t\t\t\t<div class=\"elementor-gallery-item__overlay\"><\/div>\n\t\t\t\t\t\t\t\t\t\t\t\t\t\t<\/a>\n\t\t\t\t\t\t\t<a class=\"e-gallery-item elementor-gallery-item elementor-animated-content\" data-e-gallery-tags=\"2\" href=\"https:\/\/agroturismesubies.es\/en\/wp-content\/uploads\/sites\/3\/hab-cama-agroturisme-subies-mallorca.webp\" data-elementor-open-lightbox=\"yes\" data-elementor-lightbox-slideshow=\"645fa5f\" data-e-action-hash=\"#elementor-action%3Aaction%3Dlightbox%26settings%3DeyJpZCI6MTY1NywidXJsIjoiaHR0cHM6XC9cL2Fncm90dXJpc21lc3ViaWVzLmVzXC9lblwvd3AtY29udGVudFwvdXBsb2Fkc1wvc2l0ZXNcLzNcL2hhYi1jYW1hLWFncm90dXJpc21lLXN1Ymllcy1tYWxsb3JjYS53ZWJwIiwic2xpZGVzaG93IjoiNjQ1ZmE1ZiJ9\">\n\t\t\t\t\t<div class=\"e-gallery-image elementor-gallery-item__image\" data-thumbnail=\"https:\/\/agroturismesubies.es\/en\/wp-content\/uploads\/sites\/3\/hab-cama-agroturisme-subies-mallorca-768x1150.webp\" data-width=\"768\" data-height=\"1150\" aria-label=\"hab cama agroturisme subies mallorca\" role=\"img\" ><\/div>\n\t\t\t\t\t\t\t\t\t\t\t<div class=\"elementor-gallery-item__overlay\"><\/div>\n\t\t\t\t\t\t\t\t\t\t\t\t\t\t<\/a>\n\t\t\t\t\t\t\t<a class=\"e-gallery-item elementor-gallery-item elementor-animated-content\" data-e-gallery-tags=\"2\" href=\"https:\/\/agroturismesubies.es\/en\/wp-content\/uploads\/sites\/3\/escritorio-habitacion-agriturisme-subies-mallorca-1.webp\" data-elementor-open-lightbox=\"yes\" data-elementor-lightbox-slideshow=\"645fa5f\" data-e-action-hash=\"#elementor-action%3Aaction%3Dlightbox%26settings%3DeyJpZCI6MTY1NiwidXJsIjoiaHR0cHM6XC9cL2Fncm90dXJpc21lc3ViaWVzLmVzXC9lblwvd3AtY29udGVudFwvdXBsb2Fkc1wvc2l0ZXNcLzNcL2VzY3JpdG9yaW8taGFiaXRhY2lvbi1hZ3JpdHVyaXNtZS1zdWJpZXMtbWFsbG9yY2EtMS53ZWJwIiwic2xpZGVzaG93IjoiNjQ1ZmE1ZiJ9\">\n\t\t\t\t\t<div class=\"e-gallery-image elementor-gallery-item__image\" data-thumbnail=\"https:\/\/agroturismesubies.es\/en\/wp-content\/uploads\/sites\/3\/escritorio-habitacion-agriturisme-subies-mallorca-1-768x513.webp\" data-width=\"768\" data-height=\"513\" aria-label=\"\" role=\"img\" ><\/div>\n\t\t\t\t\t\t\t\t\t\t\t<div class=\"elementor-gallery-item__overlay\"><\/div>\n\t\t\t\t\t\t\t\t\t\t\t\t\t\t<\/a>\n\t\t\t\t\t\t\t<a class=\"e-gallery-item elementor-gallery-item elementor-animated-content\" data-e-gallery-tags=\"2\" href=\"https:\/\/agroturismesubies.es\/en\/wp-content\/uploads\/sites\/3\/hab-detalle-lampara-agroturisme-subies-mallorca.webp\" data-elementor-open-lightbox=\"yes\" data-elementor-lightbox-slideshow=\"645fa5f\" data-e-action-hash=\"#elementor-action%3Aaction%3Dlightbox%26settings%3DeyJpZCI6MTY1OCwidXJsIjoiaHR0cHM6XC9cL2Fncm90dXJpc21lc3ViaWVzLmVzXC9lblwvd3AtY29udGVudFwvdXBsb2Fkc1wvc2l0ZXNcLzNcL2hhYi1kZXRhbGxlLWxhbXBhcmEtYWdyb3R1cmlzbWUtc3ViaWVzLW1hbGxvcmNhLndlYnAiLCJzbGlkZXNob3ciOiI2NDVmYTVmIn0%3D\">\n\t\t\t\t\t<div class=\"e-gallery-image elementor-gallery-item__image\" data-thumbnail=\"https:\/\/agroturismesubies.es\/en\/wp-content\/uploads\/sites\/3\/hab-detalle-lampara-agroturisme-subies-mallorca-768x1150.webp\" data-width=\"768\" data-height=\"1150\" aria-label=\"hab detalle lampara agroturisme subies mallorca\" role=\"img\" ><\/div>\n\t\t\t\t\t\t\t\t\t\t\t<div class=\"elementor-gallery-item__overlay\"><\/div>\n\t\t\t\t\t\t\t\t\t\t\t\t\t\t<\/a>\n\t\t\t\t\t\t\t<a class=\"e-gallery-item elementor-gallery-item elementor-animated-content\" data-e-gallery-tags=\"2\" href=\"https:\/\/agroturismesubies.es\/en\/wp-content\/uploads\/sites\/3\/habitacion-agroturisme-subies-mallorca.webp\" data-elementor-open-lightbox=\"yes\" data-elementor-lightbox-slideshow=\"645fa5f\" data-e-action-hash=\"#elementor-action%3Aaction%3Dlightbox%26settings%3DeyJpZCI6MTY1OSwidXJsIjoiaHR0cHM6XC9cL2Fncm90dXJpc21lc3ViaWVzLmVzXC9lblwvd3AtY29udGVudFwvdXBsb2Fkc1wvc2l0ZXNcLzNcL2hhYml0YWNpb24tYWdyb3R1cmlzbWUtc3ViaWVzLW1hbGxvcmNhLndlYnAiLCJzbGlkZXNob3ciOiI2NDVmYTVmIn0%3D\">\n\t\t\t\t\t<div class=\"e-gallery-image elementor-gallery-item__image\" data-thumbnail=\"https:\/\/agroturismesubies.es\/en\/wp-content\/uploads\/sites\/3\/habitacion-agroturisme-subies-mallorca-768x513.webp\" data-width=\"768\" data-height=\"513\" aria-label=\"habitacion agroturisme subies mallorca\" role=\"img\" ><\/div>\n\t\t\t\t\t\t\t\t\t\t\t<div class=\"elementor-gallery-item__overlay\"><\/div>\n\t\t\t\t\t\t\t\t\t\t\t\t\t\t<\/a>\n\t\t\t\t\t\t\t<a class=\"e-gallery-item elementor-gallery-item elementor-animated-content\" data-e-gallery-tags=\"2\" href=\"https:\/\/agroturismesubies.es\/en\/wp-content\/uploads\/sites\/3\/habitacion-iluminada-agroturisme-subies-mallorca-1.webp\" data-elementor-open-lightbox=\"yes\" data-elementor-lightbox-slideshow=\"645fa5f\" data-e-action-hash=\"#elementor-action%3Aaction%3Dlightbox%26settings%3DeyJpZCI6MTY2MCwidXJsIjoiaHR0cHM6XC9cL2Fncm90dXJpc21lc3ViaWVzLmVzXC9lblwvd3AtY29udGVudFwvdXBsb2Fkc1wvc2l0ZXNcLzNcL2hhYml0YWNpb24taWx1bWluYWRhLWFncm90dXJpc21lLXN1Ymllcy1tYWxsb3JjYS0xLndlYnAiLCJzbGlkZXNob3ciOiI2NDVmYTVmIn0%3D\">\n\t\t\t\t\t<div class=\"e-gallery-image elementor-gallery-item__image\" data-thumbnail=\"https:\/\/agroturismesubies.es\/en\/wp-content\/uploads\/sites\/3\/habitacion-iluminada-agroturisme-subies-mallorca-1-768x513.webp\" data-width=\"768\" data-height=\"513\" aria-label=\"habitacion iluminada agroturisme subies mallorca 1\" role=\"img\" ><\/div>\n\t\t\t\t\t\t\t\t\t\t\t<div class=\"elementor-gallery-item__overlay\"><\/div>\n\t\t\t\t\t\t\t\t\t\t\t\t\t\t<\/a>\n\t\t\t\t\t\t\t<a class=\"e-gallery-item elementor-gallery-item elementor-animated-content\" data-e-gallery-tags=\"2\" href=\"https:\/\/agroturismesubies.es\/en\/wp-content\/uploads\/sites\/3\/suite-con-vistas-pintorescas.webp\" data-elementor-open-lightbox=\"yes\" data-elementor-lightbox-slideshow=\"645fa5f\" data-e-action-hash=\"#elementor-action%3Aaction%3Dlightbox%26settings%3DeyJpZCI6MTYwMiwidXJsIjoiaHR0cHM6XC9cL2Fncm90dXJpc21lc3ViaWVzLmVzXC9lblwvd3AtY29udGVudFwvdXBsb2Fkc1wvc2l0ZXNcLzNcL3N1aXRlLWNvbi12aXN0YXMtcGludG9yZXNjYXMud2VicCIsInNsaWRlc2hvdyI6IjY0NWZhNWYifQ%3D%3D\">\n\t\t\t\t\t<div class=\"e-gallery-image elementor-gallery-item__image\" data-thumbnail=\"https:\/\/agroturismesubies.es\/en\/wp-content\/uploads\/sites\/3\/suite-con-vistas-pintorescas-768x513.webp\" data-width=\"768\" data-height=\"513\" aria-label=\"suite con vistas pintorescas\" role=\"img\" ><\/div>\n\t\t\t\t\t\t\t\t\t\t\t<div class=\"elementor-gallery-item__overlay\"><\/div>\n\t\t\t\t\t\t\t\t\t\t\t\t\t\t<\/a>\n\t\t\t\t\t\t\t<a class=\"e-gallery-item elementor-gallery-item elementor-animated-content\" data-e-gallery-tags=\"2\" href=\"https:\/\/agroturismesubies.es\/en\/wp-content\/uploads\/sites\/3\/habitacion-suite-con-vistas-pintorescas.webp\" data-elementor-open-lightbox=\"yes\" data-elementor-lightbox-slideshow=\"645fa5f\" data-e-action-hash=\"#elementor-action%3Aaction%3Dlightbox%26settings%3DeyJpZCI6MTYwMSwidXJsIjoiaHR0cHM6XC9cL2Fncm90dXJpc21lc3ViaWVzLmVzXC9lblwvd3AtY29udGVudFwvdXBsb2Fkc1wvc2l0ZXNcLzNcL2hhYml0YWNpb24tc3VpdGUtY29uLXZpc3Rhcy1waW50b3Jlc2Nhcy53ZWJwIiwic2xpZGVzaG93IjoiNjQ1ZmE1ZiJ9\">\n\t\t\t\t\t<div class=\"e-gallery-image elementor-gallery-item__image\" data-thumbnail=\"https:\/\/agroturismesubies.es\/en\/wp-content\/uploads\/sites\/3\/habitacion-suite-con-vistas-pintorescas-768x513.webp\" data-width=\"768\" data-height=\"513\" aria-label=\"habitacion suite con vistas pintorescas\" role=\"img\" ><\/div>\n\t\t\t\t\t\t\t\t\t\t\t<div class=\"elementor-gallery-item__overlay\"><\/div>\n\t\t\t\t\t\t\t\t\t\t\t\t\t\t<\/a>\n\t\t\t\t\t\t\t<a class=\"e-gallery-item elementor-gallery-item elementor-animated-content\" data-e-gallery-tags=\"2\" href=\"https:\/\/agroturismesubies.es\/en\/wp-content\/uploads\/sites\/3\/suite-sala-tv-cenital.webp\" data-elementor-open-lightbox=\"yes\" data-elementor-lightbox-slideshow=\"645fa5f\" data-e-action-hash=\"#elementor-action%3Aaction%3Dlightbox%26settings%3DeyJpZCI6MTE5OCwidXJsIjoiaHR0cHM6XC9cL2Fncm90dXJpc21lc3ViaWVzLmVzXC9lblwvd3AtY29udGVudFwvdXBsb2Fkc1wvc2l0ZXNcLzNcL3N1aXRlLXNhbGEtdHYtY2VuaXRhbC53ZWJwIiwic2xpZGVzaG93IjoiNjQ1ZmE1ZiJ9\">\n\t\t\t\t\t<div class=\"e-gallery-image elementor-gallery-item__image\" data-thumbnail=\"https:\/\/agroturismesubies.es\/en\/wp-content\/uploads\/sites\/3\/suite-sala-tv-cenital-768x577.webp\" data-width=\"768\" data-height=\"577\" aria-label=\"suite sala tv cenital\" role=\"img\" ><\/div>\n\t\t\t\t\t\t\t\t\t\t\t<div class=\"elementor-gallery-item__overlay\"><\/div>\n\t\t\t\t\t\t\t\t\t\t\t\t\t\t<\/a>\n\t\t\t\t\t<\/div>\n\t\t\t\t\t<\/div>\n\t\t\t\t<\/div>\n\t\t\t\t\t<\/div>\n\t\t\t\t<\/div>\n\t\t<div class=\"elementor-element elementor-element-bc710a8 e-flex e-con-boxed e-con e-parent\" data-id=\"bc710a8\" data-element_type=\"container\" data-e-type=\"container\" data-settings=\"{&quot;background_background&quot;:&quot;classic&quot;}\">\n\t\t\t\t\t<div class=\"e-con-inner\">\n\t\t<div class=\"elementor-element elementor-element-39245d8 e-con-full e-flex e-con e-child\" data-id=\"39245d8\" data-element_type=\"container\" data-e-type=\"container\" data-settings=\"{&quot;background_background&quot;:&quot;classic&quot;}\">\n\t\t\t\t<div class=\"elementor-element elementor-element-288a291 elementor-widget elementor-widget-heading\" data-id=\"288a291\" data-element_type=\"widget\" data-e-type=\"widget\" data-widget_type=\"heading.default\">\n\t\t\t\t<div class=\"elementor-widget-container\">\n\t\t\t\t\t<h4 class=\"elementor-heading-title elementor-size-default\">Come and live the experience<\/h4>\t\t\t\t<\/div>\n\t\t\t\t<\/div>\n\t\t\t\t<div class=\"elementor-element elementor-element-c5410a9 elementor-widget elementor-widget-text-editor\" data-id=\"c5410a9\" data-element_type=\"widget\" data-e-type=\"widget\" data-widget_type=\"text-editor.default\">\n\t\t\t\t<div class=\"elementor-widget-container\">\n\t\t\t\t\t\t\t\t\t<p>Reservar en la web oficial de Agroturisme Subies asegura la mejor experiencia en una aut\u00e9ntica casa rural en Mallorca. Disfruta de ofertas exclusivas, la mejor tarifa garantizada y atenci\u00f3n personalizada. Nuestra casa rural en la Serra de Tramuntana, Patrimonio de la Humanidad por la UNESCO, ofrece rutas de senderismo \u00fanicas y un entorno natural incomparable. Reserva directamente para una estancia inolvidable en Mallorca.<\/p>\t\t\t\t\t\t\t\t<\/div>\n\t\t\t\t<\/div>\n\t\t\t\t<div class=\"elementor-element elementor-element-69ce7f6 elementor-widget elementor-widget-button\" data-id=\"69ce7f6\" data-element_type=\"widget\" data-e-type=\"widget\" data-widget_type=\"button.default\">\n\t\t\t\t<div class=\"elementor-widget-container\">\n\t\t\t\t\t\t\t\t\t<div class=\"elementor-button-wrapper\">\n\t\t\t\t\t<a class=\"elementor-button elementor-button-link elementor-size-sm elementor-animation-pulse\" href=\"https:\/\/booking.agroturismesubies.es\/?code=3457941&#038;lang=en\" target=\"_blank\">\n\t\t\t\t\t\t<span class=\"elementor-button-content-wrapper\">\n\t\t\t\t\t\t\t\t\t<span class=\"elementor-button-text\">BOOK NOW<\/span>\n\t\t\t\t\t<\/span>\n\t\t\t\t\t<\/a>\n\t\t\t\t<\/div>\n\t\t\t\t\t\t\t\t<\/div>\n\t\t\t\t<\/div>\n\t\t\t\t<\/div>\n\t\t\t\t\t<\/div>\n\t\t\t\t<\/div>\n\t\t\t\t<\/div>\n\t\t","protected":false},"excerpt":{"rendered":"<p>La Finca POSSESSI\u00d3 VACACIONAL IN MALLORCA Agroturisme Subies HOLIDAY COUNTRY HOUSE IN MALLORCA A possession (or possessi\u00f3 in catal\u00e1n) is the type of dispersed rural habitat typical of the Balearic island of Mallorca. These traditional estates consist of living areas and other outbuildings used for the agricultural exploitation of an extensive surrounding territory. They can [&hellip;]<\/p>\n","protected":false},"author":1,"featured_media":0,"parent":0,"menu_order":0,"comment_status":"closed","ping_status":"closed","template":"elementor_header_footer","meta":{"footnotes":""},"class_list":["post-1806","page","type-page","status-publish","hentry"],"_links":{"self":[{"href":"https:\/\/agroturismesubies.es\/en\/wp-json\/wp\/v2\/pages\/1806","targetHints":{"allow":["GET"]}}],"collection":[{"href":"https:\/\/agroturismesubies.es\/en\/wp-json\/wp\/v2\/pages"}],"about":[{"href":"https:\/\/agroturismesubies.es\/en\/wp-json\/wp\/v2\/types\/page"}],"author":[{"embeddable":true,"href":"https:\/\/agroturismesubies.es\/en\/wp-json\/wp\/v2\/users\/1"}],"replies":[{"embeddable":true,"href":"https:\/\/agroturismesubies.es\/en\/wp-json\/wp\/v2\/comments?post=1806"}],"version-history":[{"count":21,"href":"https:\/\/agroturismesubies.es\/en\/wp-json\/wp\/v2\/pages\/1806\/revisions"}],"predecessor-version":[{"id":2308,"href":"https:\/\/agroturismesubies.es\/en\/wp-json\/wp\/v2\/pages\/1806\/revisions\/2308"}],"wp:attachment":[{"href":"https:\/\/agroturismesubies.es\/en\/wp-json\/wp\/v2\/media?parent=1806"}],"curies":[{"name":"wp","href":"https:\/\/api.w.org\/{rel}","templated":true}]}}