{"id":795,"date":"2024-01-15T12:17:03","date_gmt":"2024-01-15T12:17:03","guid":{"rendered":"https:\/\/agroturismesubies.es\/?page_id=795"},"modified":"2024-08-01T08:24:25","modified_gmt":"2024-08-01T08:24:25","slug":"finca-vacacional-en-mallorca","status":"publish","type":"page","link":"https:\/\/agroturismesubies.es\/en\/","title":{"rendered":"Finca vacacional en Mallorca"},"content":{"rendered":"\t\t<div data-elementor-type=\"wp-page\" data-elementor-id=\"795\" class=\"elementor elementor-795\" data-elementor-post-type=\"page\">\n\t\t\t\t<div class=\"elementor-element elementor-element-d23741d e-flex e-con-boxed e-con e-parent\" data-id=\"d23741d\" data-element_type=\"container\" data-e-type=\"container\" data-settings=\"{&quot;background_background&quot;:&quot;slideshow&quot;,&quot;background_slideshow_gallery&quot;:[{&quot;id&quot;:1007,&quot;url&quot;:&quot;https:\\\/\\\/agroturismesubies.es\\\/wp-content\\\/uploads\\\/cover-closeup-flor-agroturisme-subies.webp&quot;},{&quot;id&quot;:1040,&quot;url&quot;:&quot;https:\\\/\\\/agroturismesubies.es\\\/wp-content\\\/uploads\\\/fachada-agroturisme-subies-1.webp&quot;},{&quot;id&quot;:1041,&quot;url&quot;:&quot;https:\\\/\\\/agroturismesubies.es\\\/wp-content\\\/uploads\\\/entrada-escaleras-agroturisme-subies.webp&quot;},{&quot;id&quot;:1030,&quot;url&quot;:&quot;https:\\\/\\\/agroturismesubies.es\\\/wp-content\\\/uploads\\\/habitacion-iluminada-agroturisme-subies-mallorca.webp&quot;}],&quot;background_slideshow_lazyload&quot;:&quot;yes&quot;,&quot;background_slideshow_ken_burns&quot;:&quot;yes&quot;,&quot;background_slideshow_slide_duration&quot;:3000,&quot;background_slideshow_loop&quot;:&quot;yes&quot;,&quot;background_slideshow_slide_transition&quot;:&quot;fade&quot;,&quot;background_slideshow_transition_duration&quot;:500,&quot;background_slideshow_ken_burns_zoom_direction&quot;:&quot;in&quot;}\">\n\t\t\t\t\t<div class=\"e-con-inner\">\n\t\t\t\t<div class=\"elementor-element elementor-element-42db782 elementor-widget elementor-widget-heading\" data-id=\"42db782\" data-element_type=\"widget\" data-e-type=\"widget\" data-widget_type=\"heading.default\">\n\t\t\t\t<div class=\"elementor-widget-container\">\n\t\t\t\t\t<h1 class=\"elementor-heading-title elementor-size-default\">Vacational country house in Mallorca<\/h1>\t\t\t\t<\/div>\n\t\t\t\t<\/div>\n\t\t\t\t<div class=\"elementor-element elementor-element-74d09c3 elementor-widget elementor-widget-heading\" data-id=\"74d09c3\" data-element_type=\"widget\" data-e-type=\"widget\" data-widget_type=\"heading.default\">\n\t\t\t\t<div class=\"elementor-widget-container\">\n\t\t\t\t\t<h2 class=\"elementor-heading-title elementor-size-default\">AGROTURISME SUBIES, A UNIQUE EXPERIENCE<\/h2>\t\t\t\t<\/div>\n\t\t\t\t<\/div>\n\t\t<div class=\"elementor-element elementor-element-b920e30 e-con-full e-grid animated-slow elementor-invisible e-con e-child\" data-id=\"b920e30\" data-element_type=\"container\" data-e-type=\"container\" data-settings=\"{&quot;animation&quot;:&quot;slideInLeft&quot;,&quot;animation_delay&quot;:400}\">\n\t\t<div class=\"elementor-element elementor-element-acce9db e-con-full e-flex e-con e-child\" data-id=\"acce9db\" data-element_type=\"container\" data-e-type=\"container\" data-settings=\"{&quot;background_background&quot;:&quot;classic&quot;}\">\n\t\t\t\t<div class=\"elementor-element elementor-element-6c01903 elementor-widget elementor-widget-text-editor\" data-id=\"6c01903\" data-element_type=\"widget\" data-e-type=\"widget\" data-widget_type=\"text-editor.default\">\n\t\t\t\t<div class=\"elementor-widget-container\">\n\t\t\t\t\t\t\t\t\t<p>5% discount with the code<\/p><h5><strong> BIENVENIDA5<\/strong><\/h5>\t\t\t\t\t\t\t\t<\/div>\n\t\t\t\t<\/div>\n\t\t\t\t<\/div>\n\t\t<div class=\"elementor-element elementor-element-2d419ed e-con-full e-flex e-con e-child\" data-id=\"2d419ed\" data-element_type=\"container\" data-e-type=\"container\" data-settings=\"{&quot;background_background&quot;:&quot;classic&quot;}\">\n\t\t\t\t<div class=\"elementor-element elementor-element-ef37134 elementor-widget elementor-widget-text-editor\" data-id=\"ef37134\" data-element_type=\"widget\" data-e-type=\"widget\" data-widget_type=\"text-editor.default\">\n\t\t\t\t<div class=\"elementor-widget-container\">\n\t\t\t\t\t\t\t\t\t<p>Best price online<\/p><h5><strong>Guaranteed<\/strong><\/h5>\t\t\t\t\t\t\t\t<\/div>\n\t\t\t\t<\/div>\n\t\t\t\t<\/div>\n\t\t\t\t<\/div>\n\t\t\t\t\t<\/div>\n\t\t\t\t<\/div>\n\t\t<div class=\"elementor-element elementor-element-9ed0f01 e-flex e-con-boxed e-con e-parent\" data-id=\"9ed0f01\" data-element_type=\"container\" data-e-type=\"container\">\n\t\t\t\t\t<div class=\"e-con-inner\">\n\t\t<div class=\"elementor-element elementor-element-5ca1154 e-con-full e-flex e-con e-child\" data-id=\"5ca1154\" data-element_type=\"container\" data-e-type=\"container\" data-settings=\"{&quot;background_background&quot;:&quot;classic&quot;}\">\n\t\t\t\t<div class=\"elementor-element elementor-element-8bd15a9 elementor-icon-list--layout-traditional elementor-list-item-link-full_width elementor-widget elementor-widget-icon-list\" data-id=\"8bd15a9\" data-element_type=\"widget\" data-e-type=\"widget\" data-widget_type=\"icon-list.default\">\n\t\t\t\t<div class=\"elementor-widget-container\">\n\t\t\t\t\t\t\t<ul class=\"elementor-icon-list-items\">\n\t\t\t\t\t\t\t<li class=\"elementor-icon-list-item\">\n\t\t\t\t\t\t\t\t\t\t\t<span class=\"elementor-icon-list-icon\">\n\t\t\t\t\t\t\t<svg aria-hidden=\"true\" class=\"e-font-icon-svg e-fas-calendar-alt\" viewBox=\"0 0 448 512\" xmlns=\"http:\/\/www.w3.org\/2000\/svg\"><path d=\"M0 464c0 26.5 21.5 48 48 48h352c26.5 0 48-21.5 48-48V192H0v272zm320-196c0-6.6 5.4-12 12-12h40c6.6 0 12 5.4 12 12v40c0 6.6-5.4 12-12 12h-40c-6.6 0-12-5.4-12-12v-40zm0 128c0-6.6 5.4-12 12-12h40c6.6 0 12 5.4 12 12v40c0 6.6-5.4 12-12 12h-40c-6.6 0-12-5.4-12-12v-40zM192 268c0-6.6 5.4-12 12-12h40c6.6 0 12 5.4 12 12v40c0 6.6-5.4 12-12 12h-40c-6.6 0-12-5.4-12-12v-40zm0 128c0-6.6 5.4-12 12-12h40c6.6 0 12 5.4 12 12v40c0 6.6-5.4 12-12 12h-40c-6.6 0-12-5.4-12-12v-40zM64 268c0-6.6 5.4-12 12-12h40c6.6 0 12 5.4 12 12v40c0 6.6-5.4 12-12 12H76c-6.6 0-12-5.4-12-12v-40zm0 128c0-6.6 5.4-12 12-12h40c6.6 0 12 5.4 12 12v40c0 6.6-5.4 12-12 12H76c-6.6 0-12-5.4-12-12v-40zM400 64h-48V16c0-8.8-7.2-16-16-16h-32c-8.8 0-16 7.2-16 16v48H160V16c0-8.8-7.2-16-16-16h-32c-8.8 0-16 7.2-16 16v48H48C21.5 64 0 85.5 0 112v48h448v-48c0-26.5-21.5-48-48-48z\"><\/path><\/svg>\t\t\t\t\t\t<\/span>\n\t\t\t\t\t\t\t\t\t\t<span class=\"elementor-icon-list-text\">Book through our official website and get the best price online, guaranteed!<\/span>\n\t\t\t\t\t\t\t\t\t<\/li>\n\t\t\t\t\t\t<\/ul>\n\t\t\t\t\t\t<\/div>\n\t\t\t\t<\/div>\n\t\t\t\t<div class=\"elementor-element elementor-element-cb4bb64 elementor-widget-tablet__width-initial elementor-widget__width-initial elementor-widget elementor-widget-shortcode\" data-id=\"cb4bb64\" data-element_type=\"widget\" data-e-type=\"widget\" data-widget_type=\"shortcode.default\">\n\t\t\t\t<div class=\"elementor-widget-container\">\n\t\t\t\t\t\t\t<div class=\"elementor-shortcode\"><\/div>\n\t\t\t\t\t\t<\/div>\n\t\t\t\t<\/div>\n\t\t\t\t<\/div>\n\t\t\t\t\t<\/div>\n\t\t\t\t<\/div>\n\t\t<div class=\"elementor-element elementor-element-92c20de animated-slow e-flex e-con-boxed elementor-invisible e-con e-parent\" data-id=\"92c20de\" data-element_type=\"container\" data-e-type=\"container\" data-settings=\"{&quot;animation&quot;:&quot;slideInUp&quot;,&quot;animation_delay&quot;:200}\">\n\t\t\t\t\t<div class=\"e-con-inner\">\n\t\t<div class=\"elementor-element elementor-element-68e534c e-con-full e-flex e-con e-child\" data-id=\"68e534c\" data-element_type=\"container\" data-e-type=\"container\">\n\t\t\t\t<div class=\"elementor-element elementor-element-dc7b9cc elementor-widget elementor-widget-heading\" data-id=\"dc7b9cc\" data-element_type=\"widget\" data-e-type=\"widget\" data-widget_type=\"heading.default\">\n\t\t\t\t<div class=\"elementor-widget-container\">\n\t\t\t\t\t<h2 class=\"elementor-heading-title elementor-size-default\">Experience the Mallorcan authenticity in <b>Agroturisme Subies<\/b><\/h2>\t\t\t\t<\/div>\n\t\t\t\t<\/div>\n\t\t\t\t<div class=\"elementor-element elementor-element-171224c elementor-widget-divider--view-line elementor-widget elementor-widget-divider\" data-id=\"171224c\" data-element_type=\"widget\" data-e-type=\"widget\" data-widget_type=\"divider.default\">\n\t\t\t\t<div class=\"elementor-widget-container\">\n\t\t\t\t\t\t\t<div class=\"elementor-divider\">\n\t\t\t<span class=\"elementor-divider-separator\">\n\t\t\t\t\t\t<\/span>\n\t\t<\/div>\n\t\t\t\t\t\t<\/div>\n\t\t\t\t<\/div>\n\t\t\t\t<div class=\"elementor-element elementor-element-b72ece2 elementor-widget elementor-widget-heading\" data-id=\"b72ece2\" data-element_type=\"widget\" data-e-type=\"widget\" data-widget_type=\"heading.default\">\n\t\t\t\t<div class=\"elementor-widget-container\">\n\t\t\t\t\t<h3 class=\"elementor-heading-title elementor-size-default\">A place to rest and disconnect<\/h3>\t\t\t\t<\/div>\n\t\t\t\t<\/div>\n\t\t\t\t<div class=\"elementor-element elementor-element-2235ecd elementor-widget elementor-widget-text-editor\" data-id=\"2235ecd\" data-element_type=\"widget\" data-e-type=\"widget\" data-widget_type=\"text-editor.default\">\n\t\t\t\t<div class=\"elementor-widget-container\">\n\t\t\t\t\t\t\t\t\t<p>Agroturisme Subies, our charming holiday finca or Mallorcan possessi\u00f3, combines authentic exterior architecture with refurbished interiors that preserve the essence and history of the place. In addition, enjoy a nature-filled environment every morning as you immerse yourself in the serenity and charm of the Mallorcan countryside. Come and experience tradition and comfort in perfect harmony.<\/p>\t\t\t\t\t\t\t\t<\/div>\n\t\t\t\t<\/div>\n\t\t\t\t<\/div>\n\t\t<div class=\"elementor-element elementor-element-078c52b e-con-full e-flex e-con e-child\" data-id=\"078c52b\" data-element_type=\"container\" data-e-type=\"container\">\n\t\t\t\t<div class=\"elementor-element elementor-element-7e5a3f4 elementor-skin-slideshow elementor-arrows-yes elementor-widget elementor-widget-media-carousel\" data-id=\"7e5a3f4\" data-element_type=\"widget\" data-e-type=\"widget\" data-settings=\"{&quot;skin&quot;:&quot;slideshow&quot;,&quot;effect&quot;:&quot;slide&quot;,&quot;show_arrows&quot;:&quot;yes&quot;,&quot;speed&quot;:500,&quot;autoplay&quot;:&quot;yes&quot;,&quot;autoplay_speed&quot;:5000,&quot;loop&quot;:&quot;yes&quot;,&quot;pause_on_hover&quot;:&quot;yes&quot;,&quot;pause_on_interaction&quot;:&quot;yes&quot;,&quot;space_between&quot;:{&quot;unit&quot;:&quot;px&quot;,&quot;size&quot;:10,&quot;sizes&quot;:[]},&quot;space_between_tablet&quot;:{&quot;unit&quot;:&quot;px&quot;,&quot;size&quot;:10,&quot;sizes&quot;:[]},&quot;space_between_mobile&quot;:{&quot;unit&quot;:&quot;px&quot;,&quot;size&quot;:10,&quot;sizes&quot;:[]}}\" data-widget_type=\"media-carousel.default\">\n\t\t\t\t<div class=\"elementor-widget-container\">\n\t\t\t\t\t\t\t\t\t<div class=\"elementor-swiper\">\n\t\t\t\t\t<div class=\"elementor-main-swiper swiper\" role=\"region\" aria-roledescription=\"carousel\" aria-label=\"Diapositivas\">\n\t\t\t\t<div class=\"swiper-wrapper\">\n\t\t\t\t\t\t\t\t\t\t\t<div class=\"swiper-slide\" role=\"group\" aria-roledescription=\"slide\">\n\t\t\t\t\t\t\t\t\t<div class=\"elementor-carousel-image\" role=\"img\" aria-label=\"vista general casa atardecer agroturisme subies mallorca\" style=\"background-image: url(&#039;https:\/\/agroturismesubies.es\/en\/wp-content\/uploads\/sites\/3\/vista-general-casa-atardecer-agroturisme-subies-mallorca.webp&#039;)\">\n\n\t\t\t\n\t\t\t\t\t<\/div>\n\t\t\t\t\t\t\t\t<\/div>\n\t\t\t\t\t\t\t\t\t\t\t<div class=\"swiper-slide\" role=\"group\" aria-roledescription=\"slide\">\n\t\t\t\t\t\t\t\t\t<div class=\"elementor-carousel-image\" role=\"img\" aria-label=\"vista sala entrada agroturisme subies mallorca\" style=\"background-image: url(&#039;https:\/\/agroturismesubies.es\/en\/wp-content\/uploads\/sites\/3\/vista-sala-entrada-agroturisme-subies-mallorca.webp&#039;)\">\n\n\t\t\t\n\t\t\t\t\t<\/div>\n\t\t\t\t\t\t\t\t<\/div>\n\t\t\t\t\t\t\t\t\t\t\t<div class=\"swiper-slide\" role=\"group\" aria-roledescription=\"slide\">\n\t\t\t\t\t\t\t\t\t<div class=\"elementor-carousel-image\" role=\"img\" aria-label=\"sala-frontal-escalera-agroturisme-subies-mallorca\" style=\"background-image: url(&#039;https:\/\/agroturismesubies.es\/en\/wp-content\/uploads\/sites\/3\/sala-frontal-escalera-agroturisme-subies-mallorca.webp&#039;)\">\n\n\t\t\t\n\t\t\t\t\t<\/div>\n\t\t\t\t\t\t\t\t<\/div>\n\t\t\t\t\t\t\t\t\t\t\t<div class=\"swiper-slide\" role=\"group\" aria-roledescription=\"slide\">\n\t\t\t\t\t\t\t\t\t<div class=\"elementor-carousel-image\" role=\"img\" aria-label=\"vista entorno agroturisme subies\" style=\"background-image: url(&#039;https:\/\/agroturismesubies.es\/en\/wp-content\/uploads\/sites\/3\/vista-entorno-agroturisme-subies.webp&#039;)\">\n\n\t\t\t\n\t\t\t\t\t<\/div>\n\t\t\t\t\t\t\t\t<\/div>\n\t\t\t\t\t\t\t\t\t\t\t<div class=\"swiper-slide\" role=\"group\" aria-roledescription=\"slide\">\n\t\t\t\t\t\t\t\t\t<div class=\"elementor-carousel-image\" role=\"img\" aria-label=\"detalle lavabo agroturisme subies mallorca\" style=\"background-image: url(&#039;https:\/\/agroturismesubies.es\/en\/wp-content\/uploads\/sites\/3\/detalle-lavabo-agroturisme-subies-mallorca.webp&#039;)\">\n\n\t\t\t\n\t\t\t\t\t<\/div>\n\t\t\t\t\t\t\t\t<\/div>\n\t\t\t\t\t\t\t\t\t\t\t<div class=\"swiper-slide\" role=\"group\" aria-roledescription=\"slide\">\n\t\t\t\t\t\t\t\t\t<div class=\"elementor-carousel-image\" role=\"img\" aria-label=\"salon ventana agroturisme subies\" style=\"background-image: url(&#039;https:\/\/agroturismesubies.es\/en\/wp-content\/uploads\/sites\/3\/salon-ventana-agroturisme-subies.webp&#039;)\">\n\n\t\t\t\n\t\t\t\t\t<\/div>\n\t\t\t\t\t\t\t\t<\/div>\n\t\t\t\t\t\t\t\t\t\t\t<div class=\"swiper-slide\" role=\"group\" aria-roledescription=\"slide\">\n\t\t\t\t\t\t\t\t\t<div class=\"elementor-carousel-image\" role=\"img\" aria-label=\"comedor-agroturisme-subies\" style=\"background-image: url(&#039;https:\/\/agroturismesubies.es\/en\/wp-content\/uploads\/sites\/3\/comedor-agroturisme-subies-1.webp&#039;)\">\n\n\t\t\t\n\t\t\t\t\t<\/div>\n\t\t\t\t\t\t\t\t<\/div>\n\t\t\t\t\t\t\t\t\t\t\t<div class=\"swiper-slide\" role=\"group\" aria-roledescription=\"slide\">\n\t\t\t\t\t\t\t\t\t<div class=\"elementor-carousel-image\" role=\"img\" aria-label=\"piscina agroturisme subies mallorca 2\" style=\"background-image: url(&#039;https:\/\/agroturismesubies.es\/en\/wp-content\/uploads\/sites\/3\/piscina-agroturisme-subies-mallorca-2.webp&#039;)\">\n\n\t\t\t\n\t\t\t\t\t<\/div>\n\t\t\t\t\t\t\t\t<\/div>\n\t\t\t\t\t\t\t\t\t<\/div>\n\t\t\t\t\t\t\t\t\t\t\t\t\t\t\t<div class=\"elementor-swiper-button elementor-swiper-button-prev\" role=\"button\" tabindex=\"0\" aria-label=\"Anterior\">\n\t\t\t\t\t\t\t<svg aria-hidden=\"true\" class=\"e-font-icon-svg e-eicon-chevron-left\" viewBox=\"0 0 1000 1000\" xmlns=\"http:\/\/www.w3.org\/2000\/svg\"><path d=\"M646 125C629 125 613 133 604 142L308 442C296 454 292 471 292 487 292 504 296 521 308 533L604 854C617 867 629 875 646 875 663 875 679 871 692 858 704 846 713 829 713 812 713 796 708 779 692 767L438 487 692 225C700 217 708 204 708 187 708 171 704 154 692 142 675 129 663 125 646 125Z\"><\/path><\/svg>\t\t\t\t\t\t<\/div>\n\t\t\t\t\t\t<div class=\"elementor-swiper-button elementor-swiper-button-next\" role=\"button\" tabindex=\"0\" aria-label=\"Siguiente\">\n\t\t\t\t\t\t\t<svg aria-hidden=\"true\" class=\"e-font-icon-svg e-eicon-chevron-right\" viewBox=\"0 0 1000 1000\" xmlns=\"http:\/\/www.w3.org\/2000\/svg\"><path d=\"M696 533C708 521 713 504 713 487 713 471 708 454 696 446L400 146C388 133 375 125 354 125 338 125 325 129 313 142 300 154 292 171 292 187 292 204 296 221 308 233L563 492 304 771C292 783 288 800 288 817 288 833 296 850 308 863 321 871 338 875 354 875 371 875 388 867 400 854L696 533Z\"><\/path><\/svg>\t\t\t\t\t\t<\/div>\n\t\t\t\t\t\t\t\t\t\t\t\t\t\t\t\t\t<\/div>\n\t\t\t\t<\/div>\n\t\t\t\t\t\t\t\t<div class=\"elementor-swiper\">\n\t\t\t\t\t<div class=\"elementor-main-swiper swiper elementor-thumbnails-swiper swiper\" role=\"region region\" aria-roledescription=\"carousel carousel\" aria-label=\"Diapositivas Diapositivas\">\n\t\t\t\t<div class=\"swiper-wrapper\">\n\t\t\t\t\t\t\t\t\t\t\t<div class=\"swiper-slide\" role=\"group\" aria-roledescription=\"slide\">\n\t\t\t\t\t\t\t\t\t<div class=\"elementor-carousel-image\" role=\"img\" aria-label=\"vista general casa atardecer agroturisme subies mallorca\" style=\"background-image: url(&#039;https:\/\/agroturismesubies.es\/en\/wp-content\/uploads\/sites\/3\/vista-general-casa-atardecer-agroturisme-subies-mallorca.webp&#039;)\">\n\n\t\t\t\n\t\t\t\t\t<\/div>\n\t\t\t\t\t\t\t\t<\/div>\n\t\t\t\t\t\t\t\t\t\t\t<div class=\"swiper-slide\" role=\"group\" aria-roledescription=\"slide\">\n\t\t\t\t\t\t\t\t\t<div class=\"elementor-carousel-image\" role=\"img\" aria-label=\"vista sala entrada agroturisme subies mallorca\" style=\"background-image: url(&#039;https:\/\/agroturismesubies.es\/en\/wp-content\/uploads\/sites\/3\/vista-sala-entrada-agroturisme-subies-mallorca.webp&#039;)\">\n\n\t\t\t\n\t\t\t\t\t<\/div>\n\t\t\t\t\t\t\t\t<\/div>\n\t\t\t\t\t\t\t\t\t\t\t<div class=\"swiper-slide\" role=\"group\" aria-roledescription=\"slide\">\n\t\t\t\t\t\t\t\t\t<div class=\"elementor-carousel-image\" role=\"img\" aria-label=\"sala-frontal-escalera-agroturisme-subies-mallorca\" style=\"background-image: url(&#039;https:\/\/agroturismesubies.es\/en\/wp-content\/uploads\/sites\/3\/sala-frontal-escalera-agroturisme-subies-mallorca.webp&#039;)\">\n\n\t\t\t\n\t\t\t\t\t<\/div>\n\t\t\t\t\t\t\t\t<\/div>\n\t\t\t\t\t\t\t\t\t\t\t<div class=\"swiper-slide\" role=\"group\" aria-roledescription=\"slide\">\n\t\t\t\t\t\t\t\t\t<div class=\"elementor-carousel-image\" role=\"img\" aria-label=\"vista entorno agroturisme subies\" style=\"background-image: url(&#039;https:\/\/agroturismesubies.es\/en\/wp-content\/uploads\/sites\/3\/vista-entorno-agroturisme-subies.webp&#039;)\">\n\n\t\t\t\n\t\t\t\t\t<\/div>\n\t\t\t\t\t\t\t\t<\/div>\n\t\t\t\t\t\t\t\t\t\t\t<div class=\"swiper-slide\" role=\"group\" aria-roledescription=\"slide\">\n\t\t\t\t\t\t\t\t\t<div class=\"elementor-carousel-image\" role=\"img\" aria-label=\"detalle lavabo agroturisme subies mallorca\" style=\"background-image: url(&#039;https:\/\/agroturismesubies.es\/en\/wp-content\/uploads\/sites\/3\/detalle-lavabo-agroturisme-subies-mallorca.webp&#039;)\">\n\n\t\t\t\n\t\t\t\t\t<\/div>\n\t\t\t\t\t\t\t\t<\/div>\n\t\t\t\t\t\t\t\t\t\t\t<div class=\"swiper-slide\" role=\"group\" aria-roledescription=\"slide\">\n\t\t\t\t\t\t\t\t\t<div class=\"elementor-carousel-image\" role=\"img\" aria-label=\"salon ventana agroturisme subies\" style=\"background-image: url(&#039;https:\/\/agroturismesubies.es\/en\/wp-content\/uploads\/sites\/3\/salon-ventana-agroturisme-subies.webp&#039;)\">\n\n\t\t\t\n\t\t\t\t\t<\/div>\n\t\t\t\t\t\t\t\t<\/div>\n\t\t\t\t\t\t\t\t\t\t\t<div class=\"swiper-slide\" role=\"group\" aria-roledescription=\"slide\">\n\t\t\t\t\t\t\t\t\t<div class=\"elementor-carousel-image\" role=\"img\" aria-label=\"comedor-agroturisme-subies\" style=\"background-image: url(&#039;https:\/\/agroturismesubies.es\/en\/wp-content\/uploads\/sites\/3\/comedor-agroturisme-subies-1.webp&#039;)\">\n\n\t\t\t\n\t\t\t\t\t<\/div>\n\t\t\t\t\t\t\t\t<\/div>\n\t\t\t\t\t\t\t\t\t\t\t<div class=\"swiper-slide\" role=\"group\" aria-roledescription=\"slide\">\n\t\t\t\t\t\t\t\t\t<div class=\"elementor-carousel-image\" role=\"img\" aria-label=\"piscina agroturisme subies mallorca 2\" style=\"background-image: url(&#039;https:\/\/agroturismesubies.es\/en\/wp-content\/uploads\/sites\/3\/piscina-agroturisme-subies-mallorca-2.webp&#039;)\">\n\n\t\t\t\n\t\t\t\t\t<\/div>\n\t\t\t\t\t\t\t\t<\/div>\n\t\t\t\t\t\t\t\t\t<\/div>\n\t\t\t\t\t\t\t\t\t\t\t\t\t\t\t\t\t\t\t\t\t<\/div>\n\t\t\t\t<\/div>\n\t\t\t\t\t\t\t\t<\/div>\n\t\t\t\t<\/div>\n\t\t\t\t<\/div>\n\t\t\t\t\t<\/div>\n\t\t\t\t<\/div>\n\t\t<div class=\"elementor-element elementor-element-a1cf4f9 e-flex e-con-boxed e-con e-parent\" data-id=\"a1cf4f9\" data-element_type=\"container\" data-e-type=\"container\" data-settings=\"{&quot;background_background&quot;:&quot;classic&quot;}\">\n\t\t\t\t\t<div class=\"e-con-inner\">\n\t\t<div class=\"elementor-element elementor-element-d791671 e-con-full e-flex e-con e-child\" data-id=\"d791671\" data-element_type=\"container\" data-e-type=\"container\" data-settings=\"{&quot;background_background&quot;:&quot;classic&quot;}\">\n\t\t\t\t<\/div>\n\t\t<div class=\"elementor-element elementor-element-c086723 e-con-full e-flex e-con e-child\" data-id=\"c086723\" data-element_type=\"container\" data-e-type=\"container\">\n\t\t\t\t<div class=\"elementor-element elementor-element-a17f0e7 elementor-widget elementor-widget-heading\" data-id=\"a17f0e7\" data-element_type=\"widget\" data-e-type=\"widget\" data-widget_type=\"heading.default\">\n\t\t\t\t<div class=\"elementor-widget-container\">\n\t\t\t\t\t<h2 class=\"elementor-heading-title elementor-size-default\">The rooms<\/h2>\t\t\t\t<\/div>\n\t\t\t\t<\/div>\n\t\t\t\t<div class=\"elementor-element elementor-element-f52f1fa elementor-widget-divider--view-line elementor-widget elementor-widget-divider\" data-id=\"f52f1fa\" data-element_type=\"widget\" data-e-type=\"widget\" data-widget_type=\"divider.default\">\n\t\t\t\t<div class=\"elementor-widget-container\">\n\t\t\t\t\t\t\t<div class=\"elementor-divider\">\n\t\t\t<span class=\"elementor-divider-separator\">\n\t\t\t\t\t\t<\/span>\n\t\t<\/div>\n\t\t\t\t\t\t<\/div>\n\t\t\t\t<\/div>\n\t\t\t\t<div class=\"elementor-element elementor-element-a92fed4 elementor-widget elementor-widget-text-editor\" data-id=\"a92fed4\" data-element_type=\"widget\" data-e-type=\"widget\" data-widget_type=\"text-editor.default\">\n\t\t\t\t<div class=\"elementor-widget-container\">\n\t\t\t\t\t\t\t\t\t<h3><strong>Each room, unique in size and style, offers a singular experience.<\/strong><\/h3><p>Our rooms are spacious and bright, with large windows that let in natural light and provide panoramic views of the gardens and surroundings. In addition, they have a rustic and elegant d\u00e9cor, combining traditional elements of local architecture with touches of modernity and sophistication.<\/p>\t\t\t\t\t\t\t\t<\/div>\n\t\t\t\t<\/div>\n\t\t\t\t<div class=\"elementor-element elementor-element-823a3a3 elementor-widget__width-inherit elementor-widget elementor-widget-gallery\" data-id=\"823a3a3\" data-element_type=\"widget\" data-e-type=\"widget\" data-settings=\"{&quot;columns_tablet&quot;:3,&quot;columns_mobile&quot;:3,&quot;lazyload&quot;:&quot;yes&quot;,&quot;gallery_layout&quot;:&quot;grid&quot;,&quot;columns&quot;:4,&quot;gap&quot;:{&quot;unit&quot;:&quot;px&quot;,&quot;size&quot;:10,&quot;sizes&quot;:[]},&quot;gap_tablet&quot;:{&quot;unit&quot;:&quot;px&quot;,&quot;size&quot;:10,&quot;sizes&quot;:[]},&quot;gap_mobile&quot;:{&quot;unit&quot;:&quot;px&quot;,&quot;size&quot;:10,&quot;sizes&quot;:[]},&quot;link_to&quot;:&quot;file&quot;,&quot;aspect_ratio&quot;:&quot;3:2&quot;,&quot;overlay_background&quot;:&quot;yes&quot;,&quot;content_hover_animation&quot;:&quot;fade-in&quot;}\" data-widget_type=\"gallery.default\">\n\t\t\t\t<div class=\"elementor-widget-container\">\n\t\t\t\t\t\t\t<div class=\"elementor-gallery__container\">\n\t\t\t\t\t\t\t<a class=\"e-gallery-item elementor-gallery-item elementor-animated-content\" href=\"https:\/\/agroturismesubies.es\/en\/wp-content\/uploads\/sites\/3\/detalle-cama-lampara-agriturisme-subies-mallorca.webp\" data-elementor-open-lightbox=\"yes\" data-elementor-lightbox-slideshow=\"823a3a3\" data-e-action-hash=\"#elementor-action%3Aaction%3Dlightbox%26settings%3DeyJpZCI6MTE4MywidXJsIjoiaHR0cHM6XC9cL2Fncm90dXJpc21lc3ViaWVzLmVzXC9lblwvd3AtY29udGVudFwvdXBsb2Fkc1wvc2l0ZXNcLzNcL2RldGFsbGUtY2FtYS1sYW1wYXJhLWFncml0dXJpc21lLXN1Ymllcy1tYWxsb3JjYS53ZWJwIiwic2xpZGVzaG93IjoiODIzYTNhMyJ9\">\n\t\t\t\t\t<div class=\"e-gallery-image elementor-gallery-item__image\" data-thumbnail=\"https:\/\/agroturismesubies.es\/en\/wp-content\/uploads\/sites\/3\/detalle-cama-lampara-agriturisme-subies-mallorca-200x300.webp\" data-width=\"200\" data-height=\"300\" aria-label=\"detalle cama lampara agriturisme subies mallorca\" role=\"img\" ><\/div>\n\t\t\t\t\t\t\t\t\t\t\t<div class=\"elementor-gallery-item__overlay\"><\/div>\n\t\t\t\t\t\t\t\t\t\t\t\t\t\t<\/a>\n\t\t\t\t\t\t\t<a class=\"e-gallery-item elementor-gallery-item elementor-animated-content\" href=\"https:\/\/agroturismesubies.es\/en\/wp-content\/uploads\/sites\/3\/escritorio-habitacion-agriturisme-subies-mallorca.webp\" data-elementor-open-lightbox=\"yes\" data-elementor-lightbox-slideshow=\"823a3a3\" data-e-action-hash=\"#elementor-action%3Aaction%3Dlightbox%26settings%3DeyJpZCI6MTE4NCwidXJsIjoiaHR0cHM6XC9cL2Fncm90dXJpc21lc3ViaWVzLmVzXC9lblwvd3AtY29udGVudFwvdXBsb2Fkc1wvc2l0ZXNcLzNcL2VzY3JpdG9yaW8taGFiaXRhY2lvbi1hZ3JpdHVyaXNtZS1zdWJpZXMtbWFsbG9yY2Eud2VicCIsInNsaWRlc2hvdyI6IjgyM2EzYTMifQ%3D%3D\">\n\t\t\t\t\t<div class=\"e-gallery-image elementor-gallery-item__image\" data-thumbnail=\"https:\/\/agroturismesubies.es\/en\/wp-content\/uploads\/sites\/3\/escritorio-habitacion-agriturisme-subies-mallorca-300x200.webp\" data-width=\"300\" data-height=\"200\" aria-label=\"\" role=\"img\" ><\/div>\n\t\t\t\t\t\t\t\t\t\t\t<div class=\"elementor-gallery-item__overlay\"><\/div>\n\t\t\t\t\t\t\t\t\t\t\t\t\t\t<\/a>\n\t\t\t\t\t\t\t<a class=\"e-gallery-item elementor-gallery-item elementor-animated-content\" href=\"https:\/\/agroturismesubies.es\/en\/wp-content\/uploads\/sites\/3\/suite-sala-tv-cenital.webp\" data-elementor-open-lightbox=\"yes\" data-elementor-lightbox-slideshow=\"823a3a3\" data-e-action-hash=\"#elementor-action%3Aaction%3Dlightbox%26settings%3DeyJpZCI6MTE5OCwidXJsIjoiaHR0cHM6XC9cL2Fncm90dXJpc21lc3ViaWVzLmVzXC9lblwvd3AtY29udGVudFwvdXBsb2Fkc1wvc2l0ZXNcLzNcL3N1aXRlLXNhbGEtdHYtY2VuaXRhbC53ZWJwIiwic2xpZGVzaG93IjoiODIzYTNhMyJ9\">\n\t\t\t\t\t<div class=\"e-gallery-image elementor-gallery-item__image\" data-thumbnail=\"https:\/\/agroturismesubies.es\/en\/wp-content\/uploads\/sites\/3\/suite-sala-tv-cenital-300x225.webp\" data-width=\"300\" data-height=\"225\" aria-label=\"suite sala tv cenital\" role=\"img\" ><\/div>\n\t\t\t\t\t\t\t\t\t\t\t<div class=\"elementor-gallery-item__overlay\"><\/div>\n\t\t\t\t\t\t\t\t\t\t\t\t\t\t<\/a>\n\t\t\t\t\t\t\t<a class=\"e-gallery-item elementor-gallery-item elementor-animated-content\" href=\"https:\/\/agroturismesubies.es\/en\/wp-content\/uploads\/sites\/3\/tenue-luz-detalle-hab-agriturisme-subies-mallorca.webp\" data-elementor-open-lightbox=\"yes\" data-elementor-lightbox-slideshow=\"823a3a3\" data-e-action-hash=\"#elementor-action%3Aaction%3Dlightbox%26settings%3DeyJpZCI6MTE4NiwidXJsIjoiaHR0cHM6XC9cL2Fncm90dXJpc21lc3ViaWVzLmVzXC9lblwvd3AtY29udGVudFwvdXBsb2Fkc1wvc2l0ZXNcLzNcL3RlbnVlLWx1ei1kZXRhbGxlLWhhYi1hZ3JpdHVyaXNtZS1zdWJpZXMtbWFsbG9yY2Eud2VicCIsInNsaWRlc2hvdyI6IjgyM2EzYTMifQ%3D%3D\">\n\t\t\t\t\t<div class=\"e-gallery-image elementor-gallery-item__image\" data-thumbnail=\"https:\/\/agroturismesubies.es\/en\/wp-content\/uploads\/sites\/3\/tenue-luz-detalle-hab-agriturisme-subies-mallorca-300x200.webp\" data-width=\"300\" data-height=\"200\" aria-label=\"\" role=\"img\" ><\/div>\n\t\t\t\t\t\t\t\t\t\t\t<div class=\"elementor-gallery-item__overlay\"><\/div>\n\t\t\t\t\t\t\t\t\t\t\t\t\t\t<\/a>\n\t\t\t\t\t\t\t<a class=\"e-gallery-item elementor-gallery-item elementor-animated-content\" href=\"https:\/\/agroturismesubies.es\/en\/wp-content\/uploads\/sites\/3\/vista-hab-bano-agriturisme-subies-mallorca.webp\" data-elementor-open-lightbox=\"yes\" data-elementor-lightbox-slideshow=\"823a3a3\" data-e-action-hash=\"#elementor-action%3Aaction%3Dlightbox%26settings%3DeyJpZCI6MTE4OCwidXJsIjoiaHR0cHM6XC9cL2Fncm90dXJpc21lc3ViaWVzLmVzXC9lblwvd3AtY29udGVudFwvdXBsb2Fkc1wvc2l0ZXNcLzNcL3Zpc3RhLWhhYi1iYW5vLWFncml0dXJpc21lLXN1Ymllcy1tYWxsb3JjYS53ZWJwIiwic2xpZGVzaG93IjoiODIzYTNhMyJ9\">\n\t\t\t\t\t<div class=\"e-gallery-image elementor-gallery-item__image\" data-thumbnail=\"https:\/\/agroturismesubies.es\/en\/wp-content\/uploads\/sites\/3\/vista-hab-bano-agriturisme-subies-mallorca-300x200.webp\" data-width=\"300\" data-height=\"200\" aria-label=\"\" role=\"img\" ><\/div>\n\t\t\t\t\t\t\t\t\t\t\t<div class=\"elementor-gallery-item__overlay\"><\/div>\n\t\t\t\t\t\t\t\t\t\t\t\t\t\t<\/a>\n\t\t\t\t\t\t\t<a class=\"e-gallery-item elementor-gallery-item elementor-animated-content\" href=\"https:\/\/agroturismesubies.es\/en\/wp-content\/uploads\/sites\/3\/vista-hab-tenue-luz-agriturisme-subies-mallorca.webp\" data-elementor-open-lightbox=\"yes\" data-elementor-lightbox-slideshow=\"823a3a3\" data-e-action-hash=\"#elementor-action%3Aaction%3Dlightbox%26settings%3DeyJpZCI6MTE5MCwidXJsIjoiaHR0cHM6XC9cL2Fncm90dXJpc21lc3ViaWVzLmVzXC9lblwvd3AtY29udGVudFwvdXBsb2Fkc1wvc2l0ZXNcLzNcL3Zpc3RhLWhhYi10ZW51ZS1sdXotYWdyaXR1cmlzbWUtc3ViaWVzLW1hbGxvcmNhLndlYnAiLCJzbGlkZXNob3ciOiI4MjNhM2EzIn0%3D\">\n\t\t\t\t\t<div class=\"e-gallery-image elementor-gallery-item__image\" data-thumbnail=\"https:\/\/agroturismesubies.es\/en\/wp-content\/uploads\/sites\/3\/vista-hab-tenue-luz-agriturisme-subies-mallorca-300x200.webp\" data-width=\"300\" data-height=\"200\" aria-label=\"vista hab tenue luz agriturisme subies mallorca\" role=\"img\" ><\/div>\n\t\t\t\t\t\t\t\t\t\t\t<div class=\"elementor-gallery-item__overlay\"><\/div>\n\t\t\t\t\t\t\t\t\t\t\t\t\t\t<\/a>\n\t\t\t\t\t\t\t<a class=\"e-gallery-item elementor-gallery-item elementor-animated-content\" href=\"https:\/\/agroturismesubies.es\/en\/wp-content\/uploads\/sites\/3\/vista-lateral-agriturisme-subies-mallorca.webp\" data-elementor-open-lightbox=\"yes\" data-elementor-lightbox-slideshow=\"823a3a3\" data-e-action-hash=\"#elementor-action%3Aaction%3Dlightbox%26settings%3DeyJpZCI6MTE5MSwidXJsIjoiaHR0cHM6XC9cL2Fncm90dXJpc21lc3ViaWVzLmVzXC9lblwvd3AtY29udGVudFwvdXBsb2Fkc1wvc2l0ZXNcLzNcL3Zpc3RhLWxhdGVyYWwtYWdyaXR1cmlzbWUtc3ViaWVzLW1hbGxvcmNhLndlYnAiLCJzbGlkZXNob3ciOiI4MjNhM2EzIn0%3D\">\n\t\t\t\t\t<div class=\"e-gallery-image elementor-gallery-item__image\" data-thumbnail=\"https:\/\/agroturismesubies.es\/en\/wp-content\/uploads\/sites\/3\/vista-lateral-agriturisme-subies-mallorca-300x200.webp\" data-width=\"300\" data-height=\"200\" aria-label=\"\" role=\"img\" ><\/div>\n\t\t\t\t\t\t\t\t\t\t\t<div class=\"elementor-gallery-item__overlay\"><\/div>\n\t\t\t\t\t\t\t\t\t\t\t\t\t\t<\/a>\n\t\t\t\t\t\t\t<a class=\"e-gallery-item elementor-gallery-item elementor-animated-content\" href=\"https:\/\/agroturismesubies.es\/en\/wp-content\/uploads\/sites\/3\/vista-parcial-agriturisme-subies-mallorca.webp\" data-elementor-open-lightbox=\"yes\" data-elementor-lightbox-slideshow=\"823a3a3\" data-e-action-hash=\"#elementor-action%3Aaction%3Dlightbox%26settings%3DeyJpZCI6MTE5MywidXJsIjoiaHR0cHM6XC9cL2Fncm90dXJpc21lc3ViaWVzLmVzXC9lblwvd3AtY29udGVudFwvdXBsb2Fkc1wvc2l0ZXNcLzNcL3Zpc3RhLXBhcmNpYWwtYWdyaXR1cmlzbWUtc3ViaWVzLW1hbGxvcmNhLndlYnAiLCJzbGlkZXNob3ciOiI4MjNhM2EzIn0%3D\">\n\t\t\t\t\t<div class=\"e-gallery-image elementor-gallery-item__image\" data-thumbnail=\"https:\/\/agroturismesubies.es\/en\/wp-content\/uploads\/sites\/3\/vista-parcial-agriturisme-subies-mallorca-300x200.webp\" data-width=\"300\" data-height=\"200\" aria-label=\"vista parcial agriturisme subies mallorca\" role=\"img\" ><\/div>\n\t\t\t\t\t\t\t\t\t\t\t<div class=\"elementor-gallery-item__overlay\"><\/div>\n\t\t\t\t\t\t\t\t\t\t\t\t\t\t<\/a>\n\t\t\t\t\t\t\t<a class=\"e-gallery-item elementor-gallery-item elementor-animated-content\" href=\"https:\/\/agroturismesubies.es\/en\/wp-content\/uploads\/sites\/3\/bano-habitacion-agroturisme-subies-1.webp\" data-elementor-open-lightbox=\"yes\" data-elementor-lightbox-slideshow=\"823a3a3\" data-e-action-hash=\"#elementor-action%3Aaction%3Dlightbox%26settings%3DeyJpZCI6MTIwMSwidXJsIjoiaHR0cHM6XC9cL2Fncm90dXJpc21lc3ViaWVzLmVzXC9lblwvd3AtY29udGVudFwvdXBsb2Fkc1wvc2l0ZXNcLzNcL2Jhbm8taGFiaXRhY2lvbi1hZ3JvdHVyaXNtZS1zdWJpZXMtMS53ZWJwIiwic2xpZGVzaG93IjoiODIzYTNhMyJ9\">\n\t\t\t\t\t<div class=\"e-gallery-image elementor-gallery-item__image\" data-thumbnail=\"https:\/\/agroturismesubies.es\/en\/wp-content\/uploads\/sites\/3\/bano-habitacion-agroturisme-subies-1-300x200.webp\" data-width=\"300\" data-height=\"200\" aria-label=\"\" role=\"img\" ><\/div>\n\t\t\t\t\t\t\t\t\t\t\t<div class=\"elementor-gallery-item__overlay\"><\/div>\n\t\t\t\t\t\t\t\t\t\t\t\t\t\t<\/a>\n\t\t\t\t\t\t\t<a class=\"e-gallery-item elementor-gallery-item elementor-animated-content\" href=\"https:\/\/agroturismesubies.es\/en\/wp-content\/uploads\/sites\/3\/vista-encimera-agriturisme-subies-mallorca.webp\" data-elementor-open-lightbox=\"yes\" data-elementor-lightbox-slideshow=\"823a3a3\" data-e-action-hash=\"#elementor-action%3Aaction%3Dlightbox%26settings%3DeyJpZCI6MTE4NywidXJsIjoiaHR0cHM6XC9cL2Fncm90dXJpc21lc3ViaWVzLmVzXC9lblwvd3AtY29udGVudFwvdXBsb2Fkc1wvc2l0ZXNcLzNcL3Zpc3RhLWVuY2ltZXJhLWFncml0dXJpc21lLXN1Ymllcy1tYWxsb3JjYS53ZWJwIiwic2xpZGVzaG93IjoiODIzYTNhMyJ9\">\n\t\t\t\t\t<div class=\"e-gallery-image elementor-gallery-item__image\" data-thumbnail=\"https:\/\/agroturismesubies.es\/en\/wp-content\/uploads\/sites\/3\/vista-encimera-agriturisme-subies-mallorca-200x300.webp\" data-width=\"200\" data-height=\"300\" aria-label=\"vista encimera agriturisme subies mallorca\" role=\"img\" ><\/div>\n\t\t\t\t\t\t\t\t\t\t\t<div class=\"elementor-gallery-item__overlay\"><\/div>\n\t\t\t\t\t\t\t\t\t\t\t\t\t\t<\/a>\n\t\t\t\t\t\t\t<a class=\"e-gallery-item elementor-gallery-item elementor-animated-content\" href=\"https:\/\/agroturismesubies.es\/en\/wp-content\/uploads\/sites\/3\/suite-bano-agroturisme-subies-1.webp\" data-elementor-open-lightbox=\"yes\" data-elementor-lightbox-slideshow=\"823a3a3\" data-e-action-hash=\"#elementor-action%3Aaction%3Dlightbox%26settings%3DeyJpZCI6MTE5NywidXJsIjoiaHR0cHM6XC9cL2Fncm90dXJpc21lc3ViaWVzLmVzXC9lblwvd3AtY29udGVudFwvdXBsb2Fkc1wvc2l0ZXNcLzNcL3N1aXRlLWJhbm8tYWdyb3R1cmlzbWUtc3ViaWVzLTEud2VicCIsInNsaWRlc2hvdyI6IjgyM2EzYTMifQ%3D%3D\">\n\t\t\t\t\t<div class=\"e-gallery-image elementor-gallery-item__image\" data-thumbnail=\"https:\/\/agroturismesubies.es\/en\/wp-content\/uploads\/sites\/3\/suite-bano-agroturisme-subies-1-300x225.webp\" data-width=\"300\" data-height=\"225\" aria-label=\"suite bano agroturisme subies 1\" role=\"img\" ><\/div>\n\t\t\t\t\t\t\t\t\t\t\t<div class=\"elementor-gallery-item__overlay\"><\/div>\n\t\t\t\t\t\t\t\t\t\t\t\t\t\t<\/a>\n\t\t\t\t\t\t\t<a class=\"e-gallery-item elementor-gallery-item elementor-animated-content\" href=\"https:\/\/agroturismesubies.es\/en\/wp-content\/uploads\/sites\/3\/bano-encimera-agriturisme-subies-mallorca.webp\" data-elementor-open-lightbox=\"yes\" data-elementor-lightbox-slideshow=\"823a3a3\" data-e-action-hash=\"#elementor-action%3Aaction%3Dlightbox%26settings%3DeyJpZCI6MTE4MSwidXJsIjoiaHR0cHM6XC9cL2Fncm90dXJpc21lc3ViaWVzLmVzXC9lblwvd3AtY29udGVudFwvdXBsb2Fkc1wvc2l0ZXNcLzNcL2Jhbm8tZW5jaW1lcmEtYWdyaXR1cmlzbWUtc3ViaWVzLW1hbGxvcmNhLndlYnAiLCJzbGlkZXNob3ciOiI4MjNhM2EzIn0%3D\">\n\t\t\t\t\t<div class=\"e-gallery-image elementor-gallery-item__image\" data-thumbnail=\"https:\/\/agroturismesubies.es\/en\/wp-content\/uploads\/sites\/3\/bano-encimera-agriturisme-subies-mallorca-200x300.webp\" data-width=\"200\" data-height=\"300\" aria-label=\"\" role=\"img\" ><\/div>\n\t\t\t\t\t\t\t\t\t\t\t<div class=\"elementor-gallery-item__overlay\"><\/div>\n\t\t\t\t\t\t\t\t\t\t\t\t\t\t<\/a>\n\t\t\t\t\t<\/div>\n\t\t\t\t\t<\/div>\n\t\t\t\t<\/div>\n\t\t\t\t<div class=\"elementor-element elementor-element-95b85d0 elementor-mobile-align-center elementor-widget elementor-widget-button\" data-id=\"95b85d0\" data-element_type=\"widget\" data-e-type=\"widget\" data-widget_type=\"button.default\">\n\t\t\t\t<div class=\"elementor-widget-container\">\n\t\t\t\t\t\t\t\t\t<div class=\"elementor-button-wrapper\">\n\t\t\t\t\t<a class=\"elementor-button elementor-button-link elementor-size-sm elementor-animation-pulse\" href=\"https:\/\/booking.agroturismesubies.es\/?code=3457941\" target=\"_blank\">\n\t\t\t\t\t\t<span class=\"elementor-button-content-wrapper\">\n\t\t\t\t\t\t\t\t\t<span class=\"elementor-button-text\">BOOK<\/span>\n\t\t\t\t\t<\/span>\n\t\t\t\t\t<\/a>\n\t\t\t\t<\/div>\n\t\t\t\t\t\t\t\t<\/div>\n\t\t\t\t<\/div>\n\t\t\t\t<div class=\"elementor-element elementor-element-3def5bf elementor-widget elementor-widget-button\" data-id=\"3def5bf\" data-element_type=\"widget\" data-e-type=\"widget\" data-widget_type=\"button.default\">\n\t\t\t\t<div class=\"elementor-widget-container\">\n\t\t\t\t\t\t\t\t\t<div class=\"elementor-button-wrapper\">\n\t\t\t\t\t<a class=\"elementor-button elementor-button-link elementor-size-sm elementor-animation-pulse\" href=\"https:\/\/agroturismesubies.es\/en\/habitaciones-en-mallorca\/\" target=\"_blank\">\n\t\t\t\t\t\t<span class=\"elementor-button-content-wrapper\">\n\t\t\t\t\t\t\t\t\t<span class=\"elementor-button-text\">SEE ROOMS<\/span>\n\t\t\t\t\t<\/span>\n\t\t\t\t\t<\/a>\n\t\t\t\t<\/div>\n\t\t\t\t\t\t\t\t<\/div>\n\t\t\t\t<\/div>\n\t\t\t\t<\/div>\n\t\t\t\t\t<\/div>\n\t\t\t\t<\/div>\n\t\t<div class=\"elementor-element elementor-element-cbad5ae e-grid e-con-boxed e-con e-parent\" data-id=\"cbad5ae\" data-element_type=\"container\" data-e-type=\"container\">\n\t\t\t\t\t<div class=\"e-con-inner\">\n\t\t<div class=\"elementor-element elementor-element-bc9c785 e-con-full animated-slow e-flex elementor-invisible e-con e-child\" data-id=\"bc9c785\" data-element_type=\"container\" data-e-type=\"container\" data-settings=\"{&quot;background_background&quot;:&quot;classic&quot;,&quot;animation&quot;:&quot;slideInUp&quot;,&quot;animation_delay&quot;:300}\">\n\t\t\t\t<div class=\"elementor-element elementor-element-96ed415 elementor-view-default elementor-position-block-start elementor-mobile-position-block-start elementor-widget elementor-widget-icon-box\" data-id=\"96ed415\" data-element_type=\"widget\" data-e-type=\"widget\" data-widget_type=\"icon-box.default\">\n\t\t\t\t<div class=\"elementor-widget-container\">\n\t\t\t\t\t\t\t<div class=\"elementor-icon-box-wrapper\">\n\n\t\t\t\t\t\t<div class=\"elementor-icon-box-icon\">\n\t\t\t\t<span  class=\"elementor-icon\">\n\t\t\t\t<svg aria-hidden=\"true\" class=\"e-font-icon-svg e-fas-parking\" viewBox=\"0 0 448 512\" xmlns=\"http:\/\/www.w3.org\/2000\/svg\"><path d=\"M400 32H48C21.5 32 0 53.5 0 80v352c0 26.5 21.5 48 48 48h352c26.5 0 48-21.5 48-48V80c0-26.5-21.5-48-48-48zM240 320h-48v48c0 8.8-7.2 16-16 16h-32c-8.8 0-16-7.2-16-16V144c0-8.8 7.2-16 16-16h96c52.9 0 96 43.1 96 96s-43.1 96-96 96zm0-128h-48v64h48c17.6 0 32-14.4 32-32s-14.4-32-32-32z\"><\/path><\/svg>\t\t\t\t<\/span>\n\t\t\t<\/div>\n\t\t\t\n\t\t\t\t\t\t<div class=\"elementor-icon-box-content\">\n\n\t\t\t\t\t\t\t\t\t<h3 class=\"elementor-icon-box-title\">\n\t\t\t\t\t\t<span  >\n\t\t\t\t\t\t\tFree Parking \t\t\t\t\t\t<\/span>\n\t\t\t\t\t<\/h3>\n\t\t\t\t\n\t\t\t\t\n\t\t\t<\/div>\n\t\t\t\n\t\t<\/div>\n\t\t\t\t\t\t<\/div>\n\t\t\t\t<\/div>\n\t\t\t\t<\/div>\n\t\t<div class=\"elementor-element elementor-element-eee751f e-con-full e-flex e-con e-child\" data-id=\"eee751f\" data-element_type=\"container\" data-e-type=\"container\" data-settings=\"{&quot;background_background&quot;:&quot;classic&quot;}\">\n\t\t\t\t<div class=\"elementor-element elementor-element-29b211c elementor-view-default elementor-position-block-start elementor-mobile-position-block-start elementor-widget elementor-widget-icon-box\" data-id=\"29b211c\" data-element_type=\"widget\" data-e-type=\"widget\" data-widget_type=\"icon-box.default\">\n\t\t\t\t<div class=\"elementor-widget-container\">\n\t\t\t\t\t\t\t<div class=\"elementor-icon-box-wrapper\">\n\n\t\t\t\t\t\t<div class=\"elementor-icon-box-icon\">\n\t\t\t\t<span  class=\"elementor-icon\">\n\t\t\t\t<svg aria-hidden=\"true\" class=\"e-font-icon-svg e-fas-bread-slice\" viewBox=\"0 0 576 512\" xmlns=\"http:\/\/www.w3.org\/2000\/svg\"><path d=\"M288 0C108 0 0 93.4 0 169.14 0 199.44 24.24 224 64 224v256c0 17.67 16.12 32 36 32h376c19.88 0 36-14.33 36-32V224c39.76 0 64-24.56 64-54.86C576 93.4 468 0 288 0z\"><\/path><\/svg>\t\t\t\t<\/span>\n\t\t\t<\/div>\n\t\t\t\n\t\t\t\t\t\t<div class=\"elementor-icon-box-content\">\n\n\t\t\t\t\t\t\t\t\t<h3 class=\"elementor-icon-box-title\">\n\t\t\t\t\t\t<span  >\n\t\t\t\t\t\t\tBreakfast\t\t\t\t\t\t<\/span>\n\t\t\t\t\t<\/h3>\n\t\t\t\t\n\t\t\t\t\n\t\t\t<\/div>\n\t\t\t\n\t\t<\/div>\n\t\t\t\t\t\t<\/div>\n\t\t\t\t<\/div>\n\t\t\t\t<\/div>\n\t\t<div class=\"elementor-element elementor-element-878bb9a e-con-full e-flex e-con e-child\" data-id=\"878bb9a\" data-element_type=\"container\" data-e-type=\"container\" data-settings=\"{&quot;background_background&quot;:&quot;classic&quot;}\">\n\t\t\t\t<div class=\"elementor-element elementor-element-8075a91 elementor-view-default elementor-position-block-start elementor-mobile-position-block-start elementor-widget elementor-widget-icon-box\" data-id=\"8075a91\" data-element_type=\"widget\" data-e-type=\"widget\" data-widget_type=\"icon-box.default\">\n\t\t\t\t<div class=\"elementor-widget-container\">\n\t\t\t\t\t\t\t<div class=\"elementor-icon-box-wrapper\">\n\n\t\t\t\t\t\t<div class=\"elementor-icon-box-icon\">\n\t\t\t\t<span  class=\"elementor-icon\">\n\t\t\t\t<svg aria-hidden=\"true\" class=\"e-font-icon-svg e-fas-swimming-pool\" viewBox=\"0 0 640 512\" xmlns=\"http:\/\/www.w3.org\/2000\/svg\"><path d=\"M624 416h-16c-26.04 0-45.8-8.42-56.09-17.9-8.9-8.21-19.66-14.1-31.77-14.1h-16.3c-12.11 0-22.87 5.89-31.77 14.1C461.8 407.58 442.04 416 416 416s-45.8-8.42-56.09-17.9c-8.9-8.21-19.66-14.1-31.77-14.1h-16.3c-12.11 0-22.87 5.89-31.77 14.1C269.8 407.58 250.04 416 224 416s-45.8-8.42-56.09-17.9c-8.9-8.21-19.66-14.1-31.77-14.1h-16.3c-12.11 0-22.87 5.89-31.77 14.1C77.8 407.58 58.04 416 32 416H16c-8.84 0-16 7.16-16 16v32c0 8.84 7.16 16 16 16h16c38.62 0 72.72-12.19 96-31.84 23.28 19.66 57.38 31.84 96 31.84s72.72-12.19 96-31.84c23.28 19.66 57.38 31.84 96 31.84s72.72-12.19 96-31.84c23.28 19.66 57.38 31.84 96 31.84h16c8.84 0 16-7.16 16-16v-32c0-8.84-7.16-16-16-16zm-400-32v-96h192v96c19.12 0 30.86-6.16 34.39-9.42 9.17-8.46 19.2-14.34 29.61-18.07V128c0-17.64 14.36-32 32-32s32 14.36 32 32v16c0 8.84 7.16 16 16 16h32c8.84 0 16-7.16 16-16v-16c0-52.94-43.06-96-96-96s-96 43.06-96 96v96H224v-96c0-17.64 14.36-32 32-32s32 14.36 32 32v16c0 8.84 7.16 16 16 16h32c8.84 0 16-7.16 16-16v-16c0-52.94-43.06-96-96-96s-96 43.06-96 96v228.5c10.41 3.73 20.44 9.62 29.61 18.07 3.53 3.27 15.27 9.43 34.39 9.43z\"><\/path><\/svg>\t\t\t\t<\/span>\n\t\t\t<\/div>\n\t\t\t\n\t\t\t\t\t\t<div class=\"elementor-icon-box-content\">\n\n\t\t\t\t\t\t\t\t\t<h3 class=\"elementor-icon-box-title\">\n\t\t\t\t\t\t<span  >\n\t\t\t\t\t\t\tSwimming pool\t\t\t\t\t\t<\/span>\n\t\t\t\t\t<\/h3>\n\t\t\t\t\n\t\t\t\t\n\t\t\t<\/div>\n\t\t\t\n\t\t<\/div>\n\t\t\t\t\t\t<\/div>\n\t\t\t\t<\/div>\n\t\t\t\t<\/div>\n\t\t<div class=\"elementor-element elementor-element-dc061c9 e-con-full e-flex e-con e-child\" data-id=\"dc061c9\" data-element_type=\"container\" data-e-type=\"container\" data-settings=\"{&quot;background_background&quot;:&quot;classic&quot;}\">\n\t\t\t\t<div class=\"elementor-element elementor-element-e961a83 elementor-view-default elementor-position-block-start elementor-mobile-position-block-start elementor-widget elementor-widget-icon-box\" data-id=\"e961a83\" data-element_type=\"widget\" data-e-type=\"widget\" data-widget_type=\"icon-box.default\">\n\t\t\t\t<div class=\"elementor-widget-container\">\n\t\t\t\t\t\t\t<div class=\"elementor-icon-box-wrapper\">\n\n\t\t\t\t\t\t<div class=\"elementor-icon-box-icon\">\n\t\t\t\t<span  class=\"elementor-icon\">\n\t\t\t\t<svg aria-hidden=\"true\" class=\"e-font-icon-svg e-fas-wine-bottle\" viewBox=\"0 0 512 512\" xmlns=\"http:\/\/www.w3.org\/2000\/svg\"><path d=\"M507.31 72.57L439.43 4.69c-6.25-6.25-16.38-6.25-22.63 0l-22.63 22.63c-6.25 6.25-6.25 16.38 0 22.63l-76.67 76.67c-46.58-19.7-102.4-10.73-140.37 27.23L18.75 312.23c-24.99 24.99-24.99 65.52 0 90.51l90.51 90.51c24.99 24.99 65.52 24.99 90.51 0l158.39-158.39c37.96-37.96 46.93-93.79 27.23-140.37l76.67-76.67c6.25 6.25 16.38 6.25 22.63 0l22.63-22.63c6.24-6.24 6.24-16.37-.01-22.62zM179.22 423.29l-90.51-90.51 122.04-122.04 90.51 90.51-122.04 122.04z\"><\/path><\/svg>\t\t\t\t<\/span>\n\t\t\t<\/div>\n\t\t\t\n\t\t\t\t\t\t<div class=\"elementor-icon-box-content\">\n\n\t\t\t\t\t\t\t\t\t<h3 class=\"elementor-icon-box-title\">\n\t\t\t\t\t\t<span  >\n\t\t\t\t\t\t\tMinibar\t\t\t\t\t\t<\/span>\n\t\t\t\t\t<\/h3>\n\t\t\t\t\n\t\t\t\t\n\t\t\t<\/div>\n\t\t\t\n\t\t<\/div>\n\t\t\t\t\t\t<\/div>\n\t\t\t\t<\/div>\n\t\t\t\t<\/div>\n\t\t<div class=\"elementor-element elementor-element-fd874d1 e-con-full e-flex e-con e-child\" data-id=\"fd874d1\" data-element_type=\"container\" data-e-type=\"container\" data-settings=\"{&quot;background_background&quot;:&quot;classic&quot;}\">\n\t\t\t\t<div class=\"elementor-element elementor-element-f7ffc1f elementor-view-default elementor-position-block-start elementor-mobile-position-block-start elementor-widget elementor-widget-icon-box\" data-id=\"f7ffc1f\" data-element_type=\"widget\" data-e-type=\"widget\" data-widget_type=\"icon-box.default\">\n\t\t\t\t<div class=\"elementor-widget-container\">\n\t\t\t\t\t\t\t<div class=\"elementor-icon-box-wrapper\">\n\n\t\t\t\t\t\t<div class=\"elementor-icon-box-icon\">\n\t\t\t\t<span  class=\"elementor-icon\">\n\t\t\t\t<svg aria-hidden=\"true\" class=\"e-font-icon-svg e-fas-wifi\" viewBox=\"0 0 640 512\" xmlns=\"http:\/\/www.w3.org\/2000\/svg\"><path d=\"M634.91 154.88C457.74-8.99 182.19-8.93 5.09 154.88c-6.66 6.16-6.79 16.59-.35 22.98l34.24 33.97c6.14 6.1 16.02 6.23 22.4.38 145.92-133.68 371.3-133.71 517.25 0 6.38 5.85 16.26 5.71 22.4-.38l34.24-33.97c6.43-6.39 6.3-16.82-.36-22.98zM320 352c-35.35 0-64 28.65-64 64s28.65 64 64 64 64-28.65 64-64-28.65-64-64-64zm202.67-83.59c-115.26-101.93-290.21-101.82-405.34 0-6.9 6.1-7.12 16.69-.57 23.15l34.44 33.99c6 5.92 15.66 6.32 22.05.8 83.95-72.57 209.74-72.41 293.49 0 6.39 5.52 16.05 5.13 22.05-.8l34.44-33.99c6.56-6.46 6.33-17.06-.56-23.15z\"><\/path><\/svg>\t\t\t\t<\/span>\n\t\t\t<\/div>\n\t\t\t\n\t\t\t\t\t\t<div class=\"elementor-icon-box-content\">\n\n\t\t\t\t\t\t\t\t\t<h3 class=\"elementor-icon-box-title\">\n\t\t\t\t\t\t<span  >\n\t\t\t\t\t\t\tWifi \t\t\t\t\t\t<\/span>\n\t\t\t\t\t<\/h3>\n\t\t\t\t\n\t\t\t\t\n\t\t\t<\/div>\n\t\t\t\n\t\t<\/div>\n\t\t\t\t\t\t<\/div>\n\t\t\t\t<\/div>\n\t\t\t\t<\/div>\n\t\t\t\t\t<\/div>\n\t\t\t\t<\/div>\n\t\t<div class=\"elementor-element elementor-element-39464fa e-con-full e-flex e-con e-parent\" data-id=\"39464fa\" data-element_type=\"container\" data-e-type=\"container\" data-settings=\"{&quot;background_background&quot;:&quot;classic&quot;}\">\n\t\t<div class=\"elementor-element elementor-element-60d270f e-con-full e-flex e-con e-child\" data-id=\"60d270f\" data-element_type=\"container\" data-e-type=\"container\" data-settings=\"{&quot;background_background&quot;:&quot;classic&quot;}\">\n\t\t\t\t<div class=\"elementor-element elementor-element-7806e98 elementor-widget elementor-widget-heading\" data-id=\"7806e98\" data-element_type=\"widget\" data-e-type=\"widget\" data-widget_type=\"heading.default\">\n\t\t\t\t<div class=\"elementor-widget-container\">\n\t\t\t\t\t<h2 class=\"elementor-heading-title elementor-size-default\">La Finca<\/h2>\t\t\t\t<\/div>\n\t\t\t\t<\/div>\n\t\t\t\t<div class=\"elementor-element elementor-element-6ef94da elementor-widget-divider--view-line elementor-widget elementor-widget-divider\" data-id=\"6ef94da\" data-element_type=\"widget\" data-e-type=\"widget\" data-widget_type=\"divider.default\">\n\t\t\t\t<div class=\"elementor-widget-container\">\n\t\t\t\t\t\t\t<div class=\"elementor-divider\">\n\t\t\t<span class=\"elementor-divider-separator\">\n\t\t\t\t\t\t<\/span>\n\t\t<\/div>\n\t\t\t\t\t\t<\/div>\n\t\t\t\t<\/div>\n\t\t\t\t<div class=\"elementor-element elementor-element-77ea9f2 elementor-widget elementor-widget-heading\" data-id=\"77ea9f2\" data-element_type=\"widget\" data-e-type=\"widget\" data-widget_type=\"heading.default\">\n\t\t\t\t<div class=\"elementor-widget-container\">\n\t\t\t\t\t<h3 class=\"elementor-heading-title elementor-size-default\">Great spaces, great moments<\/h3>\t\t\t\t<\/div>\n\t\t\t\t<\/div>\n\t\t\t\t<div class=\"elementor-element elementor-element-e86f7a3 elementor-widget elementor-widget-text-editor\" data-id=\"e86f7a3\" data-element_type=\"widget\" data-e-type=\"widget\" data-widget_type=\"text-editor.default\">\n\t\t\t\t<div class=\"elementor-widget-container\">\n\t\t\t\t\t\t\t\t\t<p>Our finca offers a variety of native plants and trees, distributed in a harmonious and natural way where you will find enough space to enjoy the natural beauty of the island in a private and relaxed environment, ensuring an unforgettable experience for everyone.<\/p>\t\t\t\t\t\t\t\t<\/div>\n\t\t\t\t<\/div>\n\t\t\t\t<div class=\"elementor-element elementor-element-e795399 elementor-widget elementor-widget-button\" data-id=\"e795399\" data-element_type=\"widget\" data-e-type=\"widget\" data-widget_type=\"button.default\">\n\t\t\t\t<div class=\"elementor-widget-container\">\n\t\t\t\t\t\t\t\t\t<div class=\"elementor-button-wrapper\">\n\t\t\t\t\t<a class=\"elementor-button elementor-button-link elementor-size-sm elementor-animation-pulse\" href=\"https:\/\/booking.agroturismesubies.es\/?code=3457941&#038;lang=en\" target=\"_blank\">\n\t\t\t\t\t\t<span class=\"elementor-button-content-wrapper\">\n\t\t\t\t\t\t\t\t\t<span class=\"elementor-button-text\">BOOK<\/span>\n\t\t\t\t\t<\/span>\n\t\t\t\t\t<\/a>\n\t\t\t\t<\/div>\n\t\t\t\t\t\t\t\t<\/div>\n\t\t\t\t<\/div>\n\t\t\t\t<\/div>\n\t\t<div class=\"elementor-element elementor-element-ff52852 e-con-full e-flex e-con e-child\" data-id=\"ff52852\" data-element_type=\"container\" data-e-type=\"container\" data-settings=\"{&quot;background_background&quot;:&quot;classic&quot;}\">\n\t\t\t\t<div class=\"elementor-element elementor-element-0751fdf elementor-skin-carousel elementor-arrows-yes elementor-pagination-type-bullets elementor-pagination-position-outside elementor-widget elementor-widget-media-carousel\" data-id=\"0751fdf\" data-element_type=\"widget\" data-e-type=\"widget\" data-settings=\"{&quot;slides_per_view&quot;:&quot;3&quot;,&quot;skin&quot;:&quot;carousel&quot;,&quot;effect&quot;:&quot;slide&quot;,&quot;show_arrows&quot;:&quot;yes&quot;,&quot;pagination&quot;:&quot;bullets&quot;,&quot;speed&quot;:500,&quot;autoplay&quot;:&quot;yes&quot;,&quot;autoplay_speed&quot;:5000,&quot;loop&quot;:&quot;yes&quot;,&quot;pause_on_hover&quot;:&quot;yes&quot;,&quot;pause_on_interaction&quot;:&quot;yes&quot;,&quot;space_between&quot;:{&quot;unit&quot;:&quot;px&quot;,&quot;size&quot;:10,&quot;sizes&quot;:[]},&quot;space_between_tablet&quot;:{&quot;unit&quot;:&quot;px&quot;,&quot;size&quot;:10,&quot;sizes&quot;:[]},&quot;space_between_mobile&quot;:{&quot;unit&quot;:&quot;px&quot;,&quot;size&quot;:10,&quot;sizes&quot;:[]}}\" data-widget_type=\"media-carousel.default\">\n\t\t\t\t<div class=\"elementor-widget-container\">\n\t\t\t\t\t\t\t\t\t<div class=\"elementor-swiper\">\n\t\t\t\t\t<div class=\"elementor-main-swiper swiper\" role=\"region\" aria-roledescription=\"carousel\" aria-label=\"Diapositivas\">\n\t\t\t\t<div class=\"swiper-wrapper\">\n\t\t\t\t\t\t\t\t\t\t\t<div class=\"swiper-slide\" role=\"group\" aria-roledescription=\"slide\">\n\t\t\t\t\t\t\t\t\t<div class=\"elementor-carousel-image\" role=\"img\" aria-label=\"flores entorno agroturisme subies\" style=\"background-image: url(&#039;https:\/\/agroturismesubies.es\/en\/wp-content\/uploads\/sites\/3\/flores-entorno-agroturisme-subies.webp&#039;)\">\n\n\t\t\t\n\t\t\t\t\t<\/div>\n\t\t\t\t\t\t\t\t<\/div>\n\t\t\t\t\t\t\t\t\t\t\t<div class=\"swiper-slide\" role=\"group\" aria-roledescription=\"slide\">\n\t\t\t\t\t\t\t\t\t<div class=\"elementor-carousel-image\" role=\"img\" aria-label=\"fachada-desde-lateral-agroturisme-subies\" style=\"background-image: url(&#039;https:\/\/agroturismesubies.es\/en\/wp-content\/uploads\/sites\/3\/fachada-desde-lateral-agroturisme-subies.webp&#039;)\">\n\n\t\t\t\n\t\t\t\t\t<\/div>\n\t\t\t\t\t\t\t\t<\/div>\n\t\t\t\t\t\t\t\t\t\t\t<div class=\"swiper-slide\" role=\"group\" aria-roledescription=\"slide\">\n\t\t\t\t\t\t\t\t\t<div class=\"elementor-carousel-image\" role=\"img\" aria-label=\"patio mesa sillas arbol agroturisme subies\" style=\"background-image: url(&#039;https:\/\/agroturismesubies.es\/en\/wp-content\/uploads\/sites\/3\/patio-mesa-sillas-arbol-agroturisme-subies.webp&#039;)\">\n\n\t\t\t\n\t\t\t\t\t<\/div>\n\t\t\t\t\t\t\t\t<\/div>\n\t\t\t\t\t\t\t\t\t\t\t<div class=\"swiper-slide\" role=\"group\" aria-roledescription=\"slide\">\n\t\t\t\t\t\t\t\t\t<div class=\"elementor-carousel-image\" role=\"img\" aria-label=\"casa-vista-atardecer-entorno-agroturisme-subies\" style=\"background-image: url(&#039;https:\/\/agroturismesubies.es\/en\/wp-content\/uploads\/sites\/3\/casa-vista-atardecer-entorno-agroturisme-subies.webp&#039;)\">\n\n\t\t\t\n\t\t\t\t\t<\/div>\n\t\t\t\t\t\t\t\t<\/div>\n\t\t\t\t\t\t\t\t\t\t\t<div class=\"swiper-slide\" role=\"group\" aria-roledescription=\"slide\">\n\t\t\t\t\t\t\t\t\t<div class=\"elementor-carousel-image\" role=\"img\" aria-label=\"primer plano arbol piscina piscina agroturisme subies mallorca\" style=\"background-image: url(&#039;https:\/\/agroturismesubies.es\/en\/wp-content\/uploads\/sites\/3\/primer-plano-arbol-piscina-piscina-agroturisme-subies-mallorca.webp&#039;)\">\n\n\t\t\t\n\t\t\t\t\t<\/div>\n\t\t\t\t\t\t\t\t<\/div>\n\t\t\t\t\t\t\t\t\t\t\t<div class=\"swiper-slide\" role=\"group\" aria-roledescription=\"slide\">\n\t\t\t\t\t\t\t\t\t<div class=\"elementor-carousel-image\" role=\"img\" aria-label=\"vista paisaje agroturisme subies\" style=\"background-image: url(&#039;https:\/\/agroturismesubies.es\/en\/wp-content\/uploads\/sites\/3\/vista-paisaje-agroturisme-subies.webp&#039;)\">\n\n\t\t\t\n\t\t\t\t\t<\/div>\n\t\t\t\t\t\t\t\t<\/div>\n\t\t\t\t\t\t\t\t\t\t\t<div class=\"swiper-slide\" role=\"group\" aria-roledescription=\"slide\">\n\t\t\t\t\t\t\t\t\t<div class=\"elementor-carousel-image\" role=\"img\" aria-label=\"detalle flores rojas agroturisme subies\" style=\"background-image: url(&#039;https:\/\/agroturismesubies.es\/en\/wp-content\/uploads\/sites\/3\/detalle-flores-rojas-agroturisme-subies.webp&#039;)\">\n\n\t\t\t\n\t\t\t\t\t<\/div>\n\t\t\t\t\t\t\t\t<\/div>\n\t\t\t\t\t\t\t\t\t\t\t<div class=\"swiper-slide\" role=\"group\" aria-roledescription=\"slide\">\n\t\t\t\t\t\t\t\t\t<div class=\"elementor-carousel-image\" role=\"img\" aria-label=\"vista interior piscina piscina agroturisme subies mallorca\" style=\"background-image: url(&#039;https:\/\/agroturismesubies.es\/en\/wp-content\/uploads\/sites\/3\/vista-interior-piscina-piscina-agroturisme-subies-mallorca.webp&#039;)\">\n\n\t\t\t\n\t\t\t\t\t<\/div>\n\t\t\t\t\t\t\t\t<\/div>\n\t\t\t\t\t\t\t\t\t<\/div>\n\t\t\t\t\t\t\t\t\t\t\t\t\t\t\t<div class=\"elementor-swiper-button elementor-swiper-button-prev\" role=\"button\" tabindex=\"0\" aria-label=\"Anterior\">\n\t\t\t\t\t\t\t<svg aria-hidden=\"true\" class=\"e-font-icon-svg e-eicon-chevron-left\" viewBox=\"0 0 1000 1000\" xmlns=\"http:\/\/www.w3.org\/2000\/svg\"><path d=\"M646 125C629 125 613 133 604 142L308 442C296 454 292 471 292 487 292 504 296 521 308 533L604 854C617 867 629 875 646 875 663 875 679 871 692 858 704 846 713 829 713 812 713 796 708 779 692 767L438 487 692 225C700 217 708 204 708 187 708 171 704 154 692 142 675 129 663 125 646 125Z\"><\/path><\/svg>\t\t\t\t\t\t<\/div>\n\t\t\t\t\t\t<div class=\"elementor-swiper-button elementor-swiper-button-next\" role=\"button\" tabindex=\"0\" aria-label=\"Siguiente\">\n\t\t\t\t\t\t\t<svg aria-hidden=\"true\" class=\"e-font-icon-svg e-eicon-chevron-right\" viewBox=\"0 0 1000 1000\" xmlns=\"http:\/\/www.w3.org\/2000\/svg\"><path d=\"M696 533C708 521 713 504 713 487 713 471 708 454 696 446L400 146C388 133 375 125 354 125 338 125 325 129 313 142 300 154 292 171 292 187 292 204 296 221 308 233L563 492 304 771C292 783 288 800 288 817 288 833 296 850 308 863 321 871 338 875 354 875 371 875 388 867 400 854L696 533Z\"><\/path><\/svg>\t\t\t\t\t\t<\/div>\n\t\t\t\t\t\t\t\t\t\t\t\t\t\t\t\t<div class=\"swiper-pagination\"><\/div>\n\t\t\t\t\t\t\t\t\t\t\t\t<\/div>\n\t\t\t\t<\/div>\n\t\t\t\t\t\t\t\t<\/div>\n\t\t\t\t<\/div>\n\t\t\t\t<\/div>\n\t\t\t\t<\/div>\n\t\t<div class=\"elementor-element elementor-element-8a7a97a e-con-full e-flex e-con e-parent\" data-id=\"8a7a97a\" data-element_type=\"container\" data-e-type=\"container\" data-settings=\"{&quot;background_background&quot;:&quot;classic&quot;}\">\n\t\t<div class=\"elementor-element elementor-element-dfe5db7 e-con-full animated-slow e-flex elementor-invisible e-con e-child\" data-id=\"dfe5db7\" data-element_type=\"container\" data-e-type=\"container\" data-settings=\"{&quot;background_background&quot;:&quot;classic&quot;,&quot;animation&quot;:&quot;fadeInRight&quot;,&quot;animation_delay&quot;:300}\">\n\t\t\t\t<div class=\"elementor-element elementor-element-f64cd9f elementor-widget elementor-widget-heading\" data-id=\"f64cd9f\" data-element_type=\"widget\" data-e-type=\"widget\" data-widget_type=\"heading.default\">\n\t\t\t\t<div class=\"elementor-widget-container\">\n\t\t\t\t\t<h2 class=\"elementor-heading-title elementor-size-default\">Our environment<\/h2>\t\t\t\t<\/div>\n\t\t\t\t<\/div>\n\t\t\t\t<div class=\"elementor-element elementor-element-a764af4 elementor-widget-divider--view-line elementor-widget elementor-widget-divider\" data-id=\"a764af4\" data-element_type=\"widget\" data-e-type=\"widget\" data-widget_type=\"divider.default\">\n\t\t\t\t<div class=\"elementor-widget-container\">\n\t\t\t\t\t\t\t<div class=\"elementor-divider\">\n\t\t\t<span class=\"elementor-divider-separator\">\n\t\t\t\t\t\t<\/span>\n\t\t<\/div>\n\t\t\t\t\t\t<\/div>\n\t\t\t\t<\/div>\n\t\t\t\t<div class=\"elementor-element elementor-element-ec0d388 elementor-widget elementor-widget-text-editor\" data-id=\"ec0d388\" data-element_type=\"widget\" data-e-type=\"widget\" data-widget_type=\"text-editor.default\">\n\t\t\t\t<div class=\"elementor-widget-container\">\n\t\t\t\t\t\t\t\t\tAgroturisme Subies is located in the northern region of the <strong>Serra de Tramuntana<\/strong>, a mountain range declared a <strong>World Heritage Site<\/strong> by UNESCO. Guests can enjoy hiking trails along the picturesque paths of the mountain range.\t\t\t\t\t\t\t\t<\/div>\n\t\t\t\t<\/div>\n\t\t\t\t<div class=\"elementor-element elementor-element-573d2f0 elementor-widget elementor-widget-button\" data-id=\"573d2f0\" data-element_type=\"widget\" data-e-type=\"widget\" data-widget_type=\"button.default\">\n\t\t\t\t<div class=\"elementor-widget-container\">\n\t\t\t\t\t\t\t\t\t<div class=\"elementor-button-wrapper\">\n\t\t\t\t\t<a class=\"elementor-button elementor-button-link elementor-size-sm elementor-animation-pulse\" href=\"https:\/\/agroturismesubies.es\/en\/environment-agroturisme-subies-in-mallorca\/\">\n\t\t\t\t\t\t<span class=\"elementor-button-content-wrapper\">\n\t\t\t\t\t\t\t\t\t<span class=\"elementor-button-text\">LEARN MORE<\/span>\n\t\t\t\t\t<\/span>\n\t\t\t\t\t<\/a>\n\t\t\t\t<\/div>\n\t\t\t\t\t\t\t\t<\/div>\n\t\t\t\t<\/div>\n\t\t\t\t<\/div>\n\t\t\t\t<\/div>\n\t\t<div class=\"elementor-element elementor-element-3622fda e-flex e-con-boxed e-con e-parent\" data-id=\"3622fda\" data-element_type=\"container\" data-e-type=\"container\">\n\t\t\t\t\t<div class=\"e-con-inner\">\n\t\t\t\t<div class=\"elementor-element elementor-element-43c247c elementor-arrows-yes elementor-pagination-type-bullets elementor-review--has-separator elementor--star-style-star_fontawesome elementor-widget elementor-widget-reviews\" data-id=\"43c247c\" data-element_type=\"widget\" data-e-type=\"widget\" data-settings=\"{&quot;slides_per_view&quot;:&quot;3&quot;,&quot;space_between&quot;:{&quot;unit&quot;:&quot;px&quot;,&quot;size&quot;:30,&quot;sizes&quot;:[]},&quot;show_arrows&quot;:&quot;yes&quot;,&quot;pagination&quot;:&quot;bullets&quot;,&quot;speed&quot;:500,&quot;autoplay&quot;:&quot;yes&quot;,&quot;autoplay_speed&quot;:5000,&quot;loop&quot;:&quot;yes&quot;,&quot;pause_on_hover&quot;:&quot;yes&quot;,&quot;pause_on_interaction&quot;:&quot;yes&quot;,&quot;space_between_tablet&quot;:{&quot;unit&quot;:&quot;px&quot;,&quot;size&quot;:10,&quot;sizes&quot;:[]},&quot;space_between_mobile&quot;:{&quot;unit&quot;:&quot;px&quot;,&quot;size&quot;:10,&quot;sizes&quot;:[]}}\" data-widget_type=\"reviews.default\">\n\t\t\t\t<div class=\"elementor-widget-container\">\n\t\t\t\t\t\t\t\t\t<div class=\"elementor-swiper\">\n\t\t\t\t\t<div class=\"elementor-main-swiper swiper\" role=\"region\" aria-roledescription=\"carousel\" aria-label=\"Diapositivas\">\n\t\t\t\t<div class=\"swiper-wrapper\">\n\t\t\t\t\t\t\t\t\t\t\t<div class=\"swiper-slide\" role=\"group\" aria-roledescription=\"slide\">\n\t\t\t\t\t\t\t\t\t<div class=\"elementor-testimonial elementor-repeater-item-59ef589\">\n\t\t\t\t\t\t\t<div class=\"elementor-testimonial__header\">\n\t\t\t\t\t\t\t\t\t\t\t<div class=\"elementor-testimonial__image\">\n\t\t\t\t\t\t\t<img decoding=\"async\" src=\"https:\/\/agroturismesubies.es\/en\/wp-content\/uploads\/sites\/3\/google-svgrepo-com.svg\" alt=\"Rodrigo Esp\u00f3sito\">\n\t\t\t\t\t\t\t\t\t\t\t\t\t<\/div>\n\t\t\t\t\t\t\t\t\t\t<cite class=\"elementor-testimonial__cite\"><span class=\"elementor-testimonial__name\">Rodrigo Esp\u00f3sito<\/span><\/cite>\t\t\t\t\t<div class=\"elementor-testimonial__icon elementor-icon elementor-icon-\" aria-label=\"Leer m\u00e1s\"><\/div>\t\t\t\t<\/div>\n\t\t\t\t\t\t\t\t\t\t<div class=\"elementor-testimonial__content\">\n\t\t\t\t\t<div class=\"elementor-testimonial__text\">\n\t\t\t\t\t\tVinimos a pasar un d\u00eda a la casa de Juan y fue inmejorable! He ido a muchos hoteles rurales y este es sin duda de los m\u00e1s puros que he visitado, para empezar lo mejor de todo fue Juan, un excelente anfitri\u00f3n, siempre pendiente que no te falte nada, luego las instalaciones, est\u00e1 todo hecho a nuevo con un estilo que mezcla la modernidad con la historia de Juan, todo el mobiliario es de aquellos a\u00f1os, se nota las medas antiguas y todo lo que tenia en su finca de cuando era peque\u00f1o, mesas, sillas, hasta un Fiat 600 de cuando era joven. Con respecto al desayuno me dejo sin palabras, se nota el producto fresco y rico! El mismo va a buscar el pan reci\u00e9n horneado en su Vespa! 100% recomendado\t\t\t\t\t<\/div>\n\t\t\t\t<\/div>\n\t\t\t\t\t<\/div>\n\t\t\t\t\t\t\t\t<\/div>\n\t\t\t\t\t\t\t\t\t\t\t<div class=\"swiper-slide\" role=\"group\" aria-roledescription=\"slide\">\n\t\t\t\t\t\t\t\t\t<div class=\"elementor-testimonial elementor-repeater-item-81cc8ac\">\n\t\t\t\t\t\t\t<div class=\"elementor-testimonial__header\">\n\t\t\t\t\t\t\t\t\t\t\t<div class=\"elementor-testimonial__image\">\n\t\t\t\t\t\t\t<img decoding=\"async\" src=\"https:\/\/agroturismesubies.es\/en\/wp-content\/uploads\/sites\/3\/bookingcom-1.svg\" alt=\"Soler\">\n\t\t\t\t\t\t\t\t\t\t\t\t\t<\/div>\n\t\t\t\t\t\t\t\t\t\t<cite class=\"elementor-testimonial__cite\"><span class=\"elementor-testimonial__name\">Soler<\/span><\/cite>\t\t\t\t\t<div class=\"elementor-testimonial__icon elementor-icon elementor-icon-\" aria-label=\"Leer m\u00e1s\"><\/div>\t\t\t\t<\/div>\n\t\t\t\t\t\t\t\t\t\t<div class=\"elementor-testimonial__content\">\n\t\t\t\t\t<div class=\"elementor-testimonial__text\">\n\t\t\t\t\t\tunas instalaciones impecables, limpieza excepcional y sobre todo, una incre\u00edble integraci\u00f3n entre lo\nantiguo con toques modernos , pero siempre guardando la comodidad.\nLa ubicaci\u00f3n a los pies de la Serra de Tramontana crea un paisaje incre\u00edble, y las vistas de media Mallorca hasta la Bah\u00eda de Alcudia hacen el resto.\nY sobre todo muchas zonas comunes que muchas veces faltan en estos establecimientos, para cenar tranquilamente, o simplemente pasar el rato con un libro al lado de la chimenea.\t\t\t\t\t<\/div>\n\t\t\t\t<\/div>\n\t\t\t\t\t<\/div>\n\t\t\t\t\t\t\t\t<\/div>\n\t\t\t\t\t\t\t\t\t\t\t<div class=\"swiper-slide\" role=\"group\" aria-roledescription=\"slide\">\n\t\t\t\t\t\t\t\t\t<div class=\"elementor-testimonial elementor-repeater-item-0ab7dfc\">\n\t\t\t\t\t\t\t<div class=\"elementor-testimonial__header\">\n\t\t\t\t\t\t\t\t\t\t\t<div class=\"elementor-testimonial__image\">\n\t\t\t\t\t\t\t<img decoding=\"async\" src=\"https:\/\/agroturismesubies.es\/en\/wp-content\/uploads\/sites\/3\/google-svgrepo-com.svg\" alt=\"Luna Camacho\">\n\t\t\t\t\t\t\t\t\t\t\t\t\t<\/div>\n\t\t\t\t\t\t\t\t\t\t<cite class=\"elementor-testimonial__cite\"><span class=\"elementor-testimonial__name\">Luna Camacho<\/span><\/cite>\t\t\t\t\t<div class=\"elementor-testimonial__icon elementor-icon elementor-icon-\" aria-label=\"Leer m\u00e1s\"><\/div>\t\t\t\t<\/div>\n\t\t\t\t\t\t\t\t\t\t<div class=\"elementor-testimonial__content\">\n\t\t\t\t\t<div class=\"elementor-testimonial__text\">\n\t\t\t\t\t\tEl sitio es de ensue\u00f1o, la decoraci\u00f3n es preciosa y la cercan\u00eda del hu\u00e9sped es inigualable. El desayuno est\u00e1 genial, boller\u00eda de calidad y los animales de la finca te acompa\u00f1an mientras comes. Much\u00edsimas gracias Joan por las recomendaciones y hacernos la estancia tan f\u00e1cil y agradable!\t\t\t\t\t<\/div>\n\t\t\t\t<\/div>\n\t\t\t\t\t<\/div>\n\t\t\t\t\t\t\t\t<\/div>\n\t\t\t\t\t\t\t\t\t\t\t<div class=\"swiper-slide\" role=\"group\" aria-roledescription=\"slide\">\n\t\t\t\t\t\t\t\t\t<div class=\"elementor-testimonial elementor-repeater-item-9feecf8\">\n\t\t\t\t\t\t\t<div class=\"elementor-testimonial__header\">\n\t\t\t\t\t\t\t\t\t\t\t<div class=\"elementor-testimonial__image\">\n\t\t\t\t\t\t\t<img decoding=\"async\" src=\"https:\/\/agroturismesubies.es\/en\/wp-content\/uploads\/sites\/3\/google-svgrepo-com.svg\" alt=\"Georg Dehio\">\n\t\t\t\t\t\t\t\t\t\t\t\t\t<\/div>\n\t\t\t\t\t\t\t\t\t\t<cite class=\"elementor-testimonial__cite\"><span class=\"elementor-testimonial__name\">Georg Dehio<\/span><\/cite>\t\t\t\t\t<div class=\"elementor-testimonial__icon elementor-icon elementor-icon-\" aria-label=\"Leer m\u00e1s\"><\/div>\t\t\t\t<\/div>\n\t\t\t\t\t\t\t\t\t\t<div class=\"elementor-testimonial__content\">\n\t\t\t\t\t<div class=\"elementor-testimonial__text\">\n\t\t\t\t\t\t\u00a1Un lugar absolutamente fant\u00e1stico con pura hospitalidad! El alojamiento y la ubicaci\u00f3n son perfectos y desayunar en la finca es un placer cuando hace buen tiempo.\nJuan tiene muchas recomendaciones valiosas para excelentes actividades en la esquina.\nVale la pena visitarlo en cualquier momento.\t\t\t\t\t<\/div>\n\t\t\t\t<\/div>\n\t\t\t\t\t<\/div>\n\t\t\t\t\t\t\t\t<\/div>\n\t\t\t\t\t\t\t\t\t\t\t<div class=\"swiper-slide\" role=\"group\" aria-roledescription=\"slide\">\n\t\t\t\t\t\t\t\t\t<div class=\"elementor-testimonial elementor-repeater-item-582b4e9\">\n\t\t\t\t\t\t\t<div class=\"elementor-testimonial__header\">\n\t\t\t\t\t\t\t\t\t\t\t<div class=\"elementor-testimonial__image\">\n\t\t\t\t\t\t\t<img decoding=\"async\" src=\"https:\/\/agroturismesubies.es\/en\/wp-content\/uploads\/sites\/3\/google-svgrepo-com.svg\" alt=\"Daniel Quackii\">\n\t\t\t\t\t\t\t\t\t\t\t\t\t<\/div>\n\t\t\t\t\t\t\t\t\t\t<cite class=\"elementor-testimonial__cite\"><span class=\"elementor-testimonial__name\">Daniel Quackii<\/span><\/cite>\t\t\t\t\t<div class=\"elementor-testimonial__icon elementor-icon elementor-icon-\" aria-label=\"Leer m\u00e1s\"><\/div>\t\t\t\t<\/div>\n\t\t\t\t\t\t\t\t\t\t<div class=\"elementor-testimonial__content\">\n\t\t\t\t\t<div class=\"elementor-testimonial__text\">\n\t\t\t\t\t\t(Traducido por Google) Juan es un cari\u00f1oso due\u00f1o de hotel donde se nota inmediatamente que para \u00e9l es muy importante que sus hu\u00e9spedes se sientan c\u00f3modos con \u00e9l. Las habitaciones se limpian a diario con un nivel muy alto. El desayuno es rico y muy sabroso. Un hermoso hotel que invita a relajarse. \u00a1Podemos recomendarlo altamente!\t\t\t\t\t<\/div>\n\t\t\t\t<\/div>\n\t\t\t\t\t<\/div>\n\t\t\t\t\t\t\t\t<\/div>\n\t\t\t\t\t\t\t\t\t\t\t<div class=\"swiper-slide\" role=\"group\" aria-roledescription=\"slide\">\n\t\t\t\t\t\t\t\t\t<div class=\"elementor-testimonial elementor-repeater-item-f8d8658\">\n\t\t\t\t\t\t\t<div class=\"elementor-testimonial__header\">\n\t\t\t\t\t\t\t\t\t\t\t<div class=\"elementor-testimonial__image\">\n\t\t\t\t\t\t\t<img decoding=\"async\" src=\"https:\/\/agroturismesubies.es\/en\/wp-content\/uploads\/sites\/3\/bookingcom-1.svg\" alt=\"Judith\">\n\t\t\t\t\t\t\t\t\t\t\t\t\t<\/div>\n\t\t\t\t\t\t\t\t\t\t<cite class=\"elementor-testimonial__cite\"><span class=\"elementor-testimonial__name\">Judith<\/span><\/cite>\t\t\t\t\t<div class=\"elementor-testimonial__icon elementor-icon elementor-icon-\" aria-label=\"Leer m\u00e1s\"><\/div>\t\t\t\t<\/div>\n\t\t\t\t\t\t\t\t\t\t<div class=\"elementor-testimonial__content\">\n\t\t\t\t\t<div class=\"elementor-testimonial__text\">\n\t\t\t\t\t\tNos gust\u00f3 absolutamente TODO.\nUna localizaci\u00f3n m\u00e1gica, tranquila y especial. Joan, el due\u00f1o, fue encantador con nosotros. Amable, atento y volcado en que tuvi\u00e9ramos la mejor y m\u00e1s aut\u00e9ntica experiencia, compartiendo con nosotros los mejores tesoros de la isla.\nLa decoraci\u00f3n de la casa es maravillosa, hecha con much\u00edsimo gusto, con un toque moderno pero respetando la estructura y esencial original de la finca. Estaba todo limp\u00edsimo y nos trataron como a reyes, incluyendo el desayuno, con los productos m\u00e1s t\u00edpicos de Mallorca!\t\t\t\t\t<\/div>\n\t\t\t\t<\/div>\n\t\t\t\t\t<\/div>\n\t\t\t\t\t\t\t\t<\/div>\n\t\t\t\t\t\t\t\t\t\t\t<div class=\"swiper-slide\" role=\"group\" aria-roledescription=\"slide\">\n\t\t\t\t\t\t\t\t\t<div class=\"elementor-testimonial elementor-repeater-item-c09150f\">\n\t\t\t\t\t\t\t<div class=\"elementor-testimonial__header\">\n\t\t\t\t\t\t\t\t\t\t\t<div class=\"elementor-testimonial__image\">\n\t\t\t\t\t\t\t<img decoding=\"async\" src=\"https:\/\/agroturismesubies.es\/en\/wp-content\/uploads\/sites\/3\/google-svgrepo-com.svg\" alt=\"AmDon I Az (ADAmods)\">\n\t\t\t\t\t\t\t\t\t\t\t\t\t<\/div>\n\t\t\t\t\t\t\t\t\t\t<cite class=\"elementor-testimonial__cite\"><span class=\"elementor-testimonial__name\">AmDon I Az (ADAmods)<\/span><\/cite>\t\t\t\t\t<div class=\"elementor-testimonial__icon elementor-icon elementor-icon-\" aria-label=\"Leer m\u00e1s\"><\/div>\t\t\t\t<\/div>\n\t\t\t\t\t\t\t\t\t\t<div class=\"elementor-testimonial__content\">\n\t\t\t\t\t<div class=\"elementor-testimonial__text\">\n\t\t\t\t\t\t(Traducido por Google) Un retiro m\u00e1gico en la naturaleza, regentado por Juan. Un anfitri\u00f3n amable que consigue que la estancia de cada hu\u00e9sped sea tan c\u00f3moda que inmediatamente se sienta como en casa. El antiguo edificio cuidadosamente restaurado combina h\u00e1bilmente el encanto tradicional con el confort moderno. La escena matutina con gatos y gallinas retozando alrededor de la mesa del desayuno aporta a la estancia un toque especialmente hogare\u00f1o. Un lugar donde la historia se encuentra con la hospitalidad: \u00a1muy recomendable!\t\t\t\t\t<\/div>\n\t\t\t\t<\/div>\n\t\t\t\t\t<\/div>\n\t\t\t\t\t\t\t\t<\/div>\n\t\t\t\t\t\t\t\t\t\t\t<div class=\"swiper-slide\" role=\"group\" aria-roledescription=\"slide\">\n\t\t\t\t\t\t\t\t\t<div class=\"elementor-testimonial elementor-repeater-item-41dd4c5\">\n\t\t\t\t\t\t\t<div class=\"elementor-testimonial__header\">\n\t\t\t\t\t\t\t\t\t\t\t<div class=\"elementor-testimonial__image\">\n\t\t\t\t\t\t\t<img decoding=\"async\" src=\"https:\/\/agroturismesubies.es\/en\/wp-content\/uploads\/sites\/3\/google-svgrepo-com.svg\" alt=\"Stephanie Rojas\">\n\t\t\t\t\t\t\t\t\t\t\t\t\t<\/div>\n\t\t\t\t\t\t\t\t\t\t<cite class=\"elementor-testimonial__cite\"><span class=\"elementor-testimonial__name\">Stephanie Rojas<\/span><\/cite>\t\t\t\t\t<div class=\"elementor-testimonial__icon elementor-icon elementor-icon-\" aria-label=\"Leer m\u00e1s\"><\/div>\t\t\t\t<\/div>\n\t\t\t\t\t\t\t\t\t\t<div class=\"elementor-testimonial__content\">\n\t\t\t\t\t<div class=\"elementor-testimonial__text\">\n\t\t\t\t\t\t(Traducido por Google) \u00a1Casa de campo restaurada de ensue\u00f1o centenaria! Propiedad digna de la revista House and Home y de s\u00faper alta tecnolog\u00eda. Gran desayuno y muy bien situado para explorar la isla. \u00a1Juan es un anfitri\u00f3n muy c\u00e1lido y hospitalario!\t\t\t\t\t<\/div>\n\t\t\t\t<\/div>\n\t\t\t\t\t<\/div>\n\t\t\t\t\t\t\t\t<\/div>\n\t\t\t\t\t\t\t\t\t\t\t<div class=\"swiper-slide\" role=\"group\" aria-roledescription=\"slide\">\n\t\t\t\t\t\t\t\t\t<div class=\"elementor-testimonial elementor-repeater-item-57f1d30\">\n\t\t\t\t\t\t\t<div class=\"elementor-testimonial__header\">\n\t\t\t\t\t\t\t\t\t\t\t<div class=\"elementor-testimonial__image\">\n\t\t\t\t\t\t\t<img decoding=\"async\" src=\"https:\/\/agroturismesubies.es\/en\/wp-content\/uploads\/sites\/3\/bookingcom-1.svg\" alt=\"Miriam\">\n\t\t\t\t\t\t\t\t\t\t\t\t\t<\/div>\n\t\t\t\t\t\t\t\t\t\t<cite class=\"elementor-testimonial__cite\"><span class=\"elementor-testimonial__name\">Miriam<\/span><\/cite>\t\t\t\t\t<div class=\"elementor-testimonial__icon elementor-icon elementor-icon-\" aria-label=\"Leer m\u00e1s\"><\/div>\t\t\t\t<\/div>\n\t\t\t\t\t\t\t\t\t\t<div class=\"elementor-testimonial__content\">\n\t\t\t\t\t<div class=\"elementor-testimonial__text\">\n\t\t\t\t\t\t\u201cZona tranquila, lejos del ruido de la cuidad. Habitaciones hermosas y un desayuno exquisito. Joan es un 10. Super amable y siempre ayudando en todo lo que necesitas\u201d\t\t\t\t\t<\/div>\n\t\t\t\t<\/div>\n\t\t\t\t\t<\/div>\n\t\t\t\t\t\t\t\t<\/div>\n\t\t\t\t\t\t\t\t\t\t\t<div class=\"swiper-slide\" role=\"group\" aria-roledescription=\"slide\">\n\t\t\t\t\t\t\t\t\t<div class=\"elementor-testimonial elementor-repeater-item-e7cbe36\">\n\t\t\t\t\t\t\t<div class=\"elementor-testimonial__header\">\n\t\t\t\t\t\t\t\t\t\t\t<div class=\"elementor-testimonial__image\">\n\t\t\t\t\t\t\t<img decoding=\"async\" src=\"https:\/\/agroturismesubies.es\/en\/wp-content\/uploads\/sites\/3\/google-svgrepo-com.svg\" alt=\"Carolina Bottazzi\">\n\t\t\t\t\t\t\t\t\t\t\t\t\t<\/div>\n\t\t\t\t\t\t\t\t\t\t<cite class=\"elementor-testimonial__cite\"><span class=\"elementor-testimonial__name\">Carolina Bottazzi<\/span><\/cite>\t\t\t\t\t<div class=\"elementor-testimonial__icon elementor-icon elementor-icon-\" aria-label=\"Leer m\u00e1s\"><\/div>\t\t\t\t<\/div>\n\t\t\t\t\t\t\t\t\t\t<div class=\"elementor-testimonial__content\">\n\t\t\t\t\t<div class=\"elementor-testimonial__text\">\n\t\t\t\t\t\t(Traducido por Google) Estructura completamente renovada, con atenci\u00f3n al m\u00e1s m\u00ednimo detalle, \u00a1perfecta! Los espacios comunes internos y externos, las habitaciones, todo es nuevo y extremadamente limpio. El propietario se ha convertido en un punto de referencia para nosotros en Mallorca, se puso a su entera disposici\u00f3n para dejarnos vivir la isla plenamente. Es un lugar de paz rodeado de vegetaci\u00f3n y al mismo tiempo un punto de partida perfecto para visitar Mallorca.\t\t\t\t\t<\/div>\n\t\t\t\t<\/div>\n\t\t\t\t\t<\/div>\n\t\t\t\t\t\t\t\t<\/div>\n\t\t\t\t\t\t\t\t\t\t\t<div class=\"swiper-slide\" role=\"group\" aria-roledescription=\"slide\">\n\t\t\t\t\t\t\t\t\t<div class=\"elementor-testimonial elementor-repeater-item-262ed9e\">\n\t\t\t\t\t\t\t<div class=\"elementor-testimonial__header\">\n\t\t\t\t\t\t\t\t\t\t\t<div class=\"elementor-testimonial__image\">\n\t\t\t\t\t\t\t<img decoding=\"async\" src=\"https:\/\/agroturismesubies.es\/en\/wp-content\/uploads\/sites\/3\/google-svgrepo-com.svg\" alt=\"Samuel B\">\n\t\t\t\t\t\t\t\t\t\t\t\t\t<\/div>\n\t\t\t\t\t\t\t\t\t\t<cite class=\"elementor-testimonial__cite\"><span class=\"elementor-testimonial__name\">Samuel B<\/span><\/cite>\t\t\t\t\t<div class=\"elementor-testimonial__icon elementor-icon elementor-icon-\" aria-label=\"Leer m\u00e1s\"><\/div>\t\t\t\t<\/div>\n\t\t\t\t\t\t\t\t\t\t<div class=\"elementor-testimonial__content\">\n\t\t\t\t\t<div class=\"elementor-testimonial__text\">\n\t\t\t\t\t\t(Traducido por Google) Este es, con diferencia, uno de los mejores lugares para alojarse en Mallorca. El anfitri\u00f3n fue excepcional y el edificio donde me aloj\u00e9 era exquisito y simplemente hermoso.\nMis amigos y yo llegamos a un restaurante local para cenar y descubrimos que estaban completamente llenos y no pod\u00edan invitarnos a cenar. Casualmente estaba all\u00ed el anfitri\u00f3n del hotel con su familia, e insisti\u00f3 en que tom\u00e1ramos su reserva para que nuestro grupo pudiera comer.\nSi quieres una estancia aut\u00e9ntica y c\u00e1lida en Mallorca, \u00a1este es el lugar para hacerlo!\t\t\t\t\t<\/div>\n\t\t\t\t<\/div>\n\t\t\t\t\t<\/div>\n\t\t\t\t\t\t\t\t<\/div>\n\t\t\t\t\t\t\t\t\t\t\t<div class=\"swiper-slide\" role=\"group\" aria-roledescription=\"slide\">\n\t\t\t\t\t\t\t\t\t<div class=\"elementor-testimonial elementor-repeater-item-4e19225\">\n\t\t\t\t\t\t\t<div class=\"elementor-testimonial__header\">\n\t\t\t\t\t\t\t\t\t\t\t<div class=\"elementor-testimonial__image\">\n\t\t\t\t\t\t\t<img decoding=\"async\" src=\"https:\/\/agroturismesubies.es\/en\/wp-content\/uploads\/sites\/3\/bookingcom-1.svg\" alt=\"Carlos\">\n\t\t\t\t\t\t\t\t\t\t\t\t\t<\/div>\n\t\t\t\t\t\t\t\t\t\t<cite class=\"elementor-testimonial__cite\"><span class=\"elementor-testimonial__name\">Carlos<\/span><\/cite>\t\t\t\t\t<div class=\"elementor-testimonial__icon elementor-icon elementor-icon-\" aria-label=\"Leer m\u00e1s\"><\/div>\t\t\t\t<\/div>\n\t\t\t\t\t\t\t\t\t\t<div class=\"elementor-testimonial__content\">\n\t\t\t\t\t<div class=\"elementor-testimonial__text\">\n\t\t\t\t\t\t\u201cEl desayuno es verdaderamente excepcional y se acomoda a todos los gustos. Las instalaciones, amplias y el propietario de servicial y de excelente trato. En suma, puedo calificar a la relacion calidad\/precio de excelente.\u201d\t\t\t\t\t<\/div>\n\t\t\t\t<\/div>\n\t\t\t\t\t<\/div>\n\t\t\t\t\t\t\t\t<\/div>\n\t\t\t\t\t\t\t\t\t<\/div>\n\t\t\t\t\t\t\t\t\t\t\t\t\t\t\t<div class=\"elementor-swiper-button elementor-swiper-button-prev\" role=\"button\" tabindex=\"0\" aria-label=\"Anterior\">\n\t\t\t\t\t\t\t<svg aria-hidden=\"true\" class=\"e-font-icon-svg e-eicon-chevron-left\" viewBox=\"0 0 1000 1000\" xmlns=\"http:\/\/www.w3.org\/2000\/svg\"><path d=\"M646 125C629 125 613 133 604 142L308 442C296 454 292 471 292 487 292 504 296 521 308 533L604 854C617 867 629 875 646 875 663 875 679 871 692 858 704 846 713 829 713 812 713 796 708 779 692 767L438 487 692 225C700 217 708 204 708 187 708 171 704 154 692 142 675 129 663 125 646 125Z\"><\/path><\/svg>\t\t\t\t\t\t<\/div>\n\t\t\t\t\t\t<div class=\"elementor-swiper-button elementor-swiper-button-next\" role=\"button\" tabindex=\"0\" aria-label=\"Siguiente\">\n\t\t\t\t\t\t\t<svg aria-hidden=\"true\" class=\"e-font-icon-svg e-eicon-chevron-right\" viewBox=\"0 0 1000 1000\" xmlns=\"http:\/\/www.w3.org\/2000\/svg\"><path d=\"M696 533C708 521 713 504 713 487 713 471 708 454 696 446L400 146C388 133 375 125 354 125 338 125 325 129 313 142 300 154 292 171 292 187 292 204 296 221 308 233L563 492 304 771C292 783 288 800 288 817 288 833 296 850 308 863 321 871 338 875 354 875 371 875 388 867 400 854L696 533Z\"><\/path><\/svg>\t\t\t\t\t\t<\/div>\n\t\t\t\t\t\t\t\t\t\t\t\t\t\t\t\t<div class=\"swiper-pagination\"><\/div>\n\t\t\t\t\t\t\t\t\t\t\t\t<\/div>\n\t\t\t\t<\/div>\n\t\t\t\t\t\t\t\t<\/div>\n\t\t\t\t<\/div>\n\t\t\t\t\t<\/div>\n\t\t\t\t<\/div>\n\t\t<div class=\"elementor-element elementor-element-bc710a8 e-flex e-con-boxed e-con e-parent\" data-id=\"bc710a8\" data-element_type=\"container\" data-e-type=\"container\" data-settings=\"{&quot;background_background&quot;:&quot;classic&quot;}\">\n\t\t\t\t\t<div class=\"e-con-inner\">\n\t\t<div class=\"elementor-element elementor-element-39245d8 e-con-full animated-slow e-flex elementor-invisible e-con e-child\" data-id=\"39245d8\" data-element_type=\"container\" data-e-type=\"container\" data-settings=\"{&quot;background_background&quot;:&quot;classic&quot;,&quot;animation&quot;:&quot;fadeInLeft&quot;,&quot;animation_delay&quot;:300}\">\n\t\t\t\t<div class=\"elementor-element elementor-element-288a291 elementor-widget elementor-widget-heading\" data-id=\"288a291\" data-element_type=\"widget\" data-e-type=\"widget\" data-widget_type=\"heading.default\">\n\t\t\t\t<div class=\"elementor-widget-container\">\n\t\t\t\t\t<h4 class=\"elementor-heading-title elementor-size-default\">Why book on our official website?<\/h4>\t\t\t\t<\/div>\n\t\t\t\t<\/div>\n\t\t\t\t<div class=\"elementor-element elementor-element-c5410a9 elementor-widget elementor-widget-text-editor\" data-id=\"c5410a9\" data-element_type=\"widget\" data-e-type=\"widget\" data-widget_type=\"text-editor.default\">\n\t\t\t\t<div class=\"elementor-widget-container\">\n\t\t\t\t\t\t\t\t\t<p>Booking on the official website of Agroturisme Subies ensures the best experience in an authentic rural house in Majorca. Enjoy exclusive offers, the best rate guaranteed and personalised attention. Our country house in the Serra de Tramuntana, a UNESCO World Heritage Site, offers unique hiking routes and an incomparable natural environment. Book directly for an unforgettable stay in Mallorca.<\/p>\t\t\t\t\t\t\t\t<\/div>\n\t\t\t\t<\/div>\n\t\t\t\t<div class=\"elementor-element elementor-element-69ce7f6 elementor-widget elementor-widget-button\" data-id=\"69ce7f6\" data-element_type=\"widget\" data-e-type=\"widget\" data-widget_type=\"button.default\">\n\t\t\t\t<div class=\"elementor-widget-container\">\n\t\t\t\t\t\t\t\t\t<div class=\"elementor-button-wrapper\">\n\t\t\t\t\t<a class=\"elementor-button elementor-button-link elementor-size-sm elementor-animation-pulse\" href=\"https:\/\/booking.agroturismesubies.es\/?code=3457941&#038;lang=en\" target=\"_blank\">\n\t\t\t\t\t\t<span class=\"elementor-button-content-wrapper\">\n\t\t\t\t\t\t\t\t\t<span class=\"elementor-button-text\">BOOK NOW<\/span>\n\t\t\t\t\t<\/span>\n\t\t\t\t\t<\/a>\n\t\t\t\t<\/div>\n\t\t\t\t\t\t\t\t<\/div>\n\t\t\t\t<\/div>\n\t\t\t\t<\/div>\n\t\t\t\t\t<\/div>\n\t\t\t\t<\/div>\n\t\t\t\t<\/div>\n\t\t","protected":false},"excerpt":{"rendered":"<p>Vacational country house in Mallorca AGROTURISME SUBIES, A UNIQUE EXPERIENCE 5% discount with the code BIENVENIDA5 Best price online Guaranteed Book through our official website and get the best price online, guaranteed! Experience the Mallorcan authenticity in Agroturisme Subies A place to rest and disconnect Agroturisme Subies, our charming holiday finca or Mallorcan possessi\u00f3, combines [&hellip;]<\/p>\n","protected":false},"author":1,"featured_media":1270,"parent":0,"menu_order":0,"comment_status":"closed","ping_status":"closed","template":"elementor_header_footer","meta":{"footnotes":""},"class_list":["post-795","page","type-page","status-publish","has-post-thumbnail","hentry"],"_links":{"self":[{"href":"https:\/\/agroturismesubies.es\/en\/wp-json\/wp\/v2\/pages\/795","targetHints":{"allow":["GET"]}}],"collection":[{"href":"https:\/\/agroturismesubies.es\/en\/wp-json\/wp\/v2\/pages"}],"about":[{"href":"https:\/\/agroturismesubies.es\/en\/wp-json\/wp\/v2\/types\/page"}],"author":[{"embeddable":true,"href":"https:\/\/agroturismesubies.es\/en\/wp-json\/wp\/v2\/users\/1"}],"replies":[{"embeddable":true,"href":"https:\/\/agroturismesubies.es\/en\/wp-json\/wp\/v2\/comments?post=795"}],"version-history":[{"count":45,"href":"https:\/\/agroturismesubies.es\/en\/wp-json\/wp\/v2\/pages\/795\/revisions"}],"predecessor-version":[{"id":2242,"href":"https:\/\/agroturismesubies.es\/en\/wp-json\/wp\/v2\/pages\/795\/revisions\/2242"}],"wp:featuredmedia":[{"embeddable":true,"href":"https:\/\/agroturismesubies.es\/en\/wp-json\/wp\/v2\/media\/1270"}],"wp:attachment":[{"href":"https:\/\/agroturismesubies.es\/en\/wp-json\/wp\/v2\/media?parent=795"}],"curies":[{"name":"wp","href":"https:\/\/api.w.org\/{rel}","templated":true}]}}